{"id":200,"date":"2025-02-07T13:06:56","date_gmt":"2025-02-07T12:06:56","guid":{"rendered":"https:\/\/cafetiko.dunakanyaresztetika.hu\/?page_id=200"},"modified":"2025-02-09T19:22:39","modified_gmt":"2025-02-09T18:22:39","slug":"aszf","status":"publish","type":"page","link":"https:\/\/cafetiko.com\/index.php\/hu\/aszf\/","title":{"rendered":"\u00c1ltal\u00e1nos Szerz\u0151d\u00e9si Felt\u00e9telek"},"content":{"rendered":"\t\t<div data-elementor-type=\"wp-page\" data-elementor-id=\"200\" class=\"elementor elementor-200\" data-elementor-post-type=\"page\">\n\t\t\t\t\t\t<section class=\"elementor-section elementor-top-section elementor-element elementor-element-25001dd elementor-section-boxed elementor-section-height-default elementor-section-height-default\" data-id=\"25001dd\" data-element_type=\"section\" data-e-type=\"section\" data-settings=\"{&quot;jet_parallax_layout_list&quot;:[]}\">\n\t\t\t\t\t\t<div class=\"elementor-container elementor-column-gap-default\">\n\t\t\t\t\t<div class=\"elementor-column elementor-col-100 elementor-top-column elementor-element elementor-element-77441ff\" data-id=\"77441ff\" data-element_type=\"column\" data-e-type=\"column\">\n\t\t\t<div class=\"elementor-widget-wrap elementor-element-populated\">\n\t\t\t\t\t\t<div class=\"elementor-element elementor-element-377655c elementor-widget elementor-widget-heading\" data-id=\"377655c\" data-element_type=\"widget\" data-e-type=\"widget\" data-widget_type=\"heading.default\">\n\t\t\t\t<div class=\"elementor-widget-container\">\n\t\t\t\t\t<h1 class=\"elementor-heading-title elementor-size-default\">\u00c1ltal\u00e1nos Szerz\u0151d\u00e9si Felt\u00e9telek<\/h1>\t\t\t\t<\/div>\n\t\t\t\t<\/div>\n\t\t\t\t<div class=\"elementor-element elementor-element-56afd18 elementor-widget elementor-widget-text-editor\" data-id=\"56afd18\" data-element_type=\"widget\" data-e-type=\"widget\" data-widget_type=\"text-editor.default\">\n\t\t\t\t<div class=\"elementor-widget-container\">\n\t\t\t\t\t\t\t\t\t<p style=\"text-align: justify; line-height: normal;\"><span style=\"font-size: 12.0pt; mso-ascii-font-family: Calibri; mso-fareast-font-family: 'Times New Roman'; mso-hansi-font-family: Calibri; mso-bidi-font-family: Calibri; color: #4f5155; mso-ansi-language: HU;\">Jelen dokumentum nem ker\u00fcl iktat\u00e1sra, kiz\u00e1r\u00f3lag elektronikus form\u00e1ban ker\u00fcl megk\u00f6t\u00e9sre, nem min\u0151s\u00fcl \u00edr\u00e1sbeli szerz\u0151d\u00e9snek, magyar nyelven \u00edr\u00f3dik, magatart\u00e1si k\u00f3dexre nem utal. A webshop m\u0171k\u00f6d\u00e9s\u00e9vel, megrendel\u00e9si, \u00e9s sz\u00e1ll\u00edt\u00e1si folyamat\u00e1val kapcsolatosan felmer\u00fcl\u0151 k\u00e9rd\u00e9sek eset\u00e9n a megadott el\u00e9rhet\u0151s\u00e9geinken rendelkez\u00e9s\u00e9re \u00e1llunk.<\/span><\/p><p style=\"text-align: justify; line-height: normal;\"><span style=\"font-size: 12.0pt; mso-ascii-font-family: Calibri; mso-fareast-font-family: 'Times New Roman'; mso-hansi-font-family: Calibri; mso-bidi-font-family: Calibri; color: #4f5155; mso-ansi-language: HU;\">Jelen \u00c1SZF hat\u00e1lya Szolg\u00e1ltat\u00f3 weblapj\u00e1n (<\/span><a href=\"http:\/\/crcafe.eu\"><span style=\"font-size: 12.0pt; mso-ascii-font-family: Calibri; mso-fareast-font-family: 'Times New Roman'; mso-hansi-font-family: Calibri; mso-bidi-font-family: Calibri;\">https:\/\/cafetiko.com<\/span><\/a><span style=\"font-size: 12.0pt; mso-ascii-font-family: Calibri; mso-fareast-font-family: 'Times New Roman'; mso-hansi-font-family: Calibri; mso-bidi-font-family: Calibri; color: #4f5155; mso-ansi-language: HU;\">) \u00e9s aldomainjein t\u00f6rt\u00e9n\u0151 jogviszonyokra terjed ki. Jelen \u00c1SZF folyamatosan el\u00e9rhet\u0151 a k\u00f6vetkez\u0151 weboldalr\u00f3l: <\/span><a href=\"\/content\/3-aszf\"><span style=\"font-size: 12.0pt;\">https:\/\/cafetiko.com\/content\/3-aszf<\/span><\/a><\/p><p style=\"text-align: justify; line-height: normal;\"><span style=\"font-size: 12.0pt;\">\u00a0<\/span><\/p><ol><li style=\"text-indent: -17.85pt; line-height: normal; mso-list: l1 level1 lfo1; tab-stops: list 18.0pt; margin: 12.0pt 0cm 8.0pt 17.85pt;\"><strong><span style=\"font-size: 12.0pt; mso-ascii-font-family: Calibri; mso-fareast-font-family: 'Times New Roman'; mso-hansi-font-family: Calibri; mso-bidi-font-family: Calibri; color: #4f5155; mso-ansi-language: HU;\">Szolg\u00e1ltat\u00f3 adatai:<\/span><\/strong><\/li><\/ol><p style=\"margin-left: 18.0pt; line-height: normal;\"><span style=\"font-size: 12.0pt; mso-ascii-font-family: Calibri; mso-fareast-font-family: 'Times New Roman'; mso-hansi-font-family: Calibri; mso-bidi-font-family: Calibri; color: #4f5155; mso-ansi-language: HU;\">A szolg\u00e1ltat\u00f3 neve: Costa Rica Caf\u00e9 Kft.<br \/>A szolg\u00e1ltat\u00f3 sz\u00e9khelye: 2<\/span><span style=\"font-size: 12.0pt; mso-ascii-font-family: Calibri; mso-fareast-font-family: 'Times New Roman'; mso-hansi-font-family: Calibri; mso-bidi-font-family: Calibri; color: #4f5155;\">013 <\/span><span style=\"font-size: 12.0pt; mso-ascii-font-family: Calibri; mso-fareast-font-family: 'Times New Roman'; mso-hansi-font-family: Calibri; mso-bidi-font-family: Calibri; color: #4f5155; mso-ansi-language: HU;\">Pom\u00e1z, Vincell\u00e9r u. 21.<br \/>Ad\u00f3sz\u00e1ma: 29167801-2-13, HU29167801<br \/>C\u00e9gjegyz\u00e9ksz\u00e1m: 13-09-211556<br \/>Nyilv\u00e1ntart\u00e1sban bejegyz\u0151 hat\u00f3s\u00e1g neve (c\u00e9gb\u00edr\u00f3s\u00e1g):<\/span> <span style=\"font-size: 12.0pt; mso-ascii-font-family: Calibri; mso-fareast-font-family: 'Times New Roman'; mso-hansi-font-family: Calibri; mso-bidi-font-family: Calibri; color: #4f5155; mso-ansi-language: HU;\">Budapest K\u00f6rny\u00e9ki T\u00f6rv\u00e9nysz\u00e9k C\u00e9gb\u00edr\u00f3s\u00e1ga<br \/>email c\u00edme: <a href=\"mailto:cafetiko@cafetiko.com\">cafetiko@cafetiko.com<\/a><br \/><\/span><\/p><p style=\"margin-left: 18.0pt; line-height: normal;\"><span style=\"font-size: 12.0pt; mso-ascii-font-family: Calibri; mso-fareast-font-family: 'Times New Roman'; mso-hansi-font-family: Calibri; mso-bidi-font-family: Calibri; color: #4f5155; mso-ansi-language: HU;\">A szerz\u0151d\u00e9s nyelve: magyar<\/span><\/p><p style=\"margin-left: 18.0pt; line-height: normal;\">\u00a0<\/p><ol start=\"2\"><li style=\"text-indent: -17.85pt; line-height: normal; mso-list: l1 level1 lfo1; tab-stops: list 18.0pt; margin: 12.0pt 0cm 8.0pt 17.85pt;\"><strong><span style=\"font-size: 12.0pt; mso-ascii-font-family: Calibri; mso-fareast-font-family: 'Times New Roman'; mso-hansi-font-family: Calibri; mso-bidi-font-family: Calibri; color: #4f5155; mso-ansi-language: HU;\">Alapvet\u0151 rendelkez\u00e9sek:<\/span><\/strong><\/li><\/ol><ul style=\"margin-top: 0cm;\"><li style=\"text-align: justify; line-height: normal; mso-list: l0 level1 lfo2; tab-stops: list 36.0pt;\"><span style=\"font-size: 12.0pt; mso-ascii-font-family: Calibri; mso-fareast-font-family: 'Times New Roman'; mso-hansi-font-family: Calibri; mso-bidi-font-family: Calibri; color: #4f5155; mso-ansi-language: HU;\">A jelen Szab\u00e1lyzatban nem szab\u00e1lyozott k\u00e9rd\u00e9sekre, valamint jelen Szab\u00e1lyzat \u00e9rtelmez\u00e9s\u00e9re a magyar jog az ir\u00e1nyad\u00f3, k\u00fcl\u00f6n\u00f6s tekintettel a Polg\u00e1ri T\u00f6rv\u00e9nyk\u00f6nyvr\u0151l sz\u00f3l\u00f3 2013. \u00e9vi V. t\u00f6rv\u00e9ny (\u201ePtk.\u201d) \u00e9s az elektronikus kereskedelmi szolg\u00e1ltat\u00e1sok, az inform\u00e1ci\u00f3s t\u00e1rsadalommal \u00f6sszef\u00fcgg\u0151 szolg\u00e1ltat\u00e1sok egyes k\u00e9rd\u00e9seir\u0151l sz\u00f3l\u00f3 2001. \u00e9vi CVIII. (Elker. tv.) t\u00f6rv\u00e9ny, valamint a fogyaszt\u00f3 \u00e9s a v\u00e1llalkoz\u00e1s k\u00f6z\u00f6tti szerz\u0151d\u00e9sek r\u00e9szletes szab\u00e1lyair\u00f3l sz\u00f3l\u00f3 45\/2014. (II. 26.) Korm. rendelet vonatkoz\u00f3 rendelkez\u00e9seire. A vonatkoz\u00f3 jogszab\u00e1lyok k\u00f6telez\u0151 rendelkez\u00e9sei a felekre k\u00fcl\u00f6n kik\u00f6t\u00e9s n\u00e9lk\u00fcl is ir\u00e1nyad\u00f3k.\u00a0<\/span><\/li><li style=\"text-align: justify; line-height: normal; mso-list: l0 level1 lfo2; tab-stops: list 36.0pt;\"><span style=\"font-size: 12.0pt; mso-ascii-font-family: Calibri; mso-fareast-font-family: 'Times New Roman'; mso-hansi-font-family: Calibri; mso-bidi-font-family: Calibri; color: #4f5155; mso-ansi-language: HU;\">Jelen Szab\u00e1lyzat 2021. m\u00e1jus 01. napj\u00e1t\u00f3l hat\u00e1lyos \u00e9s visszavon\u00e1sig hat\u00e1lyban marad. A Szolg\u00e1ltat\u00f3 jogosult egyoldal\u00faan m\u00f3dos\u00edtani a Szab\u00e1lyzatot. A m\u00f3dos\u00edt\u00e1sokat a Szolg\u00e1ltat\u00f3 azok hat\u00e1lyba l\u00e9p\u00e9s el\u0151tt 15 (tizen\u00f6t) nappal k\u00f6teles a weboldal\u00e1n k\u00f6zz\u00e9tenni.\u00a0<\/span><\/li><li style=\"text-align: justify; line-height: normal; mso-list: l0 level1 lfo2; tab-stops: list 36.0pt;\"><span style=\"font-size: 12.0pt; mso-ascii-font-family: Calibri; mso-fareast-font-family: 'Times New Roman'; mso-hansi-font-family: Calibri; mso-bidi-font-family: Calibri; color: #4f5155; mso-ansi-language: HU;\">Szolg\u00e1ltat\u00f3 fenntart mag\u00e1nak minden jogot a webshop weboldal, annak b\u00e1rmely r\u00e9szlete \u00e9s az azon megjelen\u0151 tartalmak, valamint a weboldal terjeszt\u00e9s\u00e9nek tekintet\u00e9ben. Tilos a webshopon megjelen\u0151 tartalmak vagy azok b\u00e1rmely r\u00e9szlet\u00e9nek let\u00f6lt\u00e9se, elektronikus t\u00e1rol\u00e1sa, feldolgoz\u00e1sa \u00e9s \u00e9rt\u00e9kes\u00edt\u00e9se a Szolg\u00e1ltat\u00f3 \u00edr\u00e1sos hozz\u00e1j\u00e1rul\u00e1sa n\u00e9lk\u00fcl.\u00a0<\/span><\/li><li style=\"text-align: justify; line-height: normal; mso-list: l0 level1 lfo2; tab-stops: list 36.0pt;\"><span style=\"font-size: 12.0pt; mso-ascii-font-family: Calibri; mso-fareast-font-family: 'Times New Roman'; mso-hansi-font-family: Calibri; mso-bidi-font-family: Calibri; color: #4f5155; mso-ansi-language: HU;\">Felhaszn\u00e1l\u00f3 a v\u00e1s\u00e1rl\u00e1s\/regisztr\u00e1ci\u00f3 sor\u00e1n k\u00f6teles a saj\u00e1t, val\u00f3s adatait megadni. A v\u00e1s\u00e1rl\u00e1s\/regisztr\u00e1ci\u00f3 sor\u00e1n megadott val\u00f3tlan, vagy m\u00e1s szem\u00e9lyhez k\u00f6thet\u0151 adatok eset\u00e9n a l\u00e9trej\u00f6v\u0151 elektronikus szerz\u0151d\u00e9s semmis. Szolg\u00e1ltat\u00f3 kiz\u00e1rja felel\u0151ss\u00e9g\u00e9t, amennyiben Felhaszn\u00e1l\u00f3 m\u00e1s nev\u00e9ben, m\u00e1s szem\u00e9ly adataival veszi ig\u00e9nybe szolg\u00e1ltat\u00e1sait.\u00a0<\/span><\/li><li style=\"text-align: justify; line-height: normal; mso-list: l0 level1 lfo2; tab-stops: list 36.0pt;\"><span style=\"font-size: 12.0pt; mso-ascii-font-family: Calibri; mso-fareast-font-family: 'Times New Roman'; mso-hansi-font-family: Calibri; mso-bidi-font-family: Calibri; color: #4f5155; mso-ansi-language: HU;\">A Szolg\u00e1ltat\u00f3t a Felhaszn\u00e1l\u00f3 \u00e1ltal t\u00e9vesen \u00e9s\/vagy pontatlanul megadott adatokra visszavezethet\u0151 sz\u00e1ll\u00edt\u00e1si k\u00e9sedelem\u00e9rt, illetve egy\u00e9b probl\u00e9m\u00e1\u00e9rt, hib\u00e1\u00e9rt semminem\u0171 felel\u0151ss\u00e9g nem terheli.\u00a0<\/span><\/li><li style=\"text-align: justify; line-height: normal; mso-list: l0 level1 lfo2; tab-stops: list 36.0pt;\"><span style=\"font-size: 12.0pt; mso-ascii-font-family: Calibri; mso-fareast-font-family: 'Times New Roman'; mso-hansi-font-family: Calibri; mso-bidi-font-family: Calibri; color: #4f5155; mso-ansi-language: HU;\">A Szolg\u00e1ltat\u00f3t nem terheli felel\u0151ss\u00e9g az abb\u00f3l ad\u00f3d\u00f3 k\u00e1rok\u00e9rt, ha Felhaszn\u00e1l\u00f3 a jelszav\u00e1t elfelejti, vagy az illet\u00e9ktelenek sz\u00e1m\u00e1ra b\u00e1rmely nem a Szolg\u00e1ltat\u00f3nak felr\u00f3hat\u00f3 okb\u00f3l hozz\u00e1f\u00e9rhet\u0151v\u00e9 v\u00e1lik.\u00a0<\/span><\/li><\/ul><p><span style=\"font-size: 12.0pt; mso-ascii-font-family: Calibri; mso-fareast-font-family: 'Times New Roman'; mso-hansi-font-family: Calibri; mso-bidi-font-family: Calibri; color: #4f5155; mso-ansi-language: HU;\">\u00a0<\/span><\/p><ol start=\"3\"><li style=\"text-align: justify; text-indent: -17.85pt; line-height: normal; mso-list: l3 level1 lfo3; tab-stops: list 18.0pt; margin: 12.0pt 0cm 8.0pt 17.85pt;\"><strong><span style=\"font-size: 12.0pt; mso-ascii-font-family: Calibri; mso-fareast-font-family: 'Times New Roman'; mso-hansi-font-family: Calibri; mso-bidi-font-family: Calibri; color: #4f5155; mso-ansi-language: HU;\">Megv\u00e1s\u00e1rolhat\u00f3 term\u00e9kek, szolg\u00e1ltat\u00e1sok k\u00f6re\u00a0<\/span><\/strong><\/li><\/ol><ul style=\"margin-top: 0cm;\"><li style=\"text-align: justify; line-height: normal; mso-list: l2 level1 lfo4; tab-stops: list 36.0pt;\"><span style=\"font-size: 12.0pt; mso-ascii-font-family: Calibri; mso-fareast-font-family: 'Times New Roman'; mso-hansi-font-family: Calibri; mso-bidi-font-family: Calibri; color: #4f5155; mso-ansi-language: HU;\">A megjelen\u00edtett term\u00e9kek kiz\u00e1r\u00f3lag online\/szem\u00e9lyesen rendelhet\u0151k meg. A term\u00e9kekre vonatkoz\u00f3an megjelen\u00edtett \u00e1rak forint alap\u00faak \u00e9s opcion\u00e1lisan m\u00e1s deviz\u00e1ra konvert\u00e1ltak, tartalmazz\u00e1k a t\u00f6rv\u00e9nyben el\u0151\u00edrt fogyaszt\u00e1si ad\u00f3t, azonban nem tartalmazz\u00e1k a h\u00e1zhoz sz\u00e1ll\u00edt\u00e1s d\u00edj\u00e1t. K\u00fcl\u00f6n csomagol\u00e1si k\u00f6lts\u00e9g nem ker\u00fcl felsz\u00e1m\u00edt\u00e1sra.\u00a0<\/span><\/li><li style=\"text-align: justify; line-height: normal; mso-list: l2 level1 lfo4; tab-stops: list 36.0pt;\"><span style=\"font-size: 12.0pt; mso-ascii-font-family: Calibri; mso-fareast-font-family: 'Times New Roman'; mso-hansi-font-family: Calibri; mso-bidi-font-family: Calibri; color: #4f5155; mso-ansi-language: HU;\">A webshopban Szolg\u00e1ltat\u00f3 r\u00e9szletesen felt\u00fcnteti a term\u00e9k nev\u00e9t, le\u00edr\u00e1s\u00e1t, a term\u00e9kekr\u0151l fot\u00f3t jelen\u00edt meg.\u00a0<\/span><\/li><li style=\"color: #4f5155; text-align: justify; line-height: normal; mso-list: l2 level1 lfo4; tab-stops: list 36.0pt;\"><span style=\"font-size: 12.0pt; mso-ascii-font-family: Calibri; mso-fareast-font-family: 'Times New Roman'; mso-hansi-font-family: Calibri; mso-bidi-font-family: Calibri; mso-ansi-language: HU;\">Amennyiben a webshopban hiba vagy hi\u00e1nyoss\u00e1g l\u00e9p fel a term\u00e9kekn\u00e9l vagy az \u00e1rakn\u00e1l, fenntartjuk a jogot a korrekci\u00f3ra. Ilyen esetben a hiba felismer\u00e9se, illetve m\u00f3dos\u00edt\u00e1sa ut\u00e1n azonnal t\u00e1j\u00e9koztatjuk a vev\u0151t az \u00faj adatokr\u00f3l. A Felhaszn\u00e1l\u00f3 ezt k\u00f6vet\u0151en m\u00e9g egyszer meger\u0151s\u00edtheti a megrendel\u00e9st, vagy lehet\u0151s\u00e9g van arra, hogy Felhaszn\u00e1l\u00f3 el\u00e1lljon a szerz\u0151d\u00e9st\u0151l.<\/span><\/li><\/ul><ol start=\"4\"><li style=\"text-align: justify; text-indent: -17.85pt; line-height: normal; mso-list: l0 level1 lfo1; tab-stops: list 18.0pt; margin: 12.0pt 0cm 8.0pt 17.85pt;\"><strong><span style=\"font-size: 12.0pt; mso-ascii-font-family: Calibri; mso-fareast-font-family: 'Times New Roman'; mso-hansi-font-family: Calibri; mso-bidi-font-family: Calibri; color: #4f5155; mso-ansi-language: HU;\">Sz\u00e1ll\u00edt\u00e1si m\u00f3dok<\/span><\/strong><\/li><\/ol><p style=\"text-align: justify; line-height: normal; margin: 12.0pt 0cm 8.0pt 17.85pt;\"><a href=\"\/content\/1-szallitasi-feltetelek\"><span style=\"font-size: 12.0pt;\">https:\/\/cafetiko.com\/hu\/content\/1-szallitasi-feltetelek<\/span><\/a><\/p><p style=\"text-align: justify; line-height: normal; margin: 12.0pt 0cm 8.0pt 17.85pt;\"><strong><span style=\"font-size: 12.0pt; mso-ascii-font-family: Calibri; mso-fareast-font-family: 'Times New Roman'; mso-hansi-font-family: Calibri; mso-bidi-font-family: Calibri; color: #4f5155; mso-ansi-language: HU;\">\u00a0<\/span><\/strong><\/p><ol start=\"5\"><li style=\"text-align: justify; text-indent: -17.85pt; line-height: normal; mso-list: l3 level1 lfo3; tab-stops: list 18.0pt; margin: 12.0pt 0cm 8.0pt 17.85pt;\"><strong><span style=\"font-size: 12.0pt; mso-ascii-font-family: Calibri; mso-fareast-font-family: 'Times New Roman'; mso-hansi-font-family: Calibri; mso-bidi-font-family: Calibri; color: #4f5155; mso-ansi-language: HU;\">A megrendel\u00e9sek visszaigazol\u00e1sa \u00e9s a szerz\u0151d\u00e9s l\u00e9trej\u00f6tte<\/span><\/strong><\/li><\/ol><ul style=\"margin-top: 0cm;\"><li style=\"color: #4f5155; text-align: justify; line-height: normal; mso-list: l2 level1 lfo4; tab-stops: list 36.0pt;\"><span style=\"font-size: 12.0pt; mso-ascii-font-family: Calibri; mso-fareast-font-family: 'Times New Roman'; mso-hansi-font-family: Calibri; mso-bidi-font-family: Calibri; mso-ansi-language: HU;\">Felhaszn\u00e1l\u00f3 e-mail-ben a megrendel\u00e9s elk\u00fcld\u00e9s\u00e9t k\u00f6vet\u0151en visszaigazol\u00e1st kap. Amennyiben e visszaigazol\u00e1s Felhaszn\u00e1l\u00f3 megrendel\u00e9s\u00e9nek elk\u00fcld\u00e9s\u00e9t\u0151l sz\u00e1m\u00edtott, a szolg\u00e1ltat\u00e1s jelleg\u00e9t\u0151l f\u00fcgg\u0151 elv\u00e1rhat\u00f3 hat\u00e1rid\u0151n bel\u00fcl, de legk\u00e9s\u0151bb 48 \u00f3r\u00e1n bel\u00fcl Felhaszn\u00e1l\u00f3hoz nem \u00e9rkezik meg, Felhaszn\u00e1l\u00f3 az aj\u00e1nlati k\u00f6t\u00f6tts\u00e9g vagy szerz\u0151d\u00e9ses k\u00f6telezetts\u00e9g al\u00f3l mentes\u00fcl. A megrendel\u00e9s \u00e9s annak visszaigazol\u00e1sa akkor tekintend\u0151 a Szolg\u00e1ltat\u00f3hoz, illetve az Felhaszn\u00e1l\u00f3hoz meg\u00e9rkezettnek, amikor az sz\u00e1m\u00e1ra hozz\u00e1f\u00e9rhet\u0151v\u00e9 v\u00e1lik. Szolg\u00e1ltat\u00f3 kiz\u00e1rja a visszaigazol\u00e1si felel\u0151ss\u00e9g\u00e9t, ha a visszaigazol\u00e1s az\u00e9rt nem \u00e9rkezik meg id\u0151ben, mert Felhaszn\u00e1l\u00f3 rossz e-mail c\u00edmet adott meg regisztr\u00e1ci\u00f3ja sor\u00e1n, vagy a fi\u00f3kj\u00e1hoz tartoz\u00f3 t\u00e1rhely tel\u00edtetts\u00e9ge miatt nem tud \u00fczenetet fogadni.<\/span><\/li><li style=\"color: #4f5155; text-align: justify; line-height: normal; mso-list: l2 level1 lfo4; tab-stops: list 36.0pt;\"><span style=\"font-size: 12.0pt; mso-ascii-font-family: Calibri; mso-fareast-font-family: 'Times New Roman'; mso-hansi-font-family: Calibri; mso-bidi-font-family: Calibri; mso-ansi-language: HU;\">Felhaszn\u00e1l\u00f3 tudom\u00e1sul veszi, hogy az el\u0151z\u0151 pontban taglalt visszaigazol\u00e1s csup\u00e1n automata visszaigazol\u00e1s, az szerz\u0151d\u00e9st nem keletkeztet.<\/span><\/li><li style=\"color: #4f5155; text-align: justify; line-height: normal; mso-list: l2 level1 lfo4; tab-stops: list 36.0pt;\"><span style=\"font-size: 12.0pt; mso-ascii-font-family: Calibri; mso-fareast-font-family: 'Times New Roman'; mso-hansi-font-family: Calibri; mso-bidi-font-family: Calibri; mso-ansi-language: HU;\">A szerz\u0151d\u00e9s akkor j\u00f6n l\u00e9tre, amikor Szolg\u00e1ltat\u00f3 az el\u0151z\u0151 pontban megnevezett automata visszaigazol\u00e1st k\u00f6vet\u0151en egy \u00fajabb e-mailben \u00e9rtes\u00edti a Felhaszn\u00e1l\u00f3t a megrendel\u00e9s r\u00e9szleteir\u0151l \u00e9s v\u00e1rhat\u00f3 teljes\u00edt\u00e9s\u00e9r\u0151l (szerz\u0151d\u00e9s l\u00e9trej\u00f6tte).<\/span><\/li><li style=\"text-align: justify; line-height: normal; mso-list: l2 level1 lfo4; tab-stops: list 36.0pt;\"><span style=\"font-size: 12.0pt; mso-ascii-font-family: Calibri; mso-fareast-font-family: 'Times New Roman'; mso-hansi-font-family: Calibri; mso-bidi-font-family: Calibri; color: #4f5155; mso-ansi-language: HU;\">Ha Szolg\u00e1ltat\u00f3 a szerz\u0151d\u00e9sben v\u00e1llalt k\u00f6telezetts\u00e9g\u00e9t az\u00e9rt nem teljes\u00edti, mert a szerz\u0151d\u00e9sben meghat\u00e1rozott term\u00e9k nem \u00e1ll rendelkez\u00e9s\u00e9re, k\u00f6teles err\u0151l Felhaszn\u00e1l\u00f3t halad\u00e9ktalanul t\u00e1j\u00e9koztatni, valamint Felhaszn\u00e1l\u00f3 \u00e1ltal fizetett \u00f6sszeget halad\u00e9ktalanul visszat\u00e9r\u00edteni.<\/span><\/li><\/ul><p><span style=\"font-size: 12.0pt; font-family: 'Times New Roman',serif; mso-fareast-font-family: 'Times New Roman';\">\u00a0<\/span><\/p><ol start=\"6\"><li style=\"text-align: justify; text-indent: -17.85pt; line-height: normal; mso-list: l3 level1 lfo3; tab-stops: list 18.0pt; margin: 12.0pt 0cm 8.0pt 17.85pt;\"><strong><span style=\"font-size: 12.0pt; mso-ascii-font-family: Calibri; mso-fareast-font-family: 'Times New Roman'; mso-hansi-font-family: Calibri; mso-bidi-font-family: Calibri; color: #4f5155; mso-ansi-language: HU;\">El\u00e1ll\u00e1s joga<\/span><\/strong><\/li><\/ol><p style=\"margin-left: 18.0pt; text-align: justify; line-height: normal;\"><span style=\"font-size: 12.0pt; mso-ascii-font-family: Calibri; mso-fareast-font-family: 'Times New Roman'; mso-hansi-font-family: Calibri; mso-bidi-font-family: Calibri; color: #4f5155; mso-ansi-language: HU;\">Az el\u00e1ll\u00e1s jog\u00e1t az Eur\u00f3pai Parlament \u00e9s a Tan\u00e1cs 2011\/83\/EU sz\u00e1m\u00fa ir\u00e1nyelve, tov\u00e1bb\u00e1 a fogyaszt\u00f3 \u00e9s a v\u00e1llalkoz\u00e1s k\u00f6z\u00f6tti szerz\u0151d\u00e9sek r\u00e9szletes szab\u00e1lyair\u00f3l sz\u00f3l\u00f3 45\/2014. (II.26.) Korm. rendelet szab\u00e1lyozza.<\/span><\/p><p style=\"margin-left: 18.0pt; text-align: justify; line-height: normal;\"><span style=\"font-size: 12.0pt; mso-ascii-font-family: Calibri; mso-fareast-font-family: 'Times New Roman'; mso-hansi-font-family: Calibri; mso-bidi-font-family: Calibri; color: #4f5155; mso-ansi-language: HU;\">Amennyiben Fogyaszt\u00f3 \u00e9lni szeretne el\u00e1ll\u00e1si jog\u00e1val, azt Fogyaszt\u00f3 k\u00f6teles a Szolg\u00e1ltat\u00f3 email c\u00edm\u00e9re k\u00fcld\u00f6tt emailben jelezni.<\/span><\/p><p style=\"margin-left: 18.0pt; text-align: justify; line-height: normal;\"><strong><span style=\"font-size: 12.0pt; mso-ascii-font-family: Calibri; mso-fareast-font-family: 'Times New Roman'; mso-hansi-font-family: Calibri; mso-bidi-font-family: Calibri; color: #4f5155; mso-ansi-language: HU;\">A Szolg\u00e1ltat\u00f3 kifejezetten r\u00f6gz\u00edti, hogy a jogszab\u00e1lyi rendelkez\u00e9sek alapj\u00e1n a Fogyaszt\u00f3 az el\u00e1ll\u00e1si jog\u00e1t nem gyakorolhatja<\/span><\/strong><span style=\"font-size: 12.0pt; mso-ascii-font-family: Calibri; mso-fareast-font-family: 'Times New Roman'; mso-hansi-font-family: Calibri; mso-bidi-font-family: Calibri; color: #4f5155; mso-ansi-language: HU;\"> egyebek mellett:<\/span><\/p><ul style=\"margin-top: 0cm;\"><li style=\"color: #4f5155; text-align: justify; line-height: normal; mso-list: l2 level1 lfo4; tab-stops: list 36.0pt;\"><span style=\"font-size: 12.0pt; mso-ascii-font-family: Calibri; mso-fareast-font-family: 'Times New Roman'; mso-hansi-font-family: Calibri; mso-bidi-font-family: Calibri; mso-ansi-language: HU;\">olyan nem el\u0151re gy\u00e1rtott term\u00e9k eset\u00e9ben, amelyet a Fogyaszt\u00f3 utas\u00edt\u00e1sa alapj\u00e1n vagy kifejezett k\u00e9r\u00e9s\u00e9re \u00e1ll\u00edtottak el\u0151<\/span><\/li><li style=\"color: #4f5155; text-align: justify; line-height: normal; mso-list: l2 level1 lfo4; tab-stops: list 36.0pt;\"><span style=\"font-size: 12.0pt; mso-ascii-font-family: Calibri; mso-fareast-font-family: 'Times New Roman'; mso-hansi-font-family: Calibri; mso-bidi-font-family: Calibri; mso-ansi-language: HU;\">olyan term\u00e9k eset\u00e9ben, amelyet egy\u00e9rtelm\u0171en a fogyaszt\u00f3 szem\u00e9ly\u00e9re szabtak;<\/span><\/li><li style=\"color: #4f5155; text-align: justify; line-height: normal; mso-list: l2 level1 lfo4; tab-stops: list 36.0pt;\"><span style=\"font-size: 12.0pt; mso-ascii-font-family: Calibri; mso-fareast-font-family: 'Times New Roman'; mso-hansi-font-family: Calibri; mso-bidi-font-family: Calibri; mso-ansi-language: HU;\">romland\u00f3, vagy min\u0151s\u00e9g\u00e9t r\u00f6vid ideig meg\u0151rz\u0151 term\u00e9k tekintet\u00e9ben;<\/span><\/li><li style=\"color: #4f5155; text-align: justify; line-height: normal; mso-list: l2 level1 lfo4; tab-stops: list 36.0pt;\"><span style=\"font-size: 12.0pt; mso-ascii-font-family: Calibri; mso-fareast-font-family: 'Times New Roman'; mso-hansi-font-family: Calibri; mso-bidi-font-family: Calibri; mso-ansi-language: HU;\">olyan term\u00e9k tekintet\u00e9ben, amely jelleg\u00e9n\u00e9l fogva az \u00e1tad\u00e1st k\u00f6vet\u0151en elv\u00e1laszthatatlanul vegy\u00fcl m\u00e1s term\u00e9kkel;<\/span><\/li><li style=\"color: #4f5155; text-align: justify; line-height: normal; mso-list: l2 level1 lfo4; tab-stops: list 36.0pt;\"><span style=\"font-size: 12.0pt; mso-ascii-font-family: Calibri; mso-fareast-font-family: 'Times New Roman'; mso-hansi-font-family: Calibri; mso-bidi-font-family: Calibri; mso-ansi-language: HU;\">olyan z\u00e1rt csomagol\u00e1s\u00fa term\u00e9k tekintet\u00e9ben, amely eg\u00e9szs\u00e9gv\u00e9delmi vagy higi\u00e9niai okokb\u00f3l az \u00e1tad\u00e1st k\u00f6vet\u0151 felbont\u00e1sa ut\u00e1n nem k\u00fcldhet\u0151 vissza.<\/span><\/li><\/ul><p style=\"margin-left: 18.0pt; text-align: justify; line-height: normal;\"><strong><span style=\"font-size: 12.0pt; mso-ascii-font-family: Calibri; mso-fareast-font-family: 'Times New Roman'; mso-hansi-font-family: Calibri; mso-bidi-font-family: Calibri; color: #4f5155; mso-ansi-language: HU;\">Figyelemmel a Szolg\u00e1ltat\u00f3 \u00e1ltal a web\u00e1ruh\u00e1zban k\u00edn\u00e1lt term\u00e9kek jelleg\u00e9re, a Fogyaszt\u00f3 kifejezetten tudom\u00e1sul veszi, hogy eg\u00e9szs\u00e9gv\u00e9delmi \u00e9s higi\u00e9niai okokb\u00f3l el\u00e1ll\u00e1si jog\u00e1t nem gyakorolhatja a term\u00e9k(ek) felbont\u00e1s\u00e1t k\u00f6vet\u0151en, illetve fogyaszt\u00f3 kifejezett k\u00e9r\u00e9s\u00e9re el\u0151\u00e1ll\u00edtott term\u00e9k(ek) eset\u00e9ben.<\/span><\/strong><\/p><p style=\"margin-left: 18.0pt; text-align: justify; line-height: normal;\"><span style=\"font-size: 12.0pt; mso-ascii-font-family: Calibri; mso-fareast-font-family: 'Times New Roman'; mso-hansi-font-family: Calibri; mso-bidi-font-family: Calibri; color: #4f5155; mso-ansi-language: HU;\">Fogyaszt\u00f3 k\u00f6teles az \u00e1rukat indokolatlan k\u00e9sedelem n\u00e9lk\u00fcl, de a szerz\u0151d\u00e9st\u0151l val\u00f3 el\u00e1ll\u00e1s\u00e1ra vonatkoz\u00f3 \u00e9rtes\u00edt\u00e9s Szolg\u00e1ltat\u00f3 r\u00e9sz\u00e9re t\u00f6rt\u00e9n\u0151 megk\u00fcld\u00e9s\u00e9t\u0151l sz\u00e1m\u00edtott 14 napn\u00e1l semmif\u00e9lek\u00e9ppen sem k\u00e9s\u0151bb visszak\u00fcldeni. A fogyaszt\u00f3 viseli a term\u00e9k visszak\u00fcld\u00e9s\u00e9nek k\u00f6zvetlen k\u00f6lts\u00e9g\u00e9t.<\/span><\/p><p style=\"margin-left: 18.0pt; text-align: justify; line-height: normal;\"><span style=\"font-size: 12.0pt; mso-ascii-font-family: Calibri; mso-fareast-font-family: 'Times New Roman'; mso-hansi-font-family: Calibri; mso-bidi-font-family: Calibri; color: #4f5155; mso-ansi-language: HU;\">Fogyaszt\u00f3 k\u00f6teles a term\u00e9ket \u00fagy csomagolni, hogy az a visszasz\u00e1ll\u00edt\u00e1s sor\u00e1n ne s\u00e9r\u00fclhessen. A nem megfelel\u0151 csomagol\u00e1sb\u00f3l ered\u0151 k\u00e1rok\u00e9rt Szolg\u00e1ltat\u00f3 nem v\u00e1llal felel\u0151ss\u00e9get.<\/span><\/p><p style=\"margin-left: 18.0pt; text-align: justify; line-height: normal;\"><span style=\"font-size: 12.0pt; mso-ascii-font-family: Calibri; mso-fareast-font-family: 'Times New Roman'; mso-hansi-font-family: Calibri; mso-bidi-font-family: Calibri; color: #4f5155; mso-ansi-language: HU;\">Szolg\u00e1ltat\u00f3 a term\u00e9k vissza\u00e9rkez\u00e9s\u00e9t vissza\u00e9rkezt\u00e9t k\u00f6vet\u0151en a fenti jogszab\u00e1lyok \u00e9rtelm\u00e9ben halad\u00e9ktalanul, de legk\u00e9s\u0151bb 14 napon bel\u00fcl visszat\u00e9r\u00edti a kifizetett \u00f6sszeget a Fogyaszt\u00f3 r\u00e9sz\u00e9re.<\/span><\/p><p style=\"margin-left: 18.0pt; text-align: justify; line-height: normal;\"><span style=\"font-size: 12.0pt; mso-ascii-font-family: Calibri; mso-fareast-font-family: 'Times New Roman'; mso-hansi-font-family: Calibri; mso-bidi-font-family: Calibri; color: #4f5155; mso-ansi-language: HU;\">A fogyaszt\u00f3 \u00e9s a v\u00e1llalkoz\u00e1s k\u00f6z\u00f6tti szerz\u0151d\u00e9sek r\u00e9szletes szab\u00e1lyair\u00f3l sz\u00f3l\u00f3 45\/2014. (II.26.) Korm. rendelet <\/span><a href=\"http:\/\/njt.hu\/cgi_bin\/njt_doc.cgi?docid=167547.260043\"><span style=\"font-size: 12.0pt; mso-ascii-font-family: Calibri; mso-fareast-font-family: 'Times New Roman'; mso-hansi-font-family: Calibri; mso-bidi-font-family: Calibri; mso-ansi-language: HU;\">itt<\/span><\/a><span style=\"font-size: 12.0pt; mso-ascii-font-family: Calibri; mso-fareast-font-family: 'Times New Roman'; mso-hansi-font-family: Calibri; mso-bidi-font-family: Calibri; color: #4f5155; mso-ansi-language: HU;\"> \u00e9rhet\u0151 el.<\/span><\/p><p style=\"margin-left: 18.0pt; text-align: justify; line-height: normal;\"><span style=\"font-size: 12.0pt; mso-ascii-font-family: Calibri; mso-fareast-font-family: 'Times New Roman'; mso-hansi-font-family: Calibri; mso-bidi-font-family: Calibri; color: #4f5155; mso-ansi-language: HU;\">Az Eur\u00f3pai Parlament \u00e9s a Tan\u00e1cs 2011\/83\/EU sz\u00e1m\u00fa ir\u00e1nyelve <\/span><a href=\"https:\/\/eur-lex.europa.eu\/LexUriServ\/LexUriServ.do?uri=OJ:L:2011:304:0064:0088:HU:PDF\"><span style=\"font-size: 12.0pt; mso-ascii-font-family: Calibri; mso-fareast-font-family: 'Times New Roman'; mso-hansi-font-family: Calibri; mso-bidi-font-family: Calibri; mso-ansi-language: HU;\">itt<\/span><\/a><span style=\"font-size: 12.0pt; mso-ascii-font-family: Calibri; mso-fareast-font-family: 'Times New Roman'; mso-hansi-font-family: Calibri; mso-bidi-font-family: Calibri; color: #4f5155; mso-ansi-language: HU;\"> \u00e9rhet\u0151 el.<\/span><\/p><p style=\"margin-left: 18.0pt; text-align: justify; line-height: normal;\"><span style=\"font-size: 12.0pt; mso-ascii-font-family: Calibri; mso-fareast-font-family: 'Times New Roman'; mso-hansi-font-family: Calibri; mso-bidi-font-family: Calibri; color: #4f5155; mso-ansi-language: HU;\">Fogyaszt\u00f3 egy\u00e9b panasz\u00e1val is megkeresheti Szolg\u00e1ltat\u00f3t a jelen Szab\u00e1lyzatban tal\u00e1lhat\u00f3 el\u00e9rhet\u0151s\u00e9geken.<\/span><\/p><p style=\"margin-left: 18.0pt; text-align: justify; line-height: normal;\"><span style=\"font-size: 12.0pt; mso-ascii-font-family: Calibri; mso-fareast-font-family: 'Times New Roman'; mso-hansi-font-family: Calibri; mso-bidi-font-family: Calibri; color: #4f5155; mso-ansi-language: HU;\">Az el\u00e1ll\u00e1si jog nem illeti meg a v\u00e1llalkoz\u00e1st, azaz az olyan szem\u00e9lyt, aki a szakm\u00e1ja, \u00f6n\u00e1ll\u00f3 foglalkoz\u00e1sa vagy \u00fczleti tev\u00e9kenys\u00e9ge k\u00f6r\u00e9ben j\u00e1r el.<\/span><\/p><p style=\"margin-left: 18.0pt; text-align: justify; line-height: normal;\"><span style=\"font-size: 12.0pt; mso-ascii-font-family: Calibri; mso-fareast-font-family: 'Times New Roman'; mso-hansi-font-family: Calibri; mso-bidi-font-family: Calibri; color: #4f5155; mso-ansi-language: HU;\">Fogyaszt\u00f3 a k\u00f6teles megt\u00e9r\u00edteni a v\u00e1llalkoz\u00e1s \u00e9sszer\u0171 k\u00f6lts\u00e9geit, ha fogyaszt\u00f3 a teljes\u00edt\u00e9s megkezd\u00e9s\u00e9t k\u00f6vet\u0151en gyakorolja a felmond\u00e1si jog\u00e1t.<\/span><\/p><p style=\"margin-left: 18.0pt; text-align: justify; line-height: normal;\"><span style=\"font-size: 12.0pt; mso-ascii-font-family: Calibri; mso-fareast-font-family: 'Times New Roman'; mso-hansi-font-family: Calibri; mso-bidi-font-family: Calibri; color: #4f5155; mso-ansi-language: HU;\">\u00a0<\/span><\/p><ol start=\"7\"><li style=\"text-align: justify; text-indent: -17.85pt; line-height: normal; mso-list: l3 level1 lfo3; tab-stops: list 18.0pt; margin: 12.0pt 0cm 8.0pt 17.85pt;\"><strong><span style=\"font-size: 12.0pt; mso-ascii-font-family: Calibri; mso-fareast-font-family: 'Times New Roman'; mso-hansi-font-family: Calibri; mso-bidi-font-family: Calibri; color: #4f5155; mso-ansi-language: HU;\">Panaszkezel\u00e9s<\/span><\/strong><\/li><\/ol><ul style=\"margin-top: 0cm;\"><li style=\"color: #4f5155; text-align: justify; line-height: normal; mso-list: l2 level1 lfo4; tab-stops: list 36.0pt;\"><span style=\"font-size: 12.0pt; mso-ascii-font-family: Calibri; mso-fareast-font-family: 'Times New Roman'; mso-hansi-font-family: Calibri; mso-bidi-font-family: Calibri; mso-ansi-language: HU;\">C\u00e9lunk, hogy valamennyi megrendel\u00e9st a Fogyaszt\u00f3 teljes megel\u00e9gedetts\u00e9ge mellett teljes\u00edts\u00fcnk. Amennyiben m\u00e9gis valamilyen panasza van a szerz\u0151d\u00e9ssel vagy annak teljes\u00edt\u00e9s\u00e9vel kapcsolatban, ezt k\u00e9rj\u00fck a\u00a0<\/span><a href=\"mailto:cafetiko@cafetiko.com\">cafetiko@cafetiko.com<\/a><span style=\"font-size: 12.0pt; mso-ascii-font-family: Calibri; mso-fareast-font-family: 'Times New Roman'; mso-hansi-font-family: Calibri; mso-bidi-font-family: Calibri; mso-ansi-language: HU;\"> c\u00edmen vagy postai lev\u00e9lben k\u00f6z\u00f6lje.<\/span><\/li><li style=\"color: #4f5155; text-align: justify; line-height: normal; mso-list: l2 level1 lfo4; tab-stops: list 36.0pt;\"><span style=\"font-size: 12.0pt; mso-ascii-font-family: Calibri; mso-fareast-font-family: 'Times New Roman'; mso-hansi-font-family: Calibri; mso-bidi-font-family: Calibri; mso-ansi-language: HU;\">Az \u00edr\u00e1sbeli panaszt a Szolg\u00e1ltat\u00e1st 30 napon bel\u00fcl \u00edr\u00e1sban megv\u00e1laszolja. A panaszt elutas\u00edt\u00f3 \u00e1ll\u00e1spontj\u00e1t megindokolja. A panaszr\u00f3l felvett jegyz\u0151k\u00f6nyvet \u00e9s a v\u00e1lasz m\u00e1solati p\u00e9ld\u00e1ny\u00e1t \u00f6t \u00e9vig meg\u0151rzi a Szolg\u00e1ltat\u00f3, \u00e9s azt az ellen\u0151rz\u0151 hat\u00f3s\u00e1goknak k\u00e9r\u00e9s\u00fckre bemutatja.<\/span><\/li><li style=\"color: #4f5155; text-align: justify; line-height: normal; mso-list: l2 level1 lfo4; tab-stops: list 36.0pt;\"><span style=\"font-size: 12.0pt; mso-ascii-font-family: Calibri; mso-fareast-font-family: 'Times New Roman'; mso-hansi-font-family: Calibri; mso-bidi-font-family: Calibri; mso-ansi-language: HU;\">\u00dcgyfel\u00fcnk a panasz\u00e1nak elutas\u00edt\u00e1sa eset\u00e9n panasz\u00e1val b\u00e9k\u00e9ltet\u0151 test\u00fclet elj\u00e1r\u00e1s\u00e1t kezdem\u00e9nyezheti vagy a Fogyaszt\u00f3v\u00e9delmi Hat\u00f3s\u00e1ghoz fordulhat:<\/span><\/li><\/ul><p style=\"text-align: justify; text-indent: 36.0pt; line-height: normal;\"><strong><span style=\"font-size: 12.0pt; mso-ascii-font-family: Calibri; mso-fareast-font-family: 'Times New Roman'; mso-hansi-font-family: Calibri; mso-bidi-font-family: Calibri; color: #4f5155; mso-ansi-language: HU;\">B\u00e9k\u00e9ltet\u0151 test\u00fclet:<\/span><\/strong><\/p><p style=\"margin-left: 36.0pt; line-height: normal;\"><span style=\"font-size: 12.0pt; mso-ascii-font-family: Calibri; mso-fareast-font-family: 'Times New Roman'; mso-hansi-font-family: Calibri; mso-bidi-font-family: Calibri; color: #4f5155; mso-ansi-language: HU;\">Pest Megyei B\u00e9k\u00e9ltet\u0151 Test\u00fclet<br \/>C\u00edm: 1119 Budapest, Etele \u00fat 59-61. II. em. 240.<br \/>Levelez\u00e9si c\u00edm: 1364 Budapest, Pf.: 81<br \/>Telefon: <\/span><span style=\"font-size: 12.0pt; mso-ascii-font-family: Calibri; mso-fareast-font-family: 'Times New Roman'; mso-hansi-font-family: Calibri; mso-bidi-font-family: Calibri; color: #4f5155;\">+36 <\/span><span style=\"font-size: 12.0pt; mso-ascii-font-family: Calibri; mso-fareast-font-family: 'Times New Roman'; mso-hansi-font-family: Calibri; mso-bidi-font-family: Calibri; color: #4f5155; mso-ansi-language: HU;\">1 269 0703<br \/>E-mail: pmbekelteto@pmkik.hu<br \/>Honlap c\u00edm: <\/span><a href=\"http:\/\/www.pestmegyeibekelteto.hu\"><span style=\"font-size: 12.0pt; mso-ascii-font-family: Calibri; mso-fareast-font-family: 'Times New Roman'; mso-hansi-font-family: Calibri; mso-bidi-font-family: Calibri; mso-ansi-language: HU;\">http:\/\/www.pestmegyeibekelteto.hu<\/span><\/a><\/p><p style=\"margin-left: 36.0pt; line-height: normal;\"><span style=\"font-size: 12.0pt; font-family: 'Times New Roman',serif; mso-fareast-font-family: 'Times New Roman';\">\u00a0<\/span><\/p><ul><li style=\"margin-left: 54.0pt; text-align: justify; text-indent: -18.0pt; line-height: normal; mso-list: l2 level1 lfo4; tab-stops: list 54.0pt;\"><span style=\"font-size: 12.0pt; mso-ascii-font-family: Calibri; mso-fareast-font-family: 'Times New Roman'; mso-hansi-font-family: Calibri; mso-bidi-font-family: Calibri; color: #4f5155; mso-ansi-language: HU;\">B\u00e9k\u00e9ltet\u0151 test\u00fcletek list\u00e1ja: <\/span><a href=\"http:\/\/www.bekeltetes.hu\/index.php?id=testuletek\"><span style=\"font-size: 12.0pt; mso-ascii-font-family: Calibri; mso-hansi-font-family: Calibri; mso-bidi-font-family: Calibri; mso-ansi-language: HU;\">http:\/\/www.bekeltetes.hu\/index.php?id=testuletek<\/span><\/a><\/li><li style=\"margin-left: 54.0pt; text-align: justify; text-indent: -18.0pt; line-height: normal; mso-list: l2 level1 lfo4; tab-stops: list 54.0pt;\"><span style=\"font-size: 12.0pt; mso-ascii-font-family: Calibri; mso-fareast-font-family: 'Times New Roman'; mso-hansi-font-family: Calibri; mso-bidi-font-family: Calibri; color: #4f5155; mso-ansi-language: HU;\">A b\u00e9k\u00e9ltet\u0151 test\u00fclet hat\u00e1sk\u00f6r\u00e9be tartozik a fogyaszt\u00f3i jogvita b\u00edr\u00f3s\u00e1gi elj\u00e1r\u00e1son k\u00edv\u00fcli rendez\u00e9se. A b\u00e9k\u00e9ltet\u0151 test\u00fclet feladata, hogy megk\u00eds\u00e9relje a fogyaszt\u00f3i jogvita rendez\u00e9se c\u00e9lj\u00e1b\u00f3l egyezs\u00e9g l\u00e9trehoz\u00e1s\u00e1t a felek k\u00f6z\u00f6tt. Eredm\u00e9nytelen elj\u00e1r\u00e1s eset\u00e9n az \u00fcgyben d\u00f6nt\u00e9st hoz a fogyaszt\u00f3i jogok \u00e9rv\u00e9nyes\u00edt\u00e9s\u00e9nek biztos\u00edt\u00e1sa \u00e9rdek\u00e9ben.<\/span><\/li><li style=\"margin-left: 54.0pt; text-align: justify; text-indent: -18.0pt; line-height: normal; mso-list: l2 level1 lfo4; tab-stops: list 54.0pt;\"><span style=\"font-size: 12.0pt; mso-ascii-font-family: Calibri; mso-fareast-font-family: 'Times New Roman'; mso-hansi-font-family: Calibri; mso-bidi-font-family: Calibri; color: #4f5155; mso-ansi-language: HU;\">A b\u00e9k\u00e9ltet\u0151 test\u00fclet a fogyaszt\u00f3 vagy a Szolg\u00e1ltat\u00f3 k\u00e9r\u00e9s\u00e9re tan\u00e1csot ad a fogyaszt\u00f3t megillet\u0151 jogokkal \u00e9s a fogyaszt\u00f3t terhel\u0151 k\u00f6telezetts\u00e9gekkel kapcsolatban.<\/span><\/li><li style=\"margin-left: 54.0pt; text-align: justify; text-indent: -18.0pt; line-height: normal; mso-list: l2 level1 lfo4; tab-stops: list 54.0pt;\"><span style=\"font-size: 12.0pt; mso-ascii-font-family: Calibri; mso-fareast-font-family: 'Times New Roman'; mso-hansi-font-family: Calibri; mso-bidi-font-family: Calibri; color: #4f5155; mso-ansi-language: HU;\">Szolg\u00e1ltat\u00f3t a b\u00e9k\u00e9ltet\u0151 test\u00fcleti elj\u00e1r\u00e1sban egy\u00fcttm\u0171k\u00f6d\u00e9si k\u00f6telezetts\u00e9g terheli. Amennyiben a v\u00e1llalkoz\u00e1s sz\u00e9khelye vagy telephelye nem a ter\u00fcletileg illet\u00e9kes b\u00e9k\u00e9ltet\u0151 test\u00fcletet m\u0171k\u00f6dtet\u0151 kamara szerinti megy\u00e9be van bejegyezve, a v\u00e1llalkoz\u00e1s egy\u00fcttm\u0171k\u00f6d\u00e9si k\u00f6telezetts\u00e9ge a fogyaszt\u00f3 ig\u00e9ny\u00e9nek megfelel\u0151 \u00edr\u00e1sbeli egyezs\u00e9gk\u00f6t\u00e9s lehet\u0151s\u00e9g\u00e9nek felaj\u00e1nl\u00e1s\u00e1ra terjed ki. <\/span><\/li><\/ul><p style=\"text-align: justify; text-indent: 36.0pt; line-height: normal;\"><strong><span style=\"font-size: 12.0pt; mso-ascii-font-family: Calibri; mso-fareast-font-family: 'Times New Roman'; mso-hansi-font-family: Calibri; mso-bidi-font-family: Calibri; color: #4f5155; mso-ansi-language: HU;\">Fogyaszt\u00f3v\u00e9delmi Hivatal:<\/span><\/strong><\/p><p style=\"margin-left: 36.0pt; text-align: justify; line-height: normal;\"><span style=\"font-size: 12.0pt; mso-ascii-font-family: Calibri; mso-fareast-font-family: 'Times New Roman'; mso-hansi-font-family: Calibri; mso-bidi-font-family: Calibri; color: #4f5155; mso-ansi-language: HU;\">A Fogyaszt\u00f3v\u00e9delmi Hat\u00f3s\u00e1g kijel\u00f6l\u00e9s\u00e9r\u0151l sz\u00f3l\u00f3 387\/2016. (XII. 2.) Korm. rendelet szerint k\u00f6zigazgat\u00e1si hat\u00f3s\u00e1gi \u00fcgyekben:<\/span><\/p><ul><li style=\"margin-left: 54.0pt; text-align: justify; text-indent: -18.0pt; line-height: normal; mso-list: l2 level1 lfo4; tab-stops: list 54.0pt;\"><span style=\"font-size: 12.0pt; mso-ascii-font-family: Calibri; mso-fareast-font-family: 'Times New Roman'; mso-hansi-font-family: Calibri; mso-bidi-font-family: Calibri; color: #4f5155; mso-ansi-language: HU;\">els\u0151fokon a j\u00e1r\u00e1si hivatal, illetve a megyesz\u00e9khely szerinti j\u00e1r\u00e1si hivatal (el\u00e9rhet\u0151s\u00e9gek: <\/span><a href=\"http:\/\/jarasinfo.gov.hu\"><span style=\"font-size: 12.0pt; mso-ascii-font-family: Calibri; mso-hansi-font-family: Calibri; mso-bidi-font-family: Calibri; mso-ansi-language: HU;\">http:\/\/jarasinfo.gov.hu<\/span><\/a><span style=\"font-size: 12.0pt; mso-ascii-font-family: Calibri; mso-fareast-font-family: 'Times New Roman'; mso-hansi-font-family: Calibri; mso-bidi-font-family: Calibri; color: #4f5155; mso-ansi-language: HU;\">),<\/span><\/li><li style=\"margin-left: 54.0pt; text-align: justify; text-indent: -18.0pt; line-height: normal; mso-list: l2 level1 lfo4; tab-stops: list 54.0pt;\"><span style=\"font-size: 12.0pt; mso-ascii-font-family: Calibri; mso-fareast-font-family: 'Times New Roman'; mso-hansi-font-family: Calibri; mso-bidi-font-family: Calibri; color: #4f5155; mso-ansi-language: HU;\">m\u00e1sodfokon orsz\u00e1gos illet\u00e9kess\u00e9ggel a Pest Megyei Korm\u00e1nyhivatal (<\/span><a href=\"http:\/\/www.kormanyhivatal.hu\/hu\/pest\"><span style=\"font-size: 12.0pt; mso-ansi-language: HU;\">http:\/\/www.kormanyhivatal.hu\/hu\/pest<\/span><\/a><span style=\"font-size: 12.0pt; mso-ascii-font-family: Calibri; mso-fareast-font-family: 'Times New Roman'; mso-hansi-font-family: Calibri; mso-bidi-font-family: Calibri; color: #4f5155; mso-ansi-language: HU;\">) j\u00e1r el.<\/span><\/li><li style=\"margin-left: 54.0pt; text-align: justify; text-indent: -18.0pt; line-height: normal; mso-list: l2 level1 lfo4; tab-stops: list 54.0pt;\">\u00a0<\/li><\/ul><ol start=\"8\"><li style=\"text-align: justify; text-indent: -17.85pt; line-height: normal; mso-list: l3 level1 lfo3; tab-stops: list 18.0pt; margin: 12.0pt 0cm 8.0pt 17.85pt;\"><strong><span style=\"font-size: 12.0pt; mso-ascii-font-family: Calibri; mso-fareast-font-family: 'Times New Roman'; mso-hansi-font-family: Calibri; mso-bidi-font-family: Calibri; color: #4f5155; mso-ansi-language: HU;\">Vegyes Rendelkez\u00e9sek<\/span><\/strong><\/li><\/ol><ul style=\"margin-top: 0cm;\"><li style=\"color: #4f5155; text-align: justify; line-height: normal; mso-list: l2 level1 lfo4; tab-stops: list 36.0pt;\"><span style=\"font-size: 12.0pt; mso-ascii-font-family: Calibri; mso-fareast-font-family: 'Times New Roman'; mso-hansi-font-family: Calibri; mso-bidi-font-family: Calibri; mso-ansi-language: HU;\">Ha a jelen Szab\u00e1lyzat b\u00e1rmely r\u00e9sze \u00e9rv\u00e9nytelenn\u00e9, jogtalann\u00e1 vagy \u00e9rv\u00e9nyes\u00edthetetlenn\u00e9 v\u00e1lik, az a fennmarad\u00f3 r\u00e9szek \u00e9rv\u00e9nyess\u00e9g\u00e9t, jogszer\u0171s\u00e9g\u00e9t \u00e9s \u00e9rv\u00e9nyes\u00edthet\u0151s\u00e9g\u00e9t nem \u00e9rinti.<\/span><\/li><li style=\"color: #4f5155; text-align: justify; line-height: normal; mso-list: l2 level1 lfo4; tab-stops: list 36.0pt;\"><span style=\"font-size: 12.0pt; mso-ascii-font-family: Calibri; mso-fareast-font-family: 'Times New Roman'; mso-hansi-font-family: Calibri; mso-bidi-font-family: Calibri; mso-ansi-language: HU;\">Amennyiben Szolg\u00e1ltat\u00f3 a Szab\u00e1lyzat alapj\u00e1n megillet\u0151 jog\u00e1t nem gyakorolja, a joggyakorl\u00e1s elmulaszt\u00e1sa nem tekinthet\u0151 az adott jogr\u00f3l val\u00f3 lemond\u00e1snak. B\u00e1rmilyen jogr\u00f3l t\u00f6rt\u00e9n\u0151 lemond\u00e1s csak az erre vonatkoz\u00f3 kifejezett \u00edr\u00e1sbeli nyilatkozat eset\u00e9n \u00e9rv\u00e9nyes. Az, hogy a Szolg\u00e1ltat\u00f3 egy alkalommal nem ragaszkodik szigor\u00faan a Szab\u00e1lyzat valamely l\u00e9nyegi felt\u00e9tel\u00e9hez, vagy kik\u00f6t\u00e9s\u00e9hez nem jelenti azt, hogy lemond arr\u00f3l, hogy a k\u00e9s\u0151bbiekben ragaszkodjon az adott felt\u00e9tel vagy kik\u00f6t\u00e9s szigor\u00fa betart\u00e1s\u00e1hoz.<\/span><\/li><li style=\"color: #4f5155; text-align: justify; line-height: normal; mso-list: l2 level1 lfo4; tab-stops: list 36.0pt;\"><span style=\"font-size: 12.0pt; mso-ascii-font-family: Calibri; mso-fareast-font-family: 'Times New Roman'; mso-hansi-font-family: Calibri; mso-bidi-font-family: Calibri; mso-ansi-language: HU;\">Szolg\u00e1ltat\u00f3 \u00e9s Felhaszn\u00e1l\u00f3 vit\u00e1s \u00fcgyeiket b\u00e9k\u00e9s \u00faton pr\u00f3b\u00e1lj\u00e1k rendezni.<\/span><\/li><\/ul><p style=\"text-align: justify; line-height: normal;\"><strong><span style=\"font-size: 12.0pt; mso-ascii-font-family: Calibri; mso-fareast-font-family: 'Times New Roman'; mso-hansi-font-family: Calibri; mso-bidi-font-family: Calibri; color: #4f5155; mso-ansi-language: HU;\">\u00a0 <br \/><\/span><\/strong><\/p><p style=\"text-align: justify; line-height: normal;\"><strong><span style=\"font-size: 12.0pt; mso-ascii-font-family: Calibri; mso-fareast-font-family: 'Times New Roman'; mso-hansi-font-family: Calibri; mso-bidi-font-family: Calibri; color: #4f5155; mso-ansi-language: HU;\">Pom\u00e1z, 2021. m\u00e1jus 01.<\/span><\/strong><\/p>\t\t\t\t\t\t\t\t<\/div>\n\t\t\t\t<\/div>\n\t\t\t\t\t<\/div>\n\t\t<\/div>\n\t\t\t\t\t<\/div>\n\t\t<\/section>\n\t\t\t\t<\/div>\n\t\t","protected":false},"excerpt":{"rendered":"<p>\u00c1ltal\u00e1nos Szerz\u0151d\u00e9si Felt\u00e9telek Jelen dokumentum nem ker\u00fcl iktat\u00e1sra, kiz\u00e1r\u00f3lag elektronikus form\u00e1ban ker\u00fcl megk\u00f6t\u00e9sre, nem min\u0151s\u00fcl \u00edr\u00e1sbeli szerz\u0151d\u00e9snek, magyar nyelven \u00edr\u00f3dik, magatart\u00e1si k\u00f3dexre nem utal. A webshop m\u0171k\u00f6d\u00e9s\u00e9vel, megrendel\u00e9si, \u00e9s sz\u00e1ll\u00edt\u00e1si folyamat\u00e1val kapcsolatosan felmer\u00fcl\u0151 k\u00e9rd\u00e9sek eset\u00e9n a megadott el\u00e9rhet\u0151s\u00e9geinken rendelkez\u00e9s\u00e9re \u00e1llunk. Jelen \u00c1SZF hat\u00e1lya Szolg\u00e1ltat\u00f3 weblapj\u00e1n (https:\/\/cafetiko.com) \u00e9s aldomainjein t\u00f6rt\u00e9n\u0151 jogviszonyokra terjed ki. Jelen \u00c1SZF folyamatosan [&hellip;]<\/p>\n","protected":false},"author":1,"featured_media":0,"parent":0,"menu_order":0,"comment_status":"closed","ping_status":"closed","template":"","meta":{"_seopress_robots_primary_cat":"","_seopress_titles_title":"Caf\u00e9 Tiko | \u00c1ltal\u00e1nos Szerz\u0151d\u00e9si Felt\u00e9telek","_seopress_titles_desc":"\u00c1ltal\u00e1nos Szerz\u0151d\u00e9si Felt\u00e9telek - itt megtal\u00e1lsz mindent, ami meghat\u00e1rozza hogyan k\u00f6t\u00fcnk \u00fczletet egym\u00e1ssal. Maradt m\u00e9g k\u00e9rd\u00e9sed? L\u00e9pj kapcsolatba vel\u00fcnk!","_seopress_robots_index":"","footnotes":""},"class_list":["post-200","page","type-page","status-publish","hentry"],"lang":"hu","translations":{"hu":200,"en":205},"jetpack_sharing_enabled":true,"pll_sync_post":[],"_links":{"self":[{"href":"https:\/\/cafetiko.com\/index.php\/wp-json\/wp\/v2\/pages\/200","targetHints":{"allow":["GET"]}}],"collection":[{"href":"https:\/\/cafetiko.com\/index.php\/wp-json\/wp\/v2\/pages"}],"about":[{"href":"https:\/\/cafetiko.com\/index.php\/wp-json\/wp\/v2\/types\/page"}],"author":[{"embeddable":true,"href":"https:\/\/cafetiko.com\/index.php\/wp-json\/wp\/v2\/users\/1"}],"replies":[{"embeddable":true,"href":"https:\/\/cafetiko.com\/index.php\/wp-json\/wp\/v2\/comments?post=200"}],"version-history":[{"count":7,"href":"https:\/\/cafetiko.com\/index.php\/wp-json\/wp\/v2\/pages\/200\/revisions"}],"predecessor-version":[{"id":353,"href":"https:\/\/cafetiko.com\/index.php\/wp-json\/wp\/v2\/pages\/200\/revisions\/353"}],"wp:attachment":[{"href":"https:\/\/cafetiko.com\/index.php\/wp-json\/wp\/v2\/media?parent=200"}],"curies":[{"name":"wp","href":"https:\/\/api.w.org\/{rel}","templated":true}]}}