{"id":3,"date":"2024-12-12T15:55:21","date_gmt":"2024-12-12T15:55:21","guid":{"rendered":"https:\/\/cafetiko.dunakanyaresztetika.hu\/?page_id=3"},"modified":"2025-07-14T14:31:08","modified_gmt":"2025-07-14T13:31:08","slug":"adatvedelem","status":"publish","type":"page","link":"https:\/\/cafetiko.com\/index.php\/hu\/adatvedelem\/","title":{"rendered":"Adatv\u00e9delem"},"content":{"rendered":"\t\t<div data-elementor-type=\"wp-page\" data-elementor-id=\"3\" class=\"elementor elementor-3\" data-elementor-post-type=\"page\">\n\t\t\t\t\t\t<section class=\"elementor-section elementor-top-section elementor-element elementor-element-efc5ef1 elementor-section-boxed elementor-section-height-default elementor-section-height-default\" data-id=\"efc5ef1\" data-element_type=\"section\" data-e-type=\"section\" data-settings=\"{&quot;jet_parallax_layout_list&quot;:[]}\">\n\t\t\t\t\t\t<div class=\"elementor-container elementor-column-gap-default\">\n\t\t\t\t\t<div class=\"elementor-column elementor-col-100 elementor-top-column elementor-element elementor-element-a519f70\" data-id=\"a519f70\" data-element_type=\"column\" data-e-type=\"column\">\n\t\t\t<div class=\"elementor-widget-wrap elementor-element-populated\">\n\t\t\t\t\t\t<div class=\"elementor-element elementor-element-410728d elementor-widget elementor-widget-heading\" data-id=\"410728d\" data-element_type=\"widget\" data-e-type=\"widget\" data-widget_type=\"heading.default\">\n\t\t\t\t<div class=\"elementor-widget-container\">\n\t\t\t\t\t<h1 class=\"elementor-heading-title elementor-size-default\">Adatv\u00e9delem<\/h1>\t\t\t\t<\/div>\n\t\t\t\t<\/div>\n\t\t\t\t\t<\/div>\n\t\t<\/div>\n\t\t\t\t\t<\/div>\n\t\t<\/section>\n\t\t\t\t<section class=\"elementor-section elementor-top-section elementor-element elementor-element-5061f8f elementor-section-boxed elementor-section-height-default elementor-section-height-default\" data-id=\"5061f8f\" data-element_type=\"section\" data-e-type=\"section\" data-settings=\"{&quot;jet_parallax_layout_list&quot;:[]}\">\n\t\t\t\t\t\t<div class=\"elementor-container elementor-column-gap-default\">\n\t\t\t\t\t<div class=\"elementor-column elementor-col-100 elementor-top-column elementor-element elementor-element-fe1b42f\" data-id=\"fe1b42f\" data-element_type=\"column\" data-e-type=\"column\">\n\t\t\t<div class=\"elementor-widget-wrap elementor-element-populated\">\n\t\t\t\t\t\t<div class=\"elementor-element elementor-element-b4babf8 elementor-widget elementor-widget-heading\" data-id=\"b4babf8\" data-element_type=\"widget\" data-e-type=\"widget\" data-widget_type=\"heading.default\">\n\t\t\t\t<div class=\"elementor-widget-container\">\n\t\t\t\t\t<h2 class=\"elementor-heading-title elementor-size-default\">Hat\u00e1lyos: 2024. febru\u00e1r 03.<\/h2>\t\t\t\t<\/div>\n\t\t\t\t<\/div>\n\t\t\t\t\t<\/div>\n\t\t<\/div>\n\t\t\t\t\t<\/div>\n\t\t<\/section>\n\t\t\t\t<section class=\"elementor-section elementor-top-section elementor-element elementor-element-4521458 elementor-section-boxed elementor-section-height-default elementor-section-height-default\" data-id=\"4521458\" data-element_type=\"section\" data-e-type=\"section\" data-settings=\"{&quot;jet_parallax_layout_list&quot;:[]}\">\n\t\t\t\t\t\t<div class=\"elementor-container elementor-column-gap-default\">\n\t\t\t\t\t<div class=\"elementor-column elementor-col-100 elementor-top-column elementor-element elementor-element-fb100c1\" data-id=\"fb100c1\" data-element_type=\"column\" data-e-type=\"column\">\n\t\t\t<div class=\"elementor-widget-wrap elementor-element-populated\">\n\t\t\t\t\t\t<div class=\"elementor-element elementor-element-fd3f3ab elementor-widget elementor-widget-text-editor\" data-id=\"fd3f3ab\" data-element_type=\"widget\" data-e-type=\"widget\" data-widget_type=\"text-editor.default\">\n\t\t\t\t<div class=\"elementor-widget-container\">\n\t\t\t\t\t\t\t\t\t<p style=\"text-align: justify; text-justify: inter-ideograph; margin: 0cm 0cm 1.45pt -.25pt;\"><span style=\"mso-ansi-language: HU;\">Jelen t\u00e1j\u00e9koztat\u00f3 a <strong style=\"mso-bidi-font-weight: normal;\">Costa Rica Caf\u00e9 Kft.<\/strong><\/span> <span style=\"mso-ansi-language: HU;\">(tov\u00e1bbiakban: <strong style=\"mso-bidi-font-weight: normal;\">Costa Rica Caf\u00e9 Kft.<\/strong>) szem\u00e9lyes adatokkezel\u00e9s\u00e9re vonatkoz\u00f3 tev\u00e9kenys\u00e9g\u00e9nek ism\u00e9rveit tartalmazza. A k\u00f6vetkez\u0151kben \u00d6n t\u00e1j\u00e9koztat\u00e1st kaphat arr\u00f3l, hogy a<\/span> <strong style=\"mso-bidi-font-weight: normal;\"><span style=\"mso-ansi-language: HU;\">Costa Rica Caf\u00e9 Kft.<\/span><\/strong><span style=\"mso-ansi-language: HU;\"> milyen szem\u00e9lyes adatokat kezel, milyen c\u00e9lb\u00f3l \u00e9s jogalapon, mennyi ideig, tov\u00e1bb\u00e1 arr\u00f3l, hogy a <strong style=\"mso-bidi-font-weight: normal;\">Costa Rica Caf\u00e9 Kft.<\/strong> \u00e1ltal kezelt szem\u00e9lyes adatokat kik ismerhetik meg, azokhoz kik f\u00e9rhetnek hozz\u00e1. Ezeken k\u00edv\u00fcl a lentiekben r\u00e9szletes felvil\u00e1gos\u00edt\u00e1st tal\u00e1l arr\u00f3l is, hogy az adatkezel\u00e9ssel kapcsolatban milyen jogok illetik meg \u00d6nt \u00e9s azok hogyan gyakorolhat\u00f3ak.<\/span><\/p><p style=\"margin-left: -.25pt; text-align: justify; text-justify: inter-ideograph;\"><span style=\"mso-ansi-language: HU;\">Amennyiben az adatkezel\u00e9ssel vagy a jelen t\u00e1j\u00e9koztat\u00f3ban foglaltakkal kapcsolatban k\u00e9rd\u00e9se, \u00e9szrev\u00e9tele van, k\u00fcldje el a\u00a0<\/span><a href=\"mailto:cafetiko@cafetiko.com\">cafetiko@cafetiko.com<\/a><span style=\"mso-ansi-language: HU;\"> e-mail c\u00edmre. <\/span><\/p><p style=\"margin-left: -.25pt; text-align: justify; text-justify: inter-ideograph;\"><span style=\"mso-ansi-language: HU;\">A <strong style=\"mso-bidi-font-weight: normal;\">Costa Rica Caf\u00e9 Kft.<\/strong> a jelen adatkezel\u00e9si t\u00e1j\u00e9koztat\u00f3t k\u00fcl\u00f6n\u00f6sen \u00faj adatkezel\u00e9s bevezet\u00e9se, vagy m\u00e1r folyamatban l\u00e9v\u0151 adatkezel\u00e9s v\u00e1ltoz\u00e1sa eset\u00e9n m\u00f3dos\u00edthatja, melyr\u0151l els\u0151sorban honlapj\u00e1n t\u00e1j\u00e9koztatja \u00fcgyfeleit \u00e9s a tov\u00e1bbi \u00e9rintett term\u00e9szetes szem\u00e9lyeket. <\/span><\/p><ol><li style=\"text-align: justify; text-justify: inter-ideograph; margin: 0cm 0cm 0cm -.25pt;\"><span style=\"mso-ansi-language: HU;\"> Hogyan kezeli a szem\u00e9lyes adatokat a Costa Rica Caf\u00e9 Kft. A <strong style=\"mso-bidi-font-weight: normal;\">Costa Rica Caf\u00e9 Kft.<\/strong> a tev\u00e9kenys\u00e9ge sor\u00e1n tudom\u00e1s\u00e1ra jutott, valamely term\u00e9szetes szem\u00e9lyre vonatkoz\u00f3 inform\u00e1ci\u00f3t ( pl.: szem\u00e9lyazonos\u00edt\u00f3 adatot, el\u00e9rhet\u0151s\u00e9gi adatot, stb.) azaz szem\u00e9lyes adatot a term\u00e9szetes szem\u00e9lyeknek a szem\u00e9lyes adatok kezel\u00e9se tekintet\u00e9ben t\u00f6rt\u00e9n\u0151 v\u00e9delm\u00e9r\u0151l \u00e9s az ilyen adatok szabad \u00e1raml\u00e1s\u00e1r\u00f3l, valamint a <strong style=\"mso-bidi-font-weight: normal;\">95\/46\/EK<\/strong> rendelet hat\u00e1lyon k\u00edv\u00fcl helyez\u00e9s\u00e9r\u0151l sz\u00f3l\u00f3 <strong style=\"mso-bidi-font-weight: normal;\">2016\/679 EU<\/strong> rendeletnek (\u00c1ltal\u00e1nos adatv\u00e9delmi rendelet \u2013 GDPR), tov\u00e1bb\u00e1 a vonatkoz\u00f3 magyar adatv\u00e9delmi jogszab\u00e1lyoknak megfelel\u0151en, adatkezel\u0151k\u00e9nt kezeli \u00e9s v\u00e9di. <\/span><\/li><\/ol><table style=\"width: 100%; margin-left: 0.35pt; border-collapse: collapse;\" width=\"697\"><tbody><tr style=\"mso-yfti-irow: 0; mso-yfti-firstrow: yes; height: 19.15pt;\"><td style=\"width: 169.8pt; border: solid black 1.0pt; mso-border-alt: solid black .5pt; background: #F2F2F2; padding: 3.3pt 5.75pt 0cm 5.3pt; height: 19.15pt;\" width=\"226\"><p style=\"margin: 0cm; text-indent: 0cm; line-height: 107%;\"><strong style=\"mso-bidi-font-weight: normal;\"><span style=\"mso-ansi-language: HU;\">N\u00e9v: <\/span><\/strong><\/p><\/td><td style=\"width: 352.95pt; border: solid black 1.0pt; border-left: none; mso-border-left-alt: solid black .5pt; mso-border-alt: solid black .5pt; background: #F2F2F2; padding: 3.3pt 5.75pt 0cm 5.3pt; height: 19.15pt;\" width=\"471\"><p style=\"text-indent: 0cm; line-height: 107%; margin: 0cm 0cm 0cm .2pt;\"><span style=\"mso-ansi-language: HU;\">Costa Rica Caf\u00e9 Kft. <\/span><\/p><\/td><\/tr><tr style=\"mso-yfti-irow: 1; height: 19.15pt;\"><td style=\"width: 169.8pt; border: solid black 1.0pt; border-top: none; mso-border-top-alt: solid black .5pt; mso-border-alt: solid black .5pt; background: #F2F2F2; padding: 3.3pt 5.75pt 0cm 5.3pt; height: 19.15pt;\" width=\"226\"><p style=\"margin: 0cm; text-indent: 0cm; line-height: 107%;\"><strong style=\"mso-bidi-font-weight: normal;\"><span style=\"mso-ansi-language: HU;\">Sz\u00e9khely \u00e9s postai levelez\u00e9si c\u00edm: <\/span><\/strong><\/p><\/td><td style=\"width: 352.95pt; border-top: none; border-left: none; border-bottom: solid black 1.0pt; border-right: solid black 1.0pt; mso-border-top-alt: solid black .5pt; mso-border-left-alt: solid black .5pt; mso-border-alt: solid black .5pt; background: #F2F2F2; padding: 3.3pt 5.75pt 0cm 5.3pt; height: 19.15pt;\" width=\"471\"><p style=\"margin-bottom: 0cm; line-height: 107%;\"><span style=\"mso-ansi-language: HU;\">Pom\u00e1z, Vincell\u00e9r u. 21.<\/span><\/p><\/td><\/tr><tr style=\"mso-yfti-irow: 2; height: 19.2pt;\"><td style=\"width: 169.8pt; border: solid black 1.0pt; border-top: none; mso-border-top-alt: solid black .5pt; mso-border-alt: solid black .5pt; background: #F2F2F2; padding: 3.3pt 5.75pt 0cm 5.3pt; height: 19.2pt;\" width=\"226\"><p style=\"margin: 0cm; text-indent: 0cm; line-height: 107%;\"><strong style=\"mso-bidi-font-weight: normal;\"><span style=\"mso-ansi-language: HU;\">Ad\u00f3sz\u00e1ma: <\/span><\/strong><\/p><\/td><td style=\"width: 352.95pt; border-top: none; border-left: none; border-bottom: solid black 1.0pt; border-right: solid black 1.0pt; mso-border-top-alt: solid black .5pt; mso-border-left-alt: solid black .5pt; mso-border-alt: solid black .5pt; background: #F2F2F2; padding: 3.3pt 5.75pt 0cm 5.3pt; height: 19.2pt;\" width=\"471\"><p style=\"text-indent: 0cm; line-height: 107%; margin: 0cm 0cm 0cm .2pt;\"><span style=\"mso-ansi-language: HU;\">29167801-2-13, HU29167801<\/span><\/p><\/td><\/tr><tr style=\"mso-yfti-irow: 3; height: 19.0pt;\"><td style=\"width: 169.8pt; border: solid black 1.0pt; border-top: none; mso-border-top-alt: solid black .5pt; mso-border-alt: solid black .5pt; background: #F2F2F2; padding: 3.3pt 5.75pt 0cm 5.3pt; height: 19.0pt;\" width=\"226\"><p style=\"margin: 0cm; text-indent: 0cm; line-height: 107%;\"><strong style=\"mso-bidi-font-weight: normal;\"><span style=\"mso-ansi-language: HU;\">E-mail c\u00edm: <\/span><\/strong><\/p><\/td><td style=\"width: 352.95pt; border-top: none; border-left: none; border-bottom: solid black 1.0pt; border-right: solid black 1.0pt; mso-border-top-alt: solid black .5pt; mso-border-left-alt: solid black .5pt; mso-border-alt: solid black .5pt; background: #F2F2F2; padding: 3.3pt 5.75pt 0cm 5.3pt; height: 19.0pt;\" width=\"471\"><p style=\"text-indent: 0cm; line-height: 107%; margin: 0cm 0cm 0cm .2pt;\"><a href=\"mailto:cafetiko@cafetiko.com\"><span style=\"mso-ansi-language: HU;\">cafetiko@cafetiko.com<\/span><\/a><\/p><\/td><\/tr><tr style=\"mso-yfti-irow: 4; mso-yfti-lastrow: yes; height: 19.05pt;\"><td style=\"width: 169.8pt; border: solid black 1.0pt; border-top: none; mso-border-top-alt: solid black .5pt; mso-border-alt: solid black .5pt; background: #F2F2F2; padding: 3.3pt 5.75pt 0cm 5.3pt; height: 19.05pt;\" width=\"226\"><p style=\"margin: 0cm; text-indent: 0cm; line-height: 107%;\"><strong style=\"mso-bidi-font-weight: normal;\"><span style=\"mso-ansi-language: HU;\">Honlap c\u00edme: <\/span><\/strong><\/p><\/td><td style=\"width: 352.95pt; border-top: none; border-left: none; border-bottom: solid black 1.0pt; border-right: solid black 1.0pt; mso-border-top-alt: solid black .5pt; mso-border-left-alt: solid black .5pt; mso-border-alt: solid black .5pt; background: #F2F2F2; padding: 3.3pt 5.75pt 0cm 5.3pt; height: 19.05pt;\" width=\"471\"><p style=\"text-indent: 0cm; line-height: 107%; margin: 0cm 0cm 0cm .2pt;\"><a href=\"http:\/\/cafetiko.com\">http:\/\/cafetiko.com<\/a><\/p><\/td><\/tr><\/tbody><\/table><p style=\"margin: 0cm; text-indent: 0cm; line-height: 107%;\"><span style=\"mso-ansi-language: HU;\">\u00a0<\/span><\/p><p style=\"text-align: justify; text-justify: inter-ideograph; line-height: 122%; margin: 0cm 2.15pt 8.4pt -.25pt;\"><span style=\"mso-ansi-language: HU;\">A szem\u00e9lyes adatokra vonatkoz\u00f3 adatkezel\u00e9s fogalomk\u00f6r\u00e9be tartozik a szem\u00e9lyes adatokon v\u00e9gzett b\u00e1rmely m\u0171velet vagy m\u0171veletek \u00f6sszess\u00e9ge, \u00edgy p\u00e9ld\u00e1ul a r\u00f6gz\u00edt\u00e9s, t\u00e1rol\u00e1s, betekint\u00e9s, felhaszn\u00e1l\u00e1s, k\u00f6zl\u00e9s, tov\u00e1bb\u00edt\u00e1s, t\u00f6rl\u00e9s, illetve a megsemmis\u00edt\u00e9s is. A <strong style=\"mso-bidi-font-weight: normal;\">Costa Rica Caf\u00e9 Kft.<\/strong><\/span> <span style=\"mso-ansi-language: HU;\">a szem\u00e9lyes adatok kezel\u00e9se sor\u00e1n megteszi a sz\u00fcks\u00e9ges \u00e9s megfelel\u0151 int\u00e9zked\u00e9seket annak \u00e9rdek\u00e9ben, hogy megakad\u00e1lyozza az azokhoz val\u00f3 jogosulatlan hozz\u00e1f\u00e9r\u00e9st \u00e9s azok jogosulatlan felhaszn\u00e1l\u00e1s\u00e1t. \u00cdgy k\u00fcl\u00f6n\u00f6sen, biztos\u00edtja l\u00e9tes\u00edtm\u00e9nyei fizikai v\u00e9delm\u00e9t (pl.: riaszt\u00f3-\u00e9s kamerarendszer m\u0171k\u00f6dtet\u00e9s\u00e9vel), \u00e9s elektronikus rendszerei illet\u00e9ktelen hozz\u00e1f\u00e9r\u00e9s elleni v\u00e9delm\u00e9t (pl.: t\u0171zfal, biztons\u00e1gos hiteles\u00edt\u00e9s alkalmaz\u00e1s\u00e1val).<\/span><\/p><p style=\"margin-left: -.25pt; text-align: justify; text-justify: inter-ideograph;\"><span style=\"mso-ansi-language: HU;\">A <strong style=\"mso-bidi-font-weight: normal;\">Costa Rica Caf\u00e9 Kft.<\/strong> \u00e1ltal kezelt szem\u00e9lyes adatokhoz alkalmazottai \u00e9s k\u00f6zrem\u0171k\u00f6d\u0151i f\u00e9rhetnek hozz\u00e1, a feladataik teljes\u00edt\u00e9s\u00e9hez, \u00e9s az \u00d6n r\u00e9sz\u00e9re val\u00f3 szolg\u00e1ltat\u00e1sny\u00fajt\u00e1shoz sz\u00fcks\u00e9ges m\u00e9rt\u00e9kben, titoktart\u00e1si k\u00f6telezetts\u00e9gv\u00e1llal\u00e1s mellett. Ezen k\u00edv\u00fcl <strong style=\"mso-bidi-font-weight: normal;\">Costa Rica Caf\u00e9 Kft.<\/strong> az \u00e1ltala kezelt adatokat tov\u00e1bb\u00edthatja harmadik szem\u00e9lyeknek pl.: hat\u00f3s\u00e1goknak, jogszab\u00e1lyi k\u00f6telezetts\u00e9gei teljes\u00edt\u00e9se \u00e9rdek\u00e9ben. Adattov\u00e1bb\u00edt\u00e1sra sor ker\u00fclhet az \u00d6n r\u00e9sz\u00e9re val\u00f3 szolg\u00e1ltat\u00e1sny\u00fajt\u00e1s \u00e9rdek\u00e9ben (pl.: k\u00fcls\u0151 szolg\u00e1ltat\u00f3 ig\u00e9nybev\u00e9tele eset\u00e9n) tov\u00e1bb\u00e1 akkor is, ha a <strong style=\"mso-bidi-font-weight: normal;\">Costa Rica Caf\u00e9 Kft.<\/strong> egyes adatkezel\u00e9si m\u0171veletekhez (pl.: adatt\u00e1rol\u00e1s, rendszerez\u00e9s) harmadik szem\u00e9lyt, a nev\u00e9ben \u00e9s utas\u00edt\u00e1sai szerint elj\u00e1r\u00f3 adatfeldolgoz\u00f3t vesz ig\u00e9nybe. A <strong style=\"mso-bidi-font-weight: normal;\">Costa Rica Caf\u00e9 Kft.<\/strong> az ut\u00f3bbi adatkezel\u00e9s eset\u00e9n is biztos\u00edtja, hogy a szem\u00e9lyes adatok csak olyan adatfeldolgoz\u00f3 r\u00e9sz\u00e9re ker\u00fcljenek tov\u00e1bb\u00edt\u00e1sra, aki megfelel\u0151 garanci\u00e1kat ny\u00fajt az adatkezel\u00e9s \u00e9s az \u00d6n szem\u00e9lyes adatai biztons\u00e1g\u00e1nak biztos\u00edt\u00e1s\u00e1ra. <\/span><\/p><ol start=\"2\"><li style=\"text-align: justify; text-justify: inter-ideograph; line-height: 107%; margin: 0cm 0cm 9.85pt -.25pt;\"><strong style=\"mso-bidi-font-weight: normal;\"><span style=\"mso-ansi-language: HU;\"> Milyen szem\u00e9lyes adatokat kezel a Costa Rica Caf\u00e9 Kft.? <\/span><\/strong><\/li><\/ol><p style=\"text-align: justify; text-justify: inter-ideograph; line-height: 122%; margin: 0cm 2.15pt 6.6pt -.25pt;\"><span style=\"mso-ansi-language: HU;\">Az al\u00e1bbiakban \u00e1ltal\u00e1nost\u00e1j\u00e9koztat\u00e1st tal\u00e1l a <strong style=\"mso-bidi-font-weight: normal;\">Costa Rica Caf\u00e9 Kft.<\/strong> k\u00fcl\u00f6nb\u00f6z\u0151 c\u00e9l\u00fa adatkezel\u00e9seir\u0151l. Amennyiben szem\u00e9lyre szabott t\u00e1j\u00e9koztat\u00e1st k\u00edv\u00e1n kapni pl.: arr\u00f3l, hogy az \u00d6n szem\u00e9lyes adatait a <strong style=\"mso-bidi-font-weight: normal;\">Costa Rica Caf\u00e9 Kft.<\/strong> pontosan milyen c\u00edmzetteknek tov\u00e1bb\u00edtotta \u00e9s mikor, akkor k\u00e9r\u00e9s\u00e9t k\u00fcldje el a <a href=\"mailto:cafetiko@cafetiko.com\">cafetiko@cafetiko.com<\/a><\/span><span style=\"mso-ansi-language: HU;\"> e-mail c\u00edmre. <\/span><\/p><p style=\"margin: 0cm; text-indent: 0cm; line-height: 107%;\"><strong style=\"mso-bidi-font-weight: normal;\"><span style=\"mso-ansi-language: HU;\"><span style=\"mso-spacerun: yes;\">\u00a0<\/span><\/span><\/strong><\/p><table style=\"width: 100%; margin-left: 0.35pt; border-collapse: collapse;\" width=\"697\"><tbody><tr style=\"mso-yfti-irow: 0; mso-yfti-firstrow: yes; height: 59.75pt;\"><td style=\"width: 522.8pt; border: solid black 1.0pt; border-bottom: solid #F2F2F2 1.0pt; mso-border-alt: solid black .5pt; mso-border-bottom-alt: solid #F2F2F2 .25pt; background: #F2F2F2; padding: 2.4pt 13.15pt 0cm 5.3pt; height: 59.75pt;\" width=\"697\"><p style=\"text-align: center; text-indent: 0cm; line-height: 107%; margin: 0cm 0cm 4.8pt 7.8pt;\"><strong style=\"mso-bidi-font-weight: normal;\"><span style=\"font-size: 12.0pt; mso-bidi-font-size: 11.0pt; line-height: 107%; mso-ansi-language: HU;\">A. <\/span><\/strong><\/p><p style=\"margin: 0cm; text-align: center; text-indent: 0cm; line-height: 107%;\"><strong style=\"mso-bidi-font-weight: normal;\"><span style=\"font-size: 12.0pt; mso-bidi-font-size: 11.0pt; line-height: 107%; mso-ansi-language: HU;\">Kereskedelmi szolg\u00e1ltat\u00e1s ny\u00fajt\u00e1s\u00e1val, kereskedelmi tev\u00e9kenys\u00e9gre ir\u00e1nyul\u00f3 szerz\u0151d\u00e9s teljes\u00edt\u00e9s\u00e9vel kapcsolatos adatkezel\u00e9s.<\/span><\/strong><\/p><\/td><\/tr><tr style=\"mso-yfti-irow: 1; height: 19.2pt;\"><td style=\"width: 522.8pt; border-top: none; border-left: solid black 1.0pt; border-bottom: solid #F2F2F2 1.0pt; border-right: solid black 1.0pt; mso-border-top-alt: #F2F2F2 .25pt; mso-border-left-alt: black .5pt; mso-border-bottom-alt: #F2F2F2 .25pt; mso-border-right-alt: black .5pt; mso-border-style-alt: solid; background: #F2F2F2; padding: 2.4pt 13.15pt 0cm 5.3pt; height: 19.2pt;\" width=\"697\"><p style=\"margin: 0cm; text-indent: 0cm; line-height: 107%;\"><strong style=\"mso-bidi-font-weight: normal;\"><span style=\"mso-ansi-language: HU;\">Adatkezel\u00e9s c\u00e9lja<\/span><\/strong><\/p><\/td><\/tr><tr style=\"mso-yfti-irow: 2; height: 44.45pt;\"><td style=\"width: 522.8pt; border-top: none; border-left: solid black 1.0pt; border-bottom: solid #F2F2F2 1.0pt; border-right: solid black 1.0pt; mso-border-top-alt: #F2F2F2 .25pt; mso-border-left-alt: black .5pt; mso-border-bottom-alt: #F2F2F2 .25pt; mso-border-right-alt: black .5pt; mso-border-style-alt: solid; background: #F2F2F2; padding: 2.4pt 13.15pt 0cm 5.3pt; height: 44.45pt;\" width=\"697\"><p style=\"margin: 0cm; text-align: justify; text-justify: inter-ideograph; text-indent: 0cm; line-height: 107%;\"><span style=\"mso-ansi-language: HU;\">Kereskdelemi szolg\u00e1ltat\u00e1s, tev\u00e9kenys\u00e9g ny\u00fajt\u00e1sa, erre ir\u00e1nyul\u00f3 szerz\u0151d\u00e9s megk\u00f6t\u00e9se, m\u00f3dos\u00edt\u00e1sa \u00e9s megsz\u00fcntet\u00e9se, a szerz\u0151d\u00e9ssel kapcsolatos k\u00f6telezetts\u00e9gek teljes\u00edt\u00e9se, jogok \u00e9s esetlegesen felmer\u00fcl\u0151 k\u00f6vetel\u00e9sek \u00e9rv\u00e9nyes\u00edt\u00e9se, ig\u00e9ny\u00e9rv\u00e9nyes\u00edt\u00e9ssel szembeni v\u00e9dekez\u00e9s, tov\u00e1bb\u00e1 kapcsolattart\u00e1s. <\/span><\/p><\/td><\/tr><tr style=\"mso-yfti-irow: 3; height: 19.15pt;\"><td style=\"width: 522.8pt; border-top: none; border-left: solid black 1.0pt; border-bottom: solid #F2F2F2 1.0pt; border-right: solid black 1.0pt; mso-border-top-alt: #F2F2F2 .25pt; mso-border-left-alt: black .5pt; mso-border-bottom-alt: #F2F2F2 .25pt; mso-border-right-alt: black .5pt; mso-border-style-alt: solid; background: #F2F2F2; padding: 2.4pt 13.15pt 0cm 5.3pt; height: 19.15pt;\" width=\"697\"><p style=\"margin: 0cm; text-indent: 0cm; line-height: 107%;\"><strong style=\"mso-bidi-font-weight: normal;\"><span style=\"mso-ansi-language: HU;\">Adatkezel\u00e9s jogalapja <\/span><\/strong><\/p><\/td><\/tr><tr style=\"mso-yfti-irow: 4; height: 50.45pt;\"><td style=\"width: 522.8pt; border-top: none; border-left: solid black 1.0pt; border-bottom: solid #F2F2F2 1.0pt; border-right: solid black 1.0pt; mso-border-top-alt: #F2F2F2 .25pt; mso-border-left-alt: black .5pt; mso-border-bottom-alt: #F2F2F2 .25pt; mso-border-right-alt: black .5pt; mso-border-style-alt: solid; background: #F2F2F2; padding: 2.4pt 13.15pt 0cm 5.3pt; height: 50.45pt;\" width=\"697\"><p style=\"text-indent: 0cm; line-height: 107%; margin: 0cm 0cm 4.2pt 0cm;\"><span style=\"mso-ansi-language: HU;\">Kereskedelmi szolg\u00e1ltat\u00e1s, tev\u00e9kenys\u00e9g ir\u00e1nyul\u00f3 szerz\u0151d\u00e9s teljes\u00edt\u00e9se (GDPR 6. cikk (1) bek. a) \u00e9s b) pont) <\/span><\/p><p style=\"text-indent: 0cm; line-height: 107%; margin: 0cm 0cm 3.95pt 0cm;\"><span style=\"mso-ansi-language: HU;\">Jogi k\u00f6telezetts\u00e9g teljes\u00edt\u00e9se (GDPR 6. cikk (1) bek. c) pont; sz\u00e1mvitelr\u0151l sz\u00f3l\u00f3 2000. \u00e9vi C. t\u00f6rv\u00e9ny 169. \u00a7 (2) bekezd\u00e9se; Elker tv. 13\/A. \u00a7 (3) bekezd\u00e9se) <\/span><\/p><p style=\"margin: 0cm; text-indent: 0cm; line-height: 107%;\"><span style=\"mso-ansi-language: HU;\">Costa Rica Caf\u00e9 Kft. ig\u00e9ny\u00e9rv\u00e9nyes\u00edt\u00e9sre vonatkoz\u00f3 jogos \u00e9rdeke (GDPR 6. cikk (1) bek. f) pont) <\/span><\/p><\/td><\/tr><tr style=\"mso-yfti-irow: 5; height: 19.15pt;\"><td style=\"width: 522.8pt; border-top: none; border-left: solid black 1.0pt; border-bottom: solid #F2F2F2 1.0pt; border-right: solid black 1.0pt; mso-border-top-alt: #F2F2F2 .25pt; mso-border-left-alt: black .5pt; mso-border-bottom-alt: #F2F2F2 .25pt; mso-border-right-alt: black .5pt; mso-border-style-alt: solid; background: #F2F2F2; padding: 2.4pt 13.15pt 0cm 5.3pt; height: 19.15pt;\" width=\"697\"><p style=\"margin: 0cm; text-indent: 0cm; line-height: 107%;\"><strong style=\"mso-bidi-font-weight: normal;\"><span style=\"mso-ansi-language: HU;\">\u00c9rintett szem\u00e9lyes adatok k\u00f6re <\/span><\/strong><\/p><\/td><\/tr><tr><td style=\"width: 522.8pt; border-color: currentcolor black #f2f2f2; border-style: none solid solid; border-width: medium 1pt 1pt; background: #f2f2f2 none repeat scroll 0% 0%; padding: 2.4pt 13.15pt 0cm 5.3pt;\" width=\"697\"><p style=\"text-indent: 0cm; line-height: 107%; margin: 0cm 0cm 4.15pt 0cm;\"><span style=\"mso-ansi-language: HU;\">Costa Rica Caf\u00e9 Kft. az al\u00e1bbi adatokat kezeli: <\/span><\/p><p style=\"text-indent: 0cm; line-height: 107%; mso-list: l2 level1 lfo5; margin: 0cm 0cm 3.9pt 0cm;\"><span style=\"mso-ansi-language: HU;\"><span style=\"mso-list: Ignore;\">&#8211;<span style=\"font: 7.0pt 'Times New Roman';\">\u00a0\u00a0\u00a0\u00a0\u00a0\u00a0\u00a0\u00a0\u00a0\u00a0\u00a0\u00a0\u00a0\u00a0\u00a0\u00a0\u00a0\u00a0\u00a0\u00a0\u00a0 <\/span><\/span><\/span><span style=\"mso-ansi-language: HU;\">Szem\u00e9lyazonos\u00edt\u00f3 adatok (n\u00e9v, sz\u00e1ll\u00edt\u00e1si n\u00e9v), <\/span><\/p><p style=\"text-indent: 0cm; line-height: 107%; mso-list: l2 level1 lfo5; margin: 0cm 0cm 3.95pt 0cm;\"><span style=\"mso-ansi-language: HU;\"><span style=\"mso-list: Ignore;\">&#8211;<span style=\"font: 7.0pt 'Times New Roman';\">\u00a0\u00a0\u00a0\u00a0\u00a0\u00a0\u00a0\u00a0\u00a0\u00a0\u00a0\u00a0\u00a0\u00a0\u00a0\u00a0\u00a0\u00a0\u00a0\u00a0\u00a0 <\/span><\/span><\/span><span style=\"mso-ansi-language: HU;\">El\u00e9rhet\u0151s\u00e9gi adatok (lakc\u00edm, postac\u00edm, \u00e9rtes\u00edt\u00e9si telefonsz\u00e1m, e-mail c\u00edm)<\/span><\/p><p style=\"text-indent: 0cm; line-height: 107%; mso-list: l2 level1 lfo5; margin: 0cm 0cm 3.95pt 0cm;\"><span style=\"mso-ansi-language: HU;\"><span style=\"mso-list: Ignore;\">&#8211;<span style=\"font: 7.0pt 'Times New Roman';\">\u00a0\u00a0\u00a0\u00a0\u00a0\u00a0\u00a0\u00a0\u00a0\u00a0\u00a0\u00a0\u00a0\u00a0\u00a0\u00a0\u00a0\u00a0\u00a0\u00a0\u00a0 <\/span><\/span><\/span><span style=\"mso-ansi-language: HU;\">Jelsz\u00f3<\/span><\/p><p style=\"text-indent: 0cm; line-height: 107%; mso-list: l2 level1 lfo5; margin: 0cm 0cm 3.95pt 0cm;\"><span style=\"mso-ansi-language: HU;\"><span style=\"mso-list: Ignore;\">&#8211;<span style=\"font: 7.0pt 'Times New Roman';\">\u00a0\u00a0\u00a0\u00a0\u00a0\u00a0\u00a0\u00a0\u00a0\u00a0\u00a0\u00a0\u00a0\u00a0\u00a0\u00a0\u00a0\u00a0\u00a0\u00a0\u00a0 <\/span><\/span><\/span><span style=\"mso-ansi-language: HU;\">Kieg\u00e9sz\u00edt\u0151 adatok<\/span><\/p><p style=\"text-indent: 0cm; line-height: 107%; mso-list: l2 level1 lfo5; margin: 0cm 0cm 3.95pt 0cm;\"><span style=\"mso-ansi-language: HU;\"><span style=\"mso-list: Ignore;\">&#8211;<span style=\"font: 7.0pt 'Times New Roman';\">\u00a0\u00a0\u00a0\u00a0\u00a0\u00a0\u00a0\u00a0\u00a0\u00a0\u00a0\u00a0\u00a0\u00a0\u00a0\u00a0\u00a0\u00a0\u00a0\u00a0\u00a0 <\/span><\/span><\/span><span style=\"mso-ansi-language: HU;\">Regisztr\u00e1ci\u00f3 id\u0151pontja<\/span><\/p><p style=\"text-indent: 0cm; line-height: 107%; margin: 0cm 0cm 4.2pt 0cm;\"><span style=\"mso-ansi-language: HU;\">\u00a0<\/span><\/p><p style=\"margin: 0cm; text-indent: 0cm; line-height: 110%;\"><span style=\"mso-ansi-language: HU;\">A fenti szem\u00e9lyes adatokat r\u00e9szben \u00d6n, mint \u00e9rintett szem\u00e9ly adja meg az kereskedelmi szolg\u00e1ltat\u00e1ssal, tev\u00e9kenys\u00e9ggel \u00f6sszef\u00fcgg\u00e9sbenCosta Rica Caf\u00e9 Kft. r\u00e9sz\u00e9re.<\/span><\/p><\/td><\/tr><tr style=\"mso-yfti-irow: 7; height: 19.2pt;\"><td style=\"width: 522.8pt; border-top: none; border-left: solid black 1.0pt; border-bottom: solid #F2F2F2 1.0pt; border-right: solid black 1.0pt; mso-border-top-alt: #F2F2F2 .25pt; mso-border-left-alt: black .5pt; mso-border-bottom-alt: #F2F2F2 .25pt; mso-border-right-alt: black .5pt; mso-border-style-alt: solid; background: #F2F2F2; padding: 2.4pt 13.15pt 0cm 5.3pt; height: 19.2pt;\" width=\"697\"><p style=\"margin: 0cm; text-indent: 0cm; line-height: 107%;\"><strong style=\"mso-bidi-font-weight: normal;\"><span style=\"mso-ansi-language: HU;\">Adatkezel\u00e9s id\u0151tartama; t\u00f6rl\u00e9se <\/span><\/strong><\/p><\/td><\/tr><tr style=\"mso-yfti-irow: 8; height: 82.45pt;\"><td style=\"width: 522.8pt; border-top: none; border-left: solid black 1.0pt; border-bottom: solid #F2F2F2 1.0pt; border-right: solid black 1.0pt; mso-border-top-alt: #F2F2F2 .25pt; mso-border-left-alt: black .5pt; mso-border-bottom-alt: #F2F2F2 .25pt; mso-border-right-alt: black .5pt; mso-border-style-alt: solid; background: #F2F2F2; padding: 2.4pt 13.15pt 0cm 5.3pt; height: 82.45pt;\" width=\"697\"><p style=\"margin: 0cm; text-indent: 0cm; line-height: 107%;\"><span style=\"mso-ansi-language: HU;\">Ha a GDPR 17. cikk (1) bekezd\u00e9s\u00e9ben foglalt felt\u00e9telek valamelyike fenn\u00e1ll, \u00fagy az \u00e9rintett t\u00f6rl\u00e9si k\u00e9relm\u00e9ig vagy a hozz\u00e1j\u00e1rul\u00f3 nyilatkozat visszavon\u00e1s\u00e1ig tart. A regisztr\u00e1ci\u00f3 t\u00f6rl\u00e9s\u00e9vel azonnal t\u00f6rl\u0151dnek a szem\u00e9lyes adatok. Az \u00e9rintett \u00e1ltal megadott b\u00e1rmely szem\u00e9lyes adat t\u00f6rl\u00e9s\u00e9r\u0151l az Adatkezel\u0151 a GDPR 19. cikke alapj\u00e1n, elektronikus \u00faton t\u00e1j\u00e9koztatja az \u00e9rintettet. Ha az \u00e9rintett t\u00f6rl\u00e9si k\u00e9relme kiterjed az \u00e1ltala megadott e-mail c\u00edmre is, akkor az Adatkezel\u0151 a t\u00e1j\u00e9koztat\u00e1st k\u00f6vet\u0151en az e-mail c\u00edmet is t\u00f6rli.<\/span><\/p><\/td><\/tr><tr style=\"mso-yfti-irow: 9; height: 19.15pt;\"><td style=\"width: 522.8pt; border-top: none; border-left: solid black 1.0pt; border-bottom: solid #F2F2F2 1.0pt; border-right: solid black 1.0pt; mso-border-top-alt: #F2F2F2 .25pt; mso-border-left-alt: black .5pt; mso-border-bottom-alt: #F2F2F2 .25pt; mso-border-right-alt: black .5pt; mso-border-style-alt: solid; background: #F2F2F2; padding: 2.4pt 13.15pt 0cm 5.3pt; height: 19.15pt;\" width=\"697\"><p style=\"margin: 0cm; text-indent: 0cm; line-height: 107%;\"><strong style=\"mso-bidi-font-weight: normal;\"><span style=\"mso-ansi-language: HU;\">C\u00edmzettek kateg\u00f3ri\u00e1i, adattov\u00e1bb\u00edt\u00e1s <\/span><\/strong><\/p><\/td><\/tr><tr style=\"mso-yfti-irow: 10; height: 82.15pt;\"><td style=\"width: 522.8pt; border: solid black 1.0pt; border-top: none; mso-border-top-alt: solid #F2F2F2 .25pt; mso-border-alt: solid black .5pt; background: #F2F2F2; padding: 2.4pt 13.15pt 0cm 5.3pt; height: 82.15pt;\" width=\"697\"><p style=\"text-indent: 0cm; line-height: 107%; margin: 0cm 0cm 1.2pt 0cm;\"><span style=\"mso-ansi-language: HU;\">A Costa Rica Caf\u00e9 Kft. a szem\u00e9lyes adatokat az al\u00e1bbi c\u00edmzettek r\u00e9sz\u00e9re tov\u00e1bb\u00edtja:<span style=\"mso-spacerun: yes;\">\u00a0 <\/span><\/span><\/p><p style=\"text-indent: 0cm; line-height: 115%; mso-list: l4 level1 lfo6; margin: 0cm 0cm .1pt 0cm;\"><span style=\"mso-ansi-language: HU;\"><span style=\"mso-list: Ignore;\">&#8211;<span style=\"font: 7.0pt 'Times New Roman';\">\u00a0\u00a0\u00a0\u00a0\u00a0\u00a0\u00a0\u00a0\u00a0\u00a0\u00a0\u00a0\u00a0\u00a0\u00a0\u00a0\u00a0\u00a0\u00a0\u00a0\u00a0 <\/span><\/span><\/span><span style=\"mso-ansi-language: HU;\">t\u00f6rv\u00e9nyben meghat\u00e1rozott hat\u00f3s\u00e1gok, b\u00edr\u00f3s\u00e1gok r\u00e9sz\u00e9re, azok hivatalos megkeres\u00e9s\u00e9re, felh\u00edv\u00e1s\u00e1ra, jogszab\u00e1ly alapj\u00e1n;<\/span><\/p><p style=\"text-indent: 0cm; line-height: 114%; mso-list: l4 level1 lfo6; margin: 0cm 0cm .1pt 0cm;\"><span style=\"mso-ansi-language: HU;\"><span style=\"mso-list: Ignore;\">&#8211;<span style=\"font: 7.0pt 'Times New Roman';\">\u00a0\u00a0\u00a0\u00a0\u00a0\u00a0\u00a0\u00a0\u00a0\u00a0\u00a0\u00a0\u00a0\u00a0\u00a0\u00a0\u00a0\u00a0\u00a0\u00a0\u00a0 <\/span><\/span><\/span><span style=\"mso-ansi-language: HU;\">dokumentumarchiv\u00e1l\u00e1si, iratt\u00e1rol\u00e1si szolg\u00e1ltat\u00e1st ny\u00fajt\u00f3 adatfeldolgoz\u00f3ja r\u00e9sz\u00e9re, adatfeldolgoz\u00e1si szerz\u0151d\u00e9s alapj\u00e1n;<\/span><\/p><p style=\"text-indent: 0cm; line-height: 107%; mso-list: l4 level1 lfo6; margin: 0cm 0cm 4.2pt 0cm;\"><span style=\"mso-ansi-language: HU;\"><span style=\"mso-list: Ignore;\">&#8211;<span style=\"font: 7.0pt 'Times New Roman';\">\u00a0\u00a0\u00a0\u00a0\u00a0\u00a0\u00a0\u00a0\u00a0\u00a0\u00a0\u00a0\u00a0\u00a0\u00a0\u00a0\u00a0\u00a0\u00a0\u00a0\u00a0 <\/span><\/span><\/span><span style=\"mso-ansi-language: HU;\">szerverszolg\u00e1ltat\u00e1st ny\u00fajt\u00f3 adatfeldolgoz\u00f3ja r\u00e9sz\u00e9re, adatfeldolgoz\u00e1si szerz\u0151d\u00e9s alapj\u00e1n;<\/span><\/p><p style=\"margin: 0cm; text-indent: 0cm; line-height: 107%; mso-list: l4 level1 lfo6;\"><span style=\"mso-ansi-language: HU;\"><span style=\"mso-list: Ignore;\">&#8211;<span style=\"font: 7.0pt 'Times New Roman';\">\u00a0\u00a0\u00a0\u00a0\u00a0\u00a0\u00a0\u00a0\u00a0\u00a0\u00a0\u00a0\u00a0\u00a0\u00a0\u00a0\u00a0\u00a0\u00a0\u00a0\u00a0 <\/span><\/span><\/span><span style=\"mso-ansi-language: HU;\">k\u00fcldem\u00e9nyek k\u00e9zbes\u00edt\u00e9s\u00e9t v\u00e9gz\u0151 t\u00e1rsas\u00e1gok, mint adatfeldolgoz\u00f3k r\u00e9sz\u00e9re a k\u00e9zbes\u00edt\u00e9shez sz\u00fcks\u00e9ges adatokat (n\u00e9v \u00e9s c\u00edm), adatfeldolgoz\u00e1si szerz\u0151d\u00e9s alapj\u00e1n.<\/span><\/p><p style=\"margin: 0cm; text-indent: 0cm; line-height: 107%;\"><strong style=\"mso-bidi-font-weight: normal;\"><span style=\"mso-ansi-language: HU;\">Adatszolg\u00e1ltat\u00e1s elmarad\u00e1s\u00e1nak k\u00f6vetkezm\u00e9nye<\/span><\/strong><\/p><p><span style=\"mso-ansi-language: HU;\">Az adatszolg\u00e1ltat\u00e1s a kereskedelmi szolg\u00e1ltat\u00e1s, tev\u00e9<\/span>kenys<span style=\"mso-ansi-language: HU;\">\u00e9<\/span>g<span style=\"mso-ansi-language: HU;\"> ny\u00fajt\u00e1s\u00e1hoz, a szerz\u0151d\u00e9s teljes\u00edt\u00e9s\u00e9hez sz\u00fcks\u00e9ges, ez\u00e9rt az adatszolg\u00e1ltat\u00e1s elmarad\u00e1sa eset\u00e9n nem, vagy nem megfelel\u0151en ny\u00fajthat\u00f3 szolg\u00e1ltat\u00e1s, nem v\u00e9gezhet\u0151 tev\u00e9kenys\u00e9g.<\/span><\/p><p style=\"margin: 0cm; text-indent: 0cm; line-height: 107%;\"><span style=\"mso-ansi-language: HU;\">\u00a0<\/span><\/p><\/td><\/tr><\/tbody><\/table><p style=\"margin: 0cm; text-align: justify; text-justify: inter-ideograph; text-indent: 0cm; line-height: 107%;\"><strong style=\"mso-bidi-font-weight: normal;\"><span style=\"mso-ansi-language: HU;\"><span style=\"mso-spacerun: yes;\">\u00a0<\/span><\/span><\/strong><\/p><table style=\"width: 100%; margin-left: 0.35pt; border-collapse: collapse;\" width=\"697\"><tbody><tr style=\"mso-yfti-irow: 0; mso-yfti-firstrow: yes; height: 46.0pt;\"><td style=\"width: 522.8pt; border: solid black 1.0pt; border-bottom: solid #F2F2F2 1.0pt; mso-border-alt: solid black .5pt; mso-border-bottom-alt: solid #F2F2F2 .25pt; background: #F2F2F2; padding: 5.5pt 7.7pt 0cm 5.3pt; height: 46.0pt;\" width=\"697\"><p style=\"text-align: center; text-indent: 0cm; line-height: 107%; margin: 0cm 0cm 6.45pt 2.15pt;\"><strong style=\"mso-bidi-font-weight: normal;\"><span style=\"font-size: 12.0pt; mso-bidi-font-size: 11.0pt; line-height: 107%; mso-ansi-language: HU;\">B. <\/span><\/strong><\/p><p style=\"text-align: center; text-indent: 0cm; line-height: 107%; margin: 0cm 0cm 0cm 2.15pt;\"><strong style=\"mso-bidi-font-weight: normal;\"><span style=\"font-size: 12.0pt; mso-bidi-font-size: 11.0pt; line-height: 107%; mso-ansi-language: HU;\">Panaszokkal kapcsolatos adatkezel\u00e9s<\/span><\/strong><\/p><\/td><\/tr><tr style=\"mso-yfti-irow: 1; height: 19.15pt;\"><td style=\"width: 522.8pt; border-top: none; border-left: solid black 1.0pt; border-bottom: solid #F2F2F2 1.0pt; border-right: solid black 1.0pt; mso-border-top-alt: #F2F2F2 .25pt; mso-border-left-alt: black .5pt; mso-border-bottom-alt: #F2F2F2 .25pt; mso-border-right-alt: black .5pt; mso-border-style-alt: solid; background: #F2F2F2; padding: 5.5pt 7.7pt 0cm 5.3pt; height: 19.15pt;\" width=\"697\"><p style=\"margin: 0cm; text-indent: 0cm; line-height: 107%;\"><strong style=\"mso-bidi-font-weight: normal;\"><span style=\"mso-ansi-language: HU;\">Adatkezel\u00e9s c\u00e9lja<\/span><\/strong><\/p><\/td><\/tr><tr style=\"mso-yfti-irow: 2; height: 19.2pt;\"><td style=\"width: 522.8pt; border-top: none; border-left: solid black 1.0pt; border-bottom: solid #F2F2F2 1.0pt; border-right: solid black 1.0pt; mso-border-top-alt: #F2F2F2 .25pt; mso-border-left-alt: black .5pt; mso-border-bottom-alt: #F2F2F2 .25pt; mso-border-right-alt: black .5pt; mso-border-style-alt: solid; background: #F2F2F2; padding: 5.5pt 7.7pt 0cm 5.3pt; height: 19.2pt;\" width=\"697\"><p style=\"margin: 0cm; text-indent: 0cm; line-height: 107%;\"><span style=\"mso-ansi-language: HU;\">Panasz\u00fcgyint\u00e9z\u00e9s, panasszal \u00e9rintett eset k\u00f6r\u00fclm\u00e9nyeinek kivizsg\u00e1l\u00e1sa \u00e9s a panasz kezel\u00e9se.<\/span><\/p><\/td><\/tr><tr style=\"mso-yfti-irow: 3; height: 19.0pt;\"><td style=\"width: 522.8pt; border-top: none; border-left: solid black 1.0pt; border-bottom: solid #F2F2F2 1.0pt; border-right: solid black 1.0pt; mso-border-top-alt: #F2F2F2 .25pt; mso-border-left-alt: black .5pt; mso-border-bottom-alt: #F2F2F2 .25pt; mso-border-right-alt: black .5pt; mso-border-style-alt: solid; background: #F2F2F2; padding: 5.5pt 7.7pt 0cm 5.3pt; height: 19.0pt;\" width=\"697\"><p style=\"margin: 0cm; text-indent: 0cm; line-height: 107%;\"><strong style=\"mso-bidi-font-weight: normal;\"><span style=\"mso-ansi-language: HU;\">Adatkezel\u00e9s jogalapja <\/span><\/strong><\/p><\/td><\/tr><tr style=\"mso-yfti-irow: 4; height: 88.45pt;\"><td style=\"width: 522.8pt; border-top: none; border-left: solid black 1.0pt; border-bottom: solid #F2F2F2 1.0pt; border-right: solid black 1.0pt; mso-border-top-alt: #F2F2F2 .25pt; mso-border-left-alt: black .5pt; mso-border-bottom-alt: #F2F2F2 .25pt; mso-border-right-alt: black .5pt; mso-border-style-alt: solid; background: #F2F2F2; padding: 5.5pt 7.7pt 0cm 5.3pt; height: 88.45pt;\" width=\"697\"><p style=\"text-indent: 0cm; line-height: 107%; margin: 0cm 0cm 1.85pt 0cm;\"><span style=\"mso-ansi-language: HU;\">Szerz\u0151d\u00e9s teljes\u00edt\u00e9se (GDPR 6. cikk (1) bek. b) pont);<\/span><\/p><p style=\"text-indent: 0cm; line-height: 115%; margin: 0cm 0cm 3.2pt 0cm;\"><span style=\"mso-ansi-language: HU;\">6. cikk (1) bekezd\u00e9s c) pontja, \u00e9s a fogyaszt\u00f3v\u00e9delemr\u0151l sz\u00f3l\u00f3 1997. \u00e9vi CLV. t\u00f6rv\u00e9ny 17\/A. \u00a7 (7) bekezd\u00e9se.<\/span><\/p><p style=\"margin: 0cm; text-indent: 0cm; line-height: 107%;\"><span style=\"mso-ansi-language: HU;\">Az \u00d6n, mint \u00e9rintett szem\u00e9ly hozz\u00e1j\u00e1rul\u00e1sa, amelyet a panasz beny\u00fajt\u00e1s\u00e1val ad meg a Costa Rica Caf\u00e9 Kft. r\u00e9sz\u00e9re, k\u00fcl\u00f6n\u00f6sen abban az esetben, amikor nem \u00d6n vette ig\u00e9nybe a kereskedelmi szolg\u00e1ltat\u00e1st, tev\u00e9kenys\u00e9get, hanem p\u00e9ld\u00e1ul hozz\u00e1tartoz\u00f3ja, de a panaszt \u00d6n ny\u00fajtja be (GDPR 6. cikk (1) bekezd\u00e9s a) pont).<\/span><\/p><\/td><\/tr><tr style=\"mso-yfti-irow: 5; height: 19.2pt;\"><td style=\"width: 522.8pt; border-top: none; border-left: solid black 1.0pt; border-bottom: solid #F2F2F2 1.0pt; border-right: solid black 1.0pt; mso-border-top-alt: #F2F2F2 .25pt; mso-border-left-alt: black .5pt; mso-border-bottom-alt: #F2F2F2 .25pt; mso-border-right-alt: black .5pt; mso-border-style-alt: solid; background: #F2F2F2; padding: 5.5pt 7.7pt 0cm 5.3pt; height: 19.2pt;\" width=\"697\"><p style=\"margin: 0cm; text-indent: 0cm; line-height: 107%;\"><strong style=\"mso-bidi-font-weight: normal;\"><span style=\"mso-ansi-language: HU;\">\u00c9rintett szem\u00e9lyes adatok k\u00f6re<\/span><\/strong><\/p><\/td><\/tr><tr style=\"mso-yfti-irow: 6; height: 31.8pt;\"><td style=\"width: 522.8pt; border-top: none; border-left: solid black 1.0pt; border-bottom: solid #F2F2F2 1.0pt; border-right: solid black 1.0pt; mso-border-top-alt: #F2F2F2 .25pt; mso-border-left-alt: black .5pt; mso-border-bottom-alt: #F2F2F2 .25pt; mso-border-right-alt: black .5pt; mso-border-style-alt: solid; background: #F2F2F2; padding: 5.5pt 7.7pt 0cm 5.3pt; height: 31.8pt;\" width=\"697\"><p style=\"margin: 0cm; text-align: justify; text-justify: inter-ideograph; text-indent: 0cm; line-height: 107%;\"><span style=\"mso-ansi-language: HU;\">Panasz beny\u00fajt\u00f3j\u00e1nak panaszban megadott szem\u00e9lyazonos\u00edt\u00f3 adatai (n\u00e9v, sz\u00e1ml\u00e1z\u00e1si n\u00e9v, e-mail c\u00edm, lakc\u00edm, telefonsz\u00e1m), tov\u00e1bb\u00e1 a panaszban foglalt szem\u00e9lyes adatok.<\/span><\/p><\/td><\/tr><tr style=\"mso-yfti-irow: 7; height: 19.2pt;\"><td style=\"width: 522.8pt; border-top: none; border-left: solid black 1.0pt; border-bottom: solid #F2F2F2 1.0pt; border-right: solid black 1.0pt; mso-border-top-alt: #F2F2F2 .25pt; mso-border-left-alt: black .5pt; mso-border-bottom-alt: #F2F2F2 .25pt; mso-border-right-alt: black .5pt; mso-border-style-alt: solid; background: #F2F2F2; padding: 5.5pt 7.7pt 0cm 5.3pt; height: 19.2pt;\" width=\"697\"><p style=\"margin: 0cm; text-indent: 0cm; line-height: 107%;\"><strong style=\"mso-bidi-font-weight: normal;\"><span style=\"mso-ansi-language: HU;\">Adatkezel\u00e9s id\u0151tartama; t\u00f6rl\u00e9se<\/span><\/strong><\/p><\/td><\/tr><tr style=\"mso-yfti-irow: 8; height: 31.8pt;\"><td style=\"width: 522.8pt; border-top: none; border-left: solid black 1.0pt; border-bottom: solid #F2F2F2 1.0pt; border-right: solid black 1.0pt; mso-border-top-alt: #F2F2F2 .25pt; mso-border-left-alt: black .5pt; mso-border-bottom-alt: #F2F2F2 .25pt; mso-border-right-alt: black .5pt; mso-border-style-alt: solid; background: #F2F2F2; padding: 5.5pt 7.7pt 0cm 5.3pt; height: 31.8pt;\" width=\"697\"><p style=\"margin: 0cm; text-indent: 0cm; line-height: 107%;\"><span style=\"mso-ansi-language: HU;\">A kifog\u00e1sr\u00f3l felvett jegyz\u0151k\u00f6nyv, \u00e1tirat \u00e9s az arra adott v\u00e1lasz m\u00e1solati p\u00e9ld\u00e1nyait a fogyaszt\u00f3v\u00e9delemr\u0151l sz\u00f3l\u00f3 1997. \u00e9vi CLV. t\u00f6rv\u00e9ny 17\/A. \u00a7 (7) bekezd\u00e9se alapj\u00e1n 5 \u00e9v<\/span><\/p><\/td><\/tr><tr style=\"mso-yfti-irow: 9; height: 19.25pt;\"><td style=\"width: 522.8pt; border-top: none; border-left: solid black 1.0pt; border-bottom: solid #F2F2F2 1.0pt; border-right: solid black 1.0pt; mso-border-top-alt: #F2F2F2 .25pt; mso-border-left-alt: black .5pt; mso-border-bottom-alt: #F2F2F2 .25pt; mso-border-right-alt: black .5pt; mso-border-style-alt: solid; background: #F2F2F2; padding: 5.5pt 7.7pt 0cm 5.3pt; height: 19.25pt;\" width=\"697\"><p style=\"margin: 0cm; text-indent: 0cm; line-height: 107%;\"><strong style=\"mso-bidi-font-weight: normal;\"><span style=\"mso-ansi-language: HU;\">C\u00edmzettek kateg\u00f3ri\u00e1i, adattov\u00e1bb\u00edt\u00e1s<\/span><\/strong><\/p><\/td><\/tr><tr style=\"mso-yfti-irow: 10; height: 185.85pt;\"><td style=\"width: 522.8pt; border-top: none; border-left: solid black 1.0pt; border-bottom: solid #F2F2F2 1.0pt; border-right: solid black 1.0pt; mso-border-top-alt: #F2F2F2 .25pt; mso-border-left-alt: black .5pt; mso-border-bottom-alt: #F2F2F2 .25pt; mso-border-right-alt: black .5pt; mso-border-style-alt: solid; background: #F2F2F2; padding: 5.5pt 7.7pt 0cm 5.3pt; height: 185.85pt;\" width=\"697\"><p style=\"text-indent: 0cm; line-height: 115%; margin: 0cm 0cm 3.2pt 0cm;\"><span style=\"mso-ansi-language: HU;\">Costa Rica Caf\u00e9 Kft. a panaszokkal kapcsolatos szem\u00e9lyes adatokat az al\u00e1bbi c\u00edmzettek r\u00e9sz\u00e9re tov\u00e1bb\u00edtja: <\/span><\/p><p style=\"text-indent: 0cm; line-height: 114%; mso-list: l8 level1 lfo7; margin: 0cm 0cm 3.35pt 0cm;\"><span style=\"mso-ansi-language: HU;\"><span style=\"mso-list: Ignore;\">&#8211;<span style=\"font: 7.0pt 'Times New Roman';\">\u00a0\u00a0\u00a0\u00a0\u00a0\u00a0\u00a0\u00a0\u00a0\u00a0\u00a0\u00a0\u00a0\u00a0\u00a0\u00a0\u00a0\u00a0\u00a0\u00a0\u00a0 <\/span><\/span><\/span><span style=\"mso-ansi-language: HU;\">t\u00f6rv\u00e9nyben meghat\u00e1rozott hat\u00f3s\u00e1gok, b\u00edr\u00f3s\u00e1gok r\u00e9sz\u00e9re, azok hivatalos megkeres\u00e9s\u00e9re, felh\u00edv\u00e1s\u00e1ra, jogszab\u00e1ly alapj\u00e1n; <\/span><\/p><p style=\"text-indent: 0cm; line-height: 115%; mso-list: l8 level1 lfo7; margin: 0cm 0cm 3.1pt 0cm;\"><span style=\"mso-ansi-language: HU;\"><span style=\"mso-list: Ignore;\">&#8211;<span style=\"font: 7.0pt 'Times New Roman';\">\u00a0\u00a0\u00a0\u00a0\u00a0\u00a0\u00a0\u00a0\u00a0\u00a0\u00a0\u00a0\u00a0\u00a0\u00a0\u00a0\u00a0\u00a0\u00a0\u00a0\u00a0 <\/span><\/span><\/span><span style=\"mso-ansi-language: HU;\">dokumentumarchiv\u00e1l\u00e1si, iratt\u00e1rol\u00e1si szolg\u00e1ltat\u00e1st ny\u00fajt\u00f3 adatfeldolgoz\u00f3ja r\u00e9sz\u00e9re adatfeldolgoz\u00e1si szerz\u0151d\u00e9s alapj\u00e1n; <\/span><\/p><p style=\"text-indent: 0cm; line-height: 115%; mso-list: l8 level1 lfo7; margin: 0cm 0cm 3.2pt 0cm;\"><span style=\"mso-ansi-language: HU;\"><span style=\"mso-list: Ignore;\">&#8211;<span style=\"font: 7.0pt 'Times New Roman';\">\u00a0\u00a0\u00a0\u00a0\u00a0\u00a0\u00a0\u00a0\u00a0\u00a0\u00a0\u00a0\u00a0\u00a0\u00a0\u00a0\u00a0\u00a0\u00a0\u00a0\u00a0 <\/span><\/span><\/span><span style=\"mso-ansi-language: HU;\">k\u00fcldem\u00e9nyek k\u00e9zbes\u00edt\u00e9s\u00e9t v\u00e9gz\u0151 t\u00e1rsas\u00e1gok, mint adatfeldolgoz\u00f3k r\u00e9sz\u00e9re a k\u00e9zbes\u00edt\u00e9shez sz\u00fcks\u00e9ges adatokat (n\u00e9v \u00e9s c\u00edm), adatfeldolgoz\u00e1si szerz\u0151d\u00e9s alapj\u00e1n. <\/span><\/p><p style=\"margin: 0cm; text-indent: 0cm; line-height: 107%; mso-list: l8 level1 lfo7;\"><span style=\"mso-ansi-language: HU;\"><span style=\"mso-list: Ignore;\">&#8211;<span style=\"font: 7.0pt 'Times New Roman';\">\u00a0\u00a0\u00a0\u00a0\u00a0\u00a0\u00a0\u00a0\u00a0\u00a0\u00a0\u00a0\u00a0\u00a0\u00a0\u00a0\u00a0\u00a0\u00a0\u00a0\u00a0 <\/span><\/span><\/span><span style=\"mso-ansi-language: HU;\">\u00a0<\/span><\/p><\/td><\/tr><tr style=\"mso-yfti-irow: 11; height: 19.2pt;\"><td style=\"width: 522.8pt; border-top: none; border-left: solid black 1.0pt; border-bottom: solid #F2F2F2 1.0pt; border-right: solid black 1.0pt; mso-border-top-alt: #F2F2F2 .25pt; mso-border-left-alt: black .5pt; mso-border-bottom-alt: #F2F2F2 .25pt; mso-border-right-alt: black .5pt; mso-border-style-alt: solid; background: #F2F2F2; padding: 5.5pt 7.7pt 0cm 5.3pt; height: 19.2pt;\" width=\"697\"><p style=\"margin: 0cm; text-indent: 0cm; line-height: 107%;\"><strong style=\"mso-bidi-font-weight: normal;\"><span style=\"mso-ansi-language: HU;\">Adatszolg\u00e1ltat\u00e1s elmarad\u00e1s\u00e1nak k\u00f6vetkezm\u00e9nye <\/span><\/strong><\/p><\/td><\/tr><tr style=\"mso-yfti-irow: 12; mso-yfti-lastrow: yes; height: 31.65pt;\"><td style=\"width: 522.8pt; border: solid black 1.0pt; border-top: none; mso-border-top-alt: solid #F2F2F2 .25pt; mso-border-alt: solid black .5pt; background: #F2F2F2; padding: 5.5pt 7.7pt 0cm 5.3pt; height: 31.65pt;\" width=\"697\"><p style=\"margin: 0cm; text-indent: 0cm; line-height: 107%;\"><span style=\"mso-ansi-language: HU;\">A panaszhoz kapcsol\u00f3d\u00f3 valamennyi relev\u00e1ns adat sz\u00fcks\u00e9ges a panasz kezel\u00e9s\u00e9hez, a k\u00f6r\u00fclm\u00e9nyek kivizsg\u00e1l\u00e1shoz. Az adatszolg\u00e1ltat\u00e1s elmarad\u00e1sa, vagy hi\u00e1nyos volta eset\u00e9n a panasz nem, vagy nem megfelel\u0151en kezelhet\u0151. <\/span><\/p><\/td><\/tr><\/tbody><\/table><p style=\"text-align: justify; text-justify: inter-ideograph; text-indent: 0cm; line-height: 107%; margin: 0cm 0cm 7.85pt 0cm;\"><strong style=\"mso-bidi-font-weight: normal;\"><span style=\"mso-ansi-language: HU;\"><span style=\"mso-spacerun: yes;\">\u00a0<\/span><\/span><\/strong><\/p><p style=\"margin: 0cm; text-align: justify; text-justify: inter-ideograph; text-indent: 0cm; line-height: 107%;\"><strong style=\"mso-bidi-font-weight: normal;\"><span style=\"mso-ansi-language: HU;\"><span style=\"mso-spacerun: yes;\">\u00a0<\/span><\/span><\/strong><\/p><table style=\"margin-left: 0.35pt; border-collapse: collapse; width: 100%;\" width=\"697\"><tbody><tr style=\"mso-yfti-irow: 0; mso-yfti-firstrow: yes; height: 43.75pt;\"><td style=\"width: 522.8pt; border: solid black 1.0pt; border-bottom: solid #F2F2F2 1.0pt; mso-border-alt: solid black .5pt; mso-border-bottom-alt: solid #F2F2F2 .25pt; background: #F2F2F2; padding: 5.45pt 3.4pt 0cm 5.3pt; height: 43.75pt;\" width=\"697\"><p style=\"text-align: center; text-indent: 0cm; line-height: 107%; margin: 0cm 2.0pt 7.2pt 0cm;\"><strong style=\"mso-bidi-font-weight: normal;\"><span style=\"mso-ansi-language: HU;\">C. <\/span><\/strong><\/p><p style=\"text-align: center; text-indent: 0cm; line-height: 107%; margin: 0cm 2.8pt 0cm 0cm;\"><strong style=\"mso-bidi-font-weight: normal;\"><span style=\"mso-ansi-language: HU;\">Egy\u00e9b megkeres\u00e9sekkel, \u00fcgyf\u00e9l-el\u00e9gedetts\u00e9gi k\u00e9rd\u0151\u00edvvel, tov\u00e1bb\u00e1 kapcsolattart\u00e1ssal \u00f6sszef\u00fcgg\u0151 adatkezel\u00e9s <\/span><\/strong><\/p><\/td><\/tr><tr style=\"mso-yfti-irow: 1; height: 19.2pt;\"><td style=\"width: 522.8pt; border-top: none; border-left: solid black 1.0pt; border-bottom: solid #F2F2F2 1.0pt; border-right: solid black 1.0pt; mso-border-top-alt: #F2F2F2 .25pt; mso-border-left-alt: black .5pt; mso-border-bottom-alt: #F2F2F2 .25pt; mso-border-right-alt: black .5pt; mso-border-style-alt: solid; background: #F2F2F2; padding: 5.45pt 3.4pt 0cm 5.3pt; height: 19.2pt;\" width=\"697\"><p style=\"margin: 0cm; text-indent: 0cm; line-height: 107%;\"><strong style=\"mso-bidi-font-weight: normal;\"><span style=\"mso-ansi-language: HU;\">Adatkezel\u00e9s c\u00e9lja <\/span><\/strong><\/p><\/td><\/tr><tr style=\"mso-yfti-irow: 2; height: 44.4pt;\"><td style=\"width: 522.8pt; border-top: none; border-left: solid black 1.0pt; border-bottom: solid #F2F2F2 1.0pt; border-right: solid black 1.0pt; mso-border-top-alt: #F2F2F2 .25pt; mso-border-left-alt: black .5pt; mso-border-bottom-alt: #F2F2F2 .25pt; mso-border-right-alt: black .5pt; mso-border-style-alt: solid; background: #F2F2F2; padding: 5.45pt 3.4pt 0cm 5.3pt; height: 44.4pt;\" width=\"697\"><p style=\"margin: 0cm; text-indent: 0cm; line-height: 107%;\"><span style=\"mso-ansi-language: HU;\">Az adatkezel\u00e9s c\u00e9lja a kapcsolattart\u00e1s, adott esetben a Costa Rica Caf\u00e9 Kft. k\u00f6t\u00f6tt szerz\u0151d\u00e9s teljes\u00edt\u00e9se, szolg\u00e1ltat\u00e1s ny\u00fajt\u00e1sa, szolg\u00e1ltat\u00e1s, tev\u00e9kenys\u00e9g min\u0151s\u00e9g\u00e9vel kapcsolatos visszajelz\u00e9s gy\u0171jt\u00e9se, ki\u00e9rt\u00e9kel\u00e9se \u00e9s ezen kereszt\u00fcl a szolg\u00e1ltat\u00e1s sz\u00ednvonal\u00e1nak emel\u00e9se. Egy\u00e9b esetekben a bejelent\u00e9sekre, megkeres\u00e9sekre, k\u00e9rd\u00e9sekre val\u00f3 v\u00e1laszad\u00e1s. <\/span><\/p><\/td><\/tr><tr style=\"mso-yfti-irow: 3; height: 101.05pt;\"><td style=\"width: 522.8pt; border-top: none; border-left: solid black 1.0pt; border-bottom: solid #F2F2F2 1.0pt; border-right: solid black 1.0pt; mso-border-top-alt: #F2F2F2 .25pt; mso-border-left-alt: black .5pt; mso-border-bottom-alt: #F2F2F2 .25pt; mso-border-right-alt: black .5pt; mso-border-style-alt: solid; background: #F2F2F2; padding: 5.45pt 3.4pt 0cm 5.3pt; height: 101.05pt;\" width=\"697\"><p style=\"text-indent: 0cm; line-height: 107%; margin: 0cm 0cm 4.05pt 0cm;\"><strong style=\"mso-bidi-font-weight: normal;\"><span style=\"mso-ansi-language: HU;\">Adatkezel\u00e9s jogalapja<\/span><\/strong><\/p><p style=\"text-indent: 0cm; line-height: 115%; margin: 0cm 0cm 3.0pt 0cm;\"><span style=\"mso-ansi-language: HU;\">Costa Rica Caf\u00e9 Kft. szerz\u0151d\u00e9ses partnerei \u00e1ltal a szerz\u0151d\u00e9sben kapcsolattart\u00f3k\u00e9nt megjel\u00f6lt szem\u00e9lyek eset\u00e9ben az adatkezel\u00e9s jogalapja a Costa Rica Caf\u00e9 Kft. \u00e9s a szerz\u0151d\u00e9ses partner\u00e9nek a szerz\u0151d\u00e9s teljes\u00edt\u00e9s\u00e9hez f\u0171z\u0151d\u0151 jogos \u00e9rdeke (GDPR 6. cikk (1) bekezd\u00e9s f) pont). <\/span><\/p><p style=\"text-indent: 0cm; line-height: 107%; margin: 0cm .65pt 0cm 0cm;\"><span style=\"mso-ansi-language: HU;\">Egy\u00e9b bejelent\u00e9sek, megkeres\u00e9sek, k\u00e9rd\u00e9sek, illetve \u00fcgyf\u00e9l-el\u00e9gedetts\u00e9gi k\u00e9rd\u0151\u00edv kit\u00f6lt\u00e9se eset\u00e9n az \u00d6n, mint \u00e9rintett szem\u00e9ly hozz\u00e1j\u00e1rul\u00e1sa, amelyet a megkeres\u00e9s elk\u00fcld\u00e9s\u00e9vel, k\u00e9rd\u0151\u00edv kit\u00f6lt\u00e9s\u00e9vel \u00e9s al\u00e1\u00edr\u00e1s\u00e1val ad meg a Costa Rica Caf\u00e9 Kft. r\u00e9sz\u00e9re (GDPR 6. cikk (1) bekezd\u00e9s a) pont). <\/span><\/p><\/td><\/tr><tr style=\"mso-yfti-irow: 4; height: 19.15pt;\"><td style=\"width: 522.8pt; border-top: none; border-left: solid black 1.0pt; border-bottom: solid #F2F2F2 1.0pt; border-right: solid black 1.0pt; mso-border-top-alt: #F2F2F2 .25pt; mso-border-left-alt: black .5pt; mso-border-bottom-alt: #F2F2F2 .25pt; mso-border-right-alt: black .5pt; mso-border-style-alt: solid; background: #F2F2F2; padding: 5.45pt 3.4pt 0cm 5.3pt; height: 19.15pt;\" width=\"697\"><p style=\"margin: 0cm; text-indent: 0cm; line-height: 107%;\"><strong style=\"mso-bidi-font-weight: normal;\"><span style=\"mso-ansi-language: HU;\">\u00c9rintett szem\u00e9lyes adatok k\u00f6re<\/span><\/strong><\/p><\/td><\/tr><tr style=\"mso-yfti-irow: 5; height: 107.05pt;\"><td style=\"width: 522.8pt; border-top: none; border-left: solid black 1.0pt; border-bottom: solid #F2F2F2 1.0pt; border-right: solid black 1.0pt; mso-border-top-alt: #F2F2F2 .25pt; mso-border-left-alt: black .5pt; mso-border-bottom-alt: #F2F2F2 .25pt; mso-border-right-alt: black .5pt; mso-border-style-alt: solid; background: #F2F2F2; padding: 5.45pt 3.4pt 0cm 5.3pt; height: 107.05pt;\" width=\"697\"><p style=\"text-indent: 0cm; line-height: 114%; margin: 0cm 0cm 1.0pt 0cm;\"><span style=\"mso-ansi-language: HU;\">A kapcsolattart\u00f3k\u00e9nt szerz\u0151d\u00e9sben megjel\u00f6lt szem\u00e9ly, tov\u00e1bb\u00e1 a bejelent\u00e9ssel, megkeres\u00e9ssel \u00e9s k\u00e9rd\u00e9ssel a Costa Rica Caf\u00e9 Kft. -hoz (k\u00f6zvetlen\u00fcl, vagy a Costa Rica Caf\u00e9 Kft. adatfeldolgoz\u00f3ja \u00e1ltal szerkesztett, a <a href=\"https:\/\/cafetiko.com\">cafetiko.com<\/a> honlapon tal\u00e1lhat\u00f3 fel\u00fcleten kereszt\u00fcl) fordul\u00f3 szem\u00e9ly: <\/span><\/p><p style=\"text-indent: 0cm; line-height: 107%; mso-list: l7 level1 lfo8; margin: 0cm 0cm 3.85pt 0cm;\"><span style=\"mso-ansi-language: HU;\"><span style=\"mso-list: Ignore;\">&#8211;<span style=\"font: 7.0pt 'Times New Roman';\">\u00a0\u00a0\u00a0\u00a0\u00a0\u00a0\u00a0\u00a0\u00a0\u00a0\u00a0\u00a0\u00a0\u00a0\u00a0\u00a0\u00a0\u00a0\u00a0\u00a0\u00a0 <\/span><\/span><\/span><span style=\"mso-ansi-language: HU;\">neve, <\/span><\/p><p style=\"text-indent: 0cm; line-height: 130%; mso-list: l7 level1 lfo8; margin: 0cm 0cm .95pt 0cm;\"><span style=\"mso-ansi-language: HU;\"><span style=\"mso-list: Ignore;\">&#8211;<span style=\"font: 7.0pt 'Times New Roman';\">\u00a0\u00a0\u00a0\u00a0\u00a0\u00a0\u00a0\u00a0\u00a0\u00a0\u00a0\u00a0\u00a0\u00a0\u00a0\u00a0\u00a0\u00a0\u00a0\u00a0\u00a0 <\/span><\/span><\/span><span style=\"mso-ansi-language: HU;\">(munkahelyi) telefonsz\u00e1ma, &#8211; (munkahelyi) e-mail c\u00edme, <\/span><\/p><p style=\"margin: 0cm; text-indent: 0cm; line-height: 107%; mso-list: l7 level1 lfo8;\"><span style=\"mso-ansi-language: HU;\"><span style=\"mso-list: Ignore;\">&#8211;<span style=\"font: 7.0pt 'Times New Roman';\">\u00a0\u00a0\u00a0\u00a0\u00a0\u00a0\u00a0\u00a0\u00a0\u00a0\u00a0\u00a0\u00a0\u00a0\u00a0\u00a0\u00a0\u00a0\u00a0\u00a0\u00a0 <\/span><\/span><\/span><span style=\"mso-ansi-language: HU;\">megkeres\u00e9sben, bejelent\u00e9sben, \u00fcgyf\u00e9l-el\u00e9gedetts\u00e9gi k\u00e9rd\u0151\u00edvben foglalt tov\u00e1bbi szem\u00e9lyes adatok <\/span><\/p><\/td><\/tr><tr style=\"mso-yfti-irow: 6; height: 19.2pt;\"><td style=\"width: 522.8pt; border-top: none; border-left: solid black 1.0pt; border-bottom: solid #F2F2F2 1.0pt; border-right: solid black 1.0pt; mso-border-top-alt: #F2F2F2 .25pt; mso-border-left-alt: black .5pt; mso-border-bottom-alt: #F2F2F2 .25pt; mso-border-right-alt: black .5pt; mso-border-style-alt: solid; background: #F2F2F2; padding: 5.45pt 3.4pt 0cm 5.3pt; height: 19.2pt;\" width=\"697\"><p style=\"margin: 0cm; text-indent: 0cm; line-height: 107%;\"><strong style=\"mso-bidi-font-weight: normal;\"><span style=\"mso-ansi-language: HU;\">Adatkezel\u00e9s id\u0151tartama; t\u00f6rl\u00e9se <\/span><\/strong><\/p><\/td><\/tr><tr style=\"mso-yfti-irow: 7; height: 57.05pt;\"><td style=\"width: 522.8pt; border-top: none; border-left: solid black 1.0pt; border-bottom: solid #F2F2F2 1.0pt; border-right: solid black 1.0pt; mso-border-top-alt: #F2F2F2 .25pt; mso-border-left-alt: black .5pt; mso-border-bottom-alt: #F2F2F2 .25pt; mso-border-right-alt: black .5pt; mso-border-style-alt: solid; background: #F2F2F2; padding: 5.45pt 3.4pt 0cm 5.3pt; height: 57.05pt;\" width=\"697\"><p style=\"margin: 0cm; text-indent: 0cm; line-height: 107%;\"><span style=\"mso-ansi-language: HU;\">Szerz\u0151d\u00e9ses kapcsolattart\u00f3 szem\u00e9lyes adatai tekintet\u00e9ben az adott szerz\u0151d\u00e9s fenn\u00e1llta alatt \u00e9s annak megsz\u0171n\u00e9s\u00e9t k\u00f6vet\u0151en az el\u00e9v\u00fcl\u00e9si id\u0151 (ig\u00e9ny\u00e9rv\u00e9nyes\u00edt\u00e9si hat\u00e1rid\u0151 &#8211; 5 \u00e9v) eltelt\u00e9ig tart az adatkezel\u00e9s. Egy\u00e9b esetekben az adatkezel\u00e9s id\u0151tartama a megkeres\u00e9s be\u00e9rkez\u00e9s\u00e9t k\u00f6vet\u0151 5 \u00e9v (el\u00e9v\u00fcl\u00e9si id\u0151), amelynek eltelt\u00e9vel az adatok t\u00f6rl\u00e9sre, megsemmis\u00edt\u00e9sre ker\u00fclnek. <\/span><\/p><\/td><\/tr><tr style=\"mso-yfti-irow: 8; height: 19.2pt;\"><td style=\"width: 522.8pt; border-top: none; border-left: solid black 1.0pt; border-bottom: solid #F2F2F2 1.0pt; border-right: solid black 1.0pt; mso-border-top-alt: #F2F2F2 .25pt; mso-border-left-alt: black .5pt; mso-border-bottom-alt: #F2F2F2 .25pt; mso-border-right-alt: black .5pt; mso-border-style-alt: solid; background: #F2F2F2; padding: 5.45pt 3.4pt 0cm 5.3pt; height: 19.2pt;\" width=\"697\"><p style=\"margin: 0cm; text-indent: 0cm; line-height: 107%;\"><strong style=\"mso-bidi-font-weight: normal;\"><span style=\"mso-ansi-language: HU;\">C\u00edmzettek kateg\u00f3ri\u00e1i, adattov\u00e1bb\u00edt\u00e1s <\/span><\/strong><\/p><\/td><\/tr><tr style=\"mso-yfti-irow: 9; height: 104.05pt;\"><td style=\"width: 522.8pt; border-top: none; border-left: solid black 1.0pt; border-bottom: solid #F2F2F2 1.0pt; border-right: solid black 1.0pt; mso-border-top-alt: #F2F2F2 .25pt; mso-border-left-alt: black .5pt; mso-border-bottom-alt: #F2F2F2 .25pt; mso-border-right-alt: black .5pt; mso-border-style-alt: solid; background: #F2F2F2; padding: 5.45pt 3.4pt 0cm 5.3pt; height: 104.05pt;\" width=\"697\"><p style=\"text-indent: 0cm; line-height: 107%; margin: 0cm 0cm 4.0pt 0cm;\"><span style=\"mso-ansi-language: HU;\">Costa Rica Caf\u00e9 Kft. a szem\u00e9lyes adatokat az al\u00e1bbi c\u00edmzettek r\u00e9sz\u00e9re tov\u00e1bb\u00edtja: <\/span><\/p><p style=\"text-align: justify; text-justify: inter-ideograph; text-indent: 0cm; line-height: 115%; mso-list: l10 level1 lfo9; margin: 0cm 0cm 3.1pt 0cm;\"><span style=\"mso-ansi-language: HU;\"><span style=\"mso-list: Ignore;\">&#8211;<span style=\"font: 7.0pt 'Times New Roman';\">\u00a0\u00a0\u00a0\u00a0\u00a0\u00a0\u00a0\u00a0\u00a0\u00a0\u00a0\u00a0\u00a0\u00a0\u00a0\u00a0\u00a0\u00a0\u00a0\u00a0\u00a0 <\/span><\/span><\/span><span style=\"mso-ansi-language: HU;\">t\u00f6rv\u00e9nyben meghat\u00e1rozott hat\u00f3s\u00e1gok, b\u00edr\u00f3s\u00e1gok r\u00e9sz\u00e9re, azok hivatalos megkeres\u00e9s\u00e9re, felh\u00edv\u00e1s\u00e1ra, jogszab\u00e1ly alapj\u00e1n; <\/span><\/p><p style=\"text-align: justify; text-justify: inter-ideograph; text-indent: 0cm; line-height: 116%; mso-list: l10 level1 lfo9; margin: 0cm 0cm 2.95pt 0cm;\"><span style=\"mso-ansi-language: HU;\"><span style=\"mso-list: Ignore;\">&#8211;<span style=\"font: 7.0pt 'Times New Roman';\">\u00a0\u00a0\u00a0\u00a0\u00a0\u00a0\u00a0\u00a0\u00a0\u00a0\u00a0\u00a0\u00a0\u00a0\u00a0\u00a0\u00a0\u00a0\u00a0\u00a0\u00a0 <\/span><\/span><\/span><span style=\"mso-ansi-language: HU;\">dokumentumarchiv\u00e1l\u00e1si, iratt\u00e1rol\u00e1si szolg\u00e1ltat\u00e1st ny\u00fajt\u00f3 adatfeldolgoz\u00f3ja r\u00e9sz\u00e9re, adatfeldolgoz\u00e1si szerz\u0151d\u00e9s alapj\u00e1n. <\/span><\/p><p style=\"margin: 0cm; text-indent: 0cm; line-height: 107%;\"><span style=\"mso-ansi-language: HU;\">Costa Rica Caf\u00e9 Kft. \u00e1ltal m\u0171k\u00f6dtetett honlapokon megadott adatokhoz az adott weboldal k\u00e9sz\u00edt\u0151je, szerkeszt\u0151je, mint a Costa Rica Caf\u00e9 Kft. adatfeldolgoz\u00f3ja is hozz\u00e1f\u00e9rhet. <\/span><\/p><\/td><\/tr><tr style=\"mso-yfti-irow: 10; height: 19.2pt;\"><td style=\"width: 522.8pt; border-top: none; border-left: solid black 1.0pt; border-bottom: solid #F2F2F2 1.0pt; border-right: solid black 1.0pt; mso-border-top-alt: #F2F2F2 .25pt; mso-border-left-alt: black .5pt; mso-border-bottom-alt: #F2F2F2 .25pt; mso-border-right-alt: black .5pt; mso-border-style-alt: solid; background: #F2F2F2; padding: 5.45pt 3.4pt 0cm 5.3pt; height: 19.2pt;\" width=\"697\"><p style=\"margin: 0cm; text-indent: 0cm; line-height: 107%;\"><strong style=\"mso-bidi-font-weight: normal;\"><span style=\"mso-ansi-language: HU;\">Adatszolg\u00e1ltat\u00e1s elmarad\u00e1s\u00e1nak k\u00f6vetkezm\u00e9nye <\/span><\/strong><\/p><\/td><\/tr><tr style=\"mso-yfti-irow: 11; mso-yfti-lastrow: yes; height: 18.9pt;\"><td style=\"width: 522.8pt; border: solid black 1.0pt; border-top: none; mso-border-top-alt: solid #F2F2F2 .25pt; mso-border-alt: solid black .5pt; background: #F2F2F2; padding: 5.45pt 3.4pt 0cm 5.3pt; height: 18.9pt;\" width=\"697\"><p style=\"margin: 0cm; text-indent: 0cm; line-height: 107%;\"><span style=\"mso-ansi-language: HU;\">Kapcsolattart\u00f3i adatok hi\u00e1ny\u00e1ban a kapcsolattart\u00e1s ellehetetlen\u00fcl. <\/span><\/p><\/td><\/tr><\/tbody><\/table><p style=\"margin: 0cm; text-align: justify; text-justify: inter-ideograph; text-indent: 0cm; line-height: 107%;\"><strong style=\"mso-bidi-font-weight: normal;\"><span style=\"mso-ansi-language: HU;\"><span style=\"mso-spacerun: yes;\">\u00a0<\/span><\/span><\/strong><\/p><table style=\"width: 100%; margin-left: 0.35pt; border-collapse: collapse;\" width=\"697\"><tbody><tr style=\"mso-yfti-irow: 0; mso-yfti-firstrow: yes; height: 46.0pt;\"><td style=\"width: 522.8pt; border: solid black 1.0pt; border-bottom: solid #F2F2F2 1.0pt; mso-border-alt: solid black .5pt; mso-border-bottom-alt: solid #F2F2F2 .25pt; background: #F2F2F2; padding: 5.15pt 5.75pt 0cm 5.3pt; height: 46.0pt;\" width=\"697\"><p style=\"text-align: center; text-indent: 0cm; line-height: 107%; margin: 0cm 0cm 6.45pt .4pt;\"><strong style=\"mso-bidi-font-weight: normal;\"><span style=\"font-size: 12.0pt; mso-bidi-font-size: 11.0pt; line-height: 107%; mso-ansi-language: HU;\">D. <\/span><\/strong><\/p><p style=\"margin: 0cm; text-align: center; text-indent: 0cm; line-height: 107%;\"><strong style=\"mso-bidi-font-weight: normal;\"><span style=\"font-size: 12.0pt; mso-bidi-font-size: 11.0pt; line-height: 107%; mso-ansi-language: HU;\">\u00c1ll\u00e1shirdet\u00e9sre jelentkez\u0151k adatainak kezel\u00e9se \u00e9s toborz\u00e1si adatb\u00e1zissal kapcsolatos adatkezel\u00e9s<\/span><\/strong><\/p><\/td><\/tr><tr style=\"mso-yfti-irow: 1; height: 19.15pt;\"><td style=\"width: 522.8pt; border-top: none; border-left: solid black 1.0pt; border-bottom: solid #F2F2F2 1.0pt; border-right: solid black 1.0pt; mso-border-top-alt: #F2F2F2 .25pt; mso-border-left-alt: black .5pt; mso-border-bottom-alt: #F2F2F2 .25pt; mso-border-right-alt: black .5pt; mso-border-style-alt: solid; background: #F2F2F2; padding: 5.15pt 5.75pt 0cm 5.3pt; height: 19.15pt;\" width=\"697\"><p style=\"margin: 0cm; text-indent: 0cm; line-height: 107%;\"><strong style=\"mso-bidi-font-weight: normal;\"><span style=\"mso-ansi-language: HU;\">Adatkezel\u00e9s c\u00e9lja <\/span><\/strong><\/p><\/td><\/tr><tr style=\"mso-yfti-irow: 2; height: 19.2pt;\"><td style=\"width: 522.8pt; border-top: none; border-left: solid black 1.0pt; border-bottom: solid #F2F2F2 1.0pt; border-right: solid black 1.0pt; mso-border-top-alt: #F2F2F2 .25pt; mso-border-left-alt: black .5pt; mso-border-bottom-alt: #F2F2F2 .25pt; mso-border-right-alt: black .5pt; mso-border-style-alt: solid; background: #F2F2F2; padding: 5.15pt 5.75pt 0cm 5.3pt; height: 19.2pt;\" width=\"697\"><p style=\"margin: 0cm; text-indent: 0cm; line-height: 107%;\"><span style=\"mso-ansi-language: HU;\">\u00c1ll\u00e1shelyek bet\u00f6lt\u00e9se, saj\u00e1t toborz\u00e1si adatb\u00e1zis \u00f6ssze\u00e1ll\u00edt\u00e1sa. <\/span><\/p><\/td><\/tr><tr style=\"mso-yfti-irow: 3; height: 19.05pt;\"><td style=\"width: 522.8pt; border-top: none; border-left: solid black 1.0pt; border-bottom: solid #F2F2F2 1.0pt; border-right: solid black 1.0pt; mso-border-top-alt: #F2F2F2 .25pt; mso-border-left-alt: black .5pt; mso-border-bottom-alt: #F2F2F2 .25pt; mso-border-right-alt: black .5pt; mso-border-style-alt: solid; background: #F2F2F2; padding: 5.15pt 5.75pt 0cm 5.3pt; height: 19.05pt;\" width=\"697\"><p style=\"margin: 0cm; text-indent: 0cm; line-height: 107%;\"><strong style=\"mso-bidi-font-weight: normal;\"><span style=\"mso-ansi-language: HU;\">Adatkezel\u00e9s jogalapja <\/span><\/strong><\/p><\/td><\/tr><tr style=\"mso-yfti-irow: 4; height: 59.9pt;\"><td style=\"width: 522.8pt; border: solid black 1.0pt; border-top: none; mso-border-top-alt: solid #F2F2F2 .25pt; mso-border-alt: solid black .5pt; background: #F2F2F2; padding: 5.15pt 5.75pt 0cm 5.3pt; height: 59.9pt;\" width=\"697\"><p style=\"text-indent: 0cm; line-height: 115%; margin: 0cm 0cm 2.6pt 0cm;\"><span style=\"mso-ansi-language: HU;\">Az adatkezel\u00e9s jogalapja az \u00d6n, mint p\u00e1ly\u00e1z\u00f3 hozz\u00e1j\u00e1rul\u00e1sa, amelyet a p\u00e1ly\u00e1zata beny\u00fajt\u00e1s\u00e1val ad meg a Costa Rica Caf\u00e9 Kft. r\u00e9sz\u00e9re (GDPR 6. cikk (1) bekezd\u00e9s a) pont). <\/span><\/p><p style=\"text-indent: 0cm; line-height: 107%; margin: 0cm 0cm 1.15pt 0cm;\"><span style=\"mso-ansi-language: HU;\">Egy\u00e9b esetekben a jogalap a Costa Rica Caf\u00e9 Kft. \u00e1ll\u00e1shelyek bet\u00f6lt\u00e9s\u00e9re vonatkoz\u00f3 jogos \u00e9rdeke (GDPR 6. cikk <\/span><\/p><p style=\"margin: 0cm; text-indent: 0cm; line-height: 107%;\"><span style=\"mso-ansi-language: HU;\">(1) bekezd\u00e9s f) pont). <\/span><\/p><\/td><\/tr><tr style=\"mso-yfti-irow: 5; height: 19.15pt;\"><td style=\"width: 522.8pt; border-top: none; border-left: solid black 1.0pt; border-bottom: solid #F2F2F2 1.0pt; border-right: solid black 1.0pt; mso-border-top-alt: solid black .5pt; mso-border-alt: solid black .5pt; mso-border-bottom-alt: solid #F2F2F2 .25pt; background: #F2F2F2; padding: 5.15pt 5.75pt 0cm 5.3pt; height: 19.15pt;\" width=\"697\"><p style=\"margin: 0cm; text-indent: 0cm; line-height: 107%;\"><strong style=\"mso-bidi-font-weight: normal;\"><span style=\"mso-ansi-language: HU;\">\u00c9rintett szem\u00e9lyes adatok k\u00f6re <\/span><\/strong><\/p><\/td><\/tr><tr style=\"mso-yfti-irow: 6; height: 125.65pt;\"><td style=\"width: 522.8pt; border-top: none; border-left: solid black 1.0pt; border-bottom: solid #F2F2F2 1.0pt; border-right: solid black 1.0pt; mso-border-top-alt: #F2F2F2 .25pt; mso-border-left-alt: black .5pt; mso-border-bottom-alt: #F2F2F2 .25pt; mso-border-right-alt: black .5pt; mso-border-style-alt: solid; background: #F2F2F2; padding: 5.15pt 5.75pt 0cm 5.3pt; height: 125.65pt;\" width=\"697\"><p style=\"text-indent: 0cm; line-height: 107%; margin: 0cm 0cm 3.3pt 0cm;\"><span style=\"mso-ansi-language: HU;\">P\u00e1ly\u00e1z\u00f3k eset\u00e9ben k\u00f6zvetlen\u00fcl a p\u00e1ly\u00e1z\u00f3t\u00f3l, vagy valamely \u00e1ll\u00e1sport\u00e1lon kereszt\u00fcl kapott adatok: <\/span><\/p><p style=\"text-indent: 0cm; line-height: 107%; mso-list: l5 level1 lfo10; margin: 0cm 0cm 4.1pt 0cm;\"><span style=\"mso-ansi-language: HU;\"><span style=\"mso-list: Ignore;\">&#8211;<span style=\"font: 7.0pt 'Times New Roman';\">\u00a0\u00a0\u00a0\u00a0\u00a0\u00a0\u00a0\u00a0\u00a0\u00a0\u00a0\u00a0\u00a0\u00a0\u00a0\u00a0\u00a0\u00a0\u00a0\u00a0\u00a0 <\/span><\/span><\/span><span style=\"mso-ansi-language: HU;\">n\u00e9v; <\/span><\/p><p style=\"text-indent: 0cm; line-height: 107%; mso-list: l5 level1 lfo10; margin: 0cm 0cm 3.95pt 0cm;\"><span style=\"mso-ansi-language: HU;\"><span style=\"mso-list: Ignore;\">&#8211;<span style=\"font: 7.0pt 'Times New Roman';\">\u00a0\u00a0\u00a0\u00a0\u00a0\u00a0\u00a0\u00a0\u00a0\u00a0\u00a0\u00a0\u00a0\u00a0\u00a0\u00a0\u00a0\u00a0\u00a0\u00a0\u00a0 <\/span><\/span><\/span><span style=\"mso-ansi-language: HU;\">el\u00e9rhet\u0151s\u00e9gi adatok (telefonsz\u00e1m, e-mail c\u00edm); <\/span><\/p><p style=\"text-indent: 0cm; line-height: 107%; mso-list: l5 level1 lfo10; margin: 0cm 0cm 3.95pt 0cm;\"><span style=\"mso-ansi-language: HU;\"><span style=\"mso-list: Ignore;\">&#8211;<span style=\"font: 7.0pt 'Times New Roman';\">\u00a0\u00a0\u00a0\u00a0\u00a0\u00a0\u00a0\u00a0\u00a0\u00a0\u00a0\u00a0\u00a0\u00a0\u00a0\u00a0\u00a0\u00a0\u00a0\u00a0\u00a0 <\/span><\/span><\/span><span style=\"mso-ansi-language: HU;\">minden olyan szem\u00e9lyes adat, amelyet a p\u00e1ly\u00e1z\u00f3 \u00f6n\u00e9letrajz\u00e1ban, p\u00e1ly\u00e1zat\u00e1val \u00f6sszef\u00fcgg\u00e9sben k\u00f6z\u00f6l. <\/span><\/p><p style=\"text-indent: 0cm; line-height: 107%; margin: 0cm 0cm 3.3pt 0cm;\"><span style=\"mso-ansi-language: HU;\">Costa Rica Caf\u00e9 Kft. toborz\u00e1si adatb\u00e1zis\u00e1ban szerepl\u0151k eset\u00e9n: <\/span><\/p><p style=\"text-indent: 0cm; line-height: 107%; mso-list: l5 level1 lfo10; margin: 0cm 0cm 4.2pt 0cm;\"><span style=\"mso-ansi-language: HU;\"><span style=\"mso-list: Ignore;\">&#8211;<span style=\"font: 7.0pt 'Times New Roman';\">\u00a0\u00a0\u00a0\u00a0\u00a0\u00a0\u00a0\u00a0\u00a0\u00a0\u00a0\u00a0\u00a0\u00a0\u00a0\u00a0\u00a0\u00a0\u00a0\u00a0\u00a0 <\/span><\/span><\/span><span style=\"mso-ansi-language: HU;\">n\u00e9v; <\/span><\/p><p style=\"margin: 0cm; text-indent: 0cm; line-height: 107%; mso-list: l5 level1 lfo10;\"><span style=\"mso-ansi-language: HU;\"><span style=\"mso-list: Ignore;\">&#8211;<span style=\"font: 7.0pt 'Times New Roman';\">\u00a0\u00a0\u00a0\u00a0\u00a0\u00a0\u00a0\u00a0\u00a0\u00a0\u00a0\u00a0\u00a0\u00a0\u00a0\u00a0\u00a0\u00a0\u00a0\u00a0\u00a0 <\/span><\/span><\/span><span style=\"mso-ansi-language: HU;\">tov\u00e1bb\u00e1 olyan szem\u00e9lyes adatok, amelyeket az \u00e9rintett szem\u00e9ly k\u00f6z\u00f6ss\u00e9gi oldalakon, \u00e1ll\u00e1sport\u00e1lokon mag\u00e1r\u00f3l k\u00f6zz\u00e9tesz (pl.: v\u00e9gzetts\u00e9gre, szakmai gyakorlatra vonatkoz\u00f3 adatok). <\/span><\/p><\/td><\/tr><tr style=\"mso-yfti-irow: 7; height: 19.15pt;\"><td style=\"width: 522.8pt; border-top: none; border-left: solid black 1.0pt; border-bottom: solid #F2F2F2 1.0pt; border-right: solid black 1.0pt; mso-border-top-alt: #F2F2F2 .25pt; mso-border-left-alt: black .5pt; mso-border-bottom-alt: #F2F2F2 .25pt; mso-border-right-alt: black .5pt; mso-border-style-alt: solid; background: #F2F2F2; padding: 5.15pt 5.75pt 0cm 5.3pt; height: 19.15pt;\" width=\"697\"><p style=\"margin: 0cm; text-indent: 0cm; line-height: 107%;\"><strong style=\"mso-bidi-font-weight: normal;\"><span style=\"mso-ansi-language: HU;\">Adatkezel\u00e9s id\u0151tartama; t\u00f6rl\u00e9se <\/span><\/strong><\/p><\/td><\/tr><tr style=\"mso-yfti-irow: 8; height: 44.45pt;\"><td style=\"width: 522.8pt; border-top: none; border-left: solid black 1.0pt; border-bottom: solid #F2F2F2 1.0pt; border-right: solid black 1.0pt; mso-border-top-alt: #F2F2F2 .25pt; mso-border-left-alt: black .5pt; mso-border-bottom-alt: #F2F2F2 .25pt; mso-border-right-alt: black .5pt; mso-border-style-alt: solid; background: #F2F2F2; padding: 5.15pt 5.75pt 0cm 5.3pt; height: 44.45pt;\" width=\"697\"><p style=\"margin: 0cm; text-indent: 0cm; line-height: 107%;\"><span style=\"mso-ansi-language: HU;\">Eredm\u00e9nytelen p\u00e1ly\u00e1zat eset\u00e9ben a p\u00e1ly\u00e1zat beny\u00fajt\u00e1s\u00e1t, tov\u00e1bb\u00e1 toborz\u00e1si adatb\u00e1zisban szerepl\u0151 szem\u00e9lyek eset\u00e9ben az adatoknak a Costa Rica Caf\u00e9 Kft. saj\u00e1t toborz\u00e1si adatb\u00e1zis\u00e1ba val\u00f3 felv\u00e9tel\u00e9t k\u00f6vet\u0151 2 \u00e9v. Az adatok ezt k\u00f6vet\u0151en t\u00f6rl\u00e9sre, megsemmis\u00edt\u00e9sre ker\u00fclnek. <\/span><\/p><\/td><\/tr><tr style=\"mso-yfti-irow: 9; height: 19.15pt;\"><td style=\"width: 522.8pt; border-top: none; border-left: solid black 1.0pt; border-bottom: solid #F2F2F2 1.0pt; border-right: solid black 1.0pt; mso-border-top-alt: #F2F2F2 .25pt; mso-border-left-alt: black .5pt; mso-border-bottom-alt: #F2F2F2 .25pt; mso-border-right-alt: black .5pt; mso-border-style-alt: solid; background: #F2F2F2; padding: 5.15pt 5.75pt 0cm 5.3pt; height: 19.15pt;\" width=\"697\"><p style=\"margin: 0cm; text-indent: 0cm; line-height: 107%;\"><strong style=\"mso-bidi-font-weight: normal;\"><span style=\"mso-ansi-language: HU;\">Adatszolg\u00e1ltat\u00e1s elmarad\u00e1s\u00e1nak k\u00f6vetkezm\u00e9nye <\/span><\/strong><\/p><\/td><\/tr><tr style=\"mso-yfti-irow: 10; mso-yfti-lastrow: yes; height: 18.95pt;\"><td style=\"width: 522.8pt; border: solid black 1.0pt; border-top: none; mso-border-top-alt: solid #F2F2F2 .25pt; mso-border-alt: solid black .5pt; background: #F2F2F2; padding: 5.15pt 5.75pt 0cm 5.3pt; height: 18.95pt;\" width=\"697\"><p style=\"margin: 0cm; text-indent: 0cm; line-height: 107%;\"><span style=\"mso-ansi-language: HU;\">P\u00e1ly\u00e1z\u00f3k eset\u00e9ben a hi\u00e1nyos adatszolg\u00e1ltat\u00e1s nem teszi lehet\u0151v\u00e9 a p\u00e1ly\u00e1zat eredm\u00e9nyes elb\u00edr\u00e1l\u00e1s\u00e1t. <\/span><\/p><\/td><\/tr><\/tbody><\/table><p style=\"margin: 0cm; text-align: justify; text-justify: inter-ideograph; text-indent: 0cm; line-height: 107%;\"><strong style=\"mso-bidi-font-weight: normal;\"><span style=\"mso-ansi-language: HU;\"><span style=\"mso-spacerun: yes;\">\u00a0<\/span><\/span><\/strong><\/p><table style=\"width: 100%; margin-left: 0.35pt; border-collapse: collapse;\" width=\"697\"><tbody><tr style=\"mso-yfti-irow: 0; mso-yfti-firstrow: yes; height: 46.15pt;\"><td style=\"width: 522.8pt; border: solid black 1.0pt; border-bottom: solid #F2F2F2 1.0pt; mso-border-alt: solid black .5pt; mso-border-bottom-alt: solid #F2F2F2 .25pt; background: #F2F2F2; padding: 5.5pt 9.55pt 0cm 5.3pt; height: 46.15pt;\" width=\"697\"><p style=\"text-align: center; text-indent: 0cm; line-height: 107%; margin: 0cm 0cm 6.45pt 4.0pt;\"><strong style=\"mso-bidi-font-weight: normal;\"><span style=\"font-size: 12.0pt; mso-bidi-font-size: 11.0pt; line-height: 107%; mso-ansi-language: HU;\">E. <\/span><\/strong><\/p><p style=\"text-align: center; text-indent: 0cm; line-height: 107%; margin: 0cm 0cm 0cm 4.1pt;\"><strong style=\"mso-bidi-font-weight: normal;\"><span style=\"font-size: 12.0pt; mso-bidi-font-size: 11.0pt; line-height: 107%; mso-ansi-language: HU;\">H\u00edrlev\u00e9lszolg\u00e1ltat\u00e1s, direkt marketing t\u00e1rgy\u00fa megkeres\u00e9sek<\/span><\/strong><\/p><\/td><\/tr><tr style=\"mso-yfti-irow: 1; height: 19.2pt;\"><td style=\"width: 522.8pt; border-top: none; border-left: solid black 1.0pt; border-bottom: solid #F2F2F2 1.0pt; border-right: solid black 1.0pt; mso-border-top-alt: #F2F2F2 .25pt; mso-border-left-alt: black .5pt; mso-border-bottom-alt: #F2F2F2 .25pt; mso-border-right-alt: black .5pt; mso-border-style-alt: solid; background: #F2F2F2; padding: 5.5pt 9.55pt 0cm 5.3pt; height: 19.2pt;\" width=\"697\"><p style=\"margin: 0cm; text-indent: 0cm; line-height: 107%;\"><strong style=\"mso-bidi-font-weight: normal;\"><span style=\"mso-ansi-language: HU;\">Adatkezel\u00e9s c\u00e9lja <\/span><\/strong><\/p><\/td><\/tr><tr style=\"mso-yfti-irow: 2; height: 31.8pt;\"><td style=\"width: 522.8pt; border-top: none; border-left: solid black 1.0pt; border-bottom: solid #F2F2F2 1.0pt; border-right: solid black 1.0pt; mso-border-top-alt: #F2F2F2 .25pt; mso-border-left-alt: black .5pt; mso-border-bottom-alt: #F2F2F2 .25pt; mso-border-right-alt: black .5pt; mso-border-style-alt: solid; background: #F2F2F2; padding: 5.5pt 9.55pt 0cm 5.3pt; height: 31.8pt;\" width=\"697\"><p style=\"margin: 0cm; text-align: justify; text-justify: inter-ideograph; text-indent: 0cm; line-height: 107%;\"><span style=\"mso-ansi-language: HU;\">K\u00f6zvetlen \u00fczletszerz\u00e9s, a Costa Rica Caf\u00e9 Kft. szolg\u00e1ltat\u00e1sainak n\u00e9pszer\u0171s\u00edt\u00e9se, szolg\u00e1ltat\u00e1sai ig\u00e9nybev\u00e9tel\u00e9nek el\u0151seg\u00edt\u00e9se. <\/span><\/p><\/td><\/tr><tr style=\"mso-yfti-irow: 3; height: 19.0pt;\"><td style=\"width: 522.8pt; border-top: none; border-left: solid black 1.0pt; border-bottom: solid #F2F2F2 1.0pt; border-right: solid black 1.0pt; mso-border-top-alt: #F2F2F2 .25pt; mso-border-left-alt: black .5pt; mso-border-bottom-alt: #F2F2F2 .25pt; mso-border-right-alt: black .5pt; mso-border-style-alt: solid; background: #F2F2F2; padding: 5.5pt 9.55pt 0cm 5.3pt; height: 19.0pt;\" width=\"697\"><p style=\"margin: 0cm; text-indent: 0cm; line-height: 107%;\"><strong style=\"mso-bidi-font-weight: normal;\"><span style=\"mso-ansi-language: HU;\">Adatkezel\u00e9s jogalapja <\/span><\/strong><\/p><\/td><\/tr><tr style=\"mso-yfti-irow: 4; height: 31.8pt;\"><td style=\"width: 522.8pt; border-top: none; border-left: solid black 1.0pt; border-bottom: solid #F2F2F2 1.0pt; border-right: solid black 1.0pt; mso-border-top-alt: #F2F2F2 .25pt; mso-border-left-alt: black .5pt; mso-border-bottom-alt: #F2F2F2 .25pt; mso-border-right-alt: black .5pt; mso-border-style-alt: solid; background: #F2F2F2; padding: 5.5pt 9.55pt 0cm 5.3pt; height: 31.8pt;\" width=\"697\"><p style=\"margin: 0cm; text-indent: 0cm; line-height: 107%;\"><span style=\"mso-ansi-language: HU;\">Az \u00d6n, mint \u00e9rintett szem\u00e9ly hozz\u00e1j\u00e1rul\u00e1sa, tov\u00e1bb\u00e1 a Costa Rica Caf\u00e9 Kft. k\u00f6zvetlen \u00fczletszerz\u00e9sre vonatkoz\u00f3 jogos \u00e9rdeke. <\/span><\/p><\/td><\/tr><tr style=\"mso-yfti-irow: 5; height: 19.2pt;\"><td style=\"width: 522.8pt; border-top: none; border-left: solid black 1.0pt; border-bottom: solid #F2F2F2 1.0pt; border-right: solid black 1.0pt; mso-border-top-alt: #F2F2F2 .25pt; mso-border-left-alt: black .5pt; mso-border-bottom-alt: #F2F2F2 .25pt; mso-border-right-alt: black .5pt; mso-border-style-alt: solid; background: #F2F2F2; padding: 5.5pt 9.55pt 0cm 5.3pt; height: 19.2pt;\" width=\"697\"><p style=\"margin: 0cm; text-indent: 0cm; line-height: 107%;\"><strong style=\"mso-bidi-font-weight: normal;\"><span style=\"mso-ansi-language: HU;\">\u00c9rintett szem\u00e9lyes adatok k\u00f6re <\/span><\/strong><\/p><\/td><\/tr><tr style=\"mso-yfti-irow: 6; height: 50.45pt;\"><td style=\"width: 522.8pt; border-top: none; border-left: solid black 1.0pt; border-bottom: solid #F2F2F2 1.0pt; border-right: solid black 1.0pt; mso-border-top-alt: #F2F2F2 .25pt; mso-border-left-alt: black .5pt; mso-border-bottom-alt: #F2F2F2 .25pt; mso-border-right-alt: black .5pt; mso-border-style-alt: solid; background: #F2F2F2; padding: 5.5pt 9.55pt 0cm 5.3pt; height: 50.45pt;\" width=\"697\"><p style=\"text-indent: 0cm; line-height: 107%; margin: 0cm 0cm 3.3pt 0cm;\"><span style=\"mso-ansi-language: HU;\">Az \u00d6n, mint \u00e9rintett szem\u00e9ly \u00e1ltal megadott al\u00e1bbi adatok: <\/span><\/p><p style=\"text-indent: -6.4pt; line-height: 107%; mso-list: l9 level1 lfo11; margin: 0cm 0cm 3.4pt 6.4pt;\"><span style=\"mso-ansi-language: HU;\"><span style=\"mso-list: Ignore;\">&#8211;<span style=\"font: 7.0pt 'Times New Roman';\">\u00a0 <\/span><\/span><\/span><span style=\"mso-ansi-language: HU;\">n\u00e9v, <\/span><\/p><p style=\"text-indent: -6.4pt; line-height: 107%; mso-list: l9 level1 lfo11; margin: 0cm 0cm 0cm 6.4pt;\"><span style=\"mso-ansi-language: HU;\"><span style=\"mso-list: Ignore;\">&#8211;<span style=\"font: 7.0pt 'Times New Roman';\">\u00a0 <\/span><\/span><\/span><span style=\"mso-ansi-language: HU;\">e-mail c\u00edm. <\/span><\/p><\/td><\/tr><tr style=\"mso-yfti-irow: 7; height: 19.2pt;\"><td style=\"width: 522.8pt; border-top: none; border-left: solid black 1.0pt; border-bottom: solid #F2F2F2 1.0pt; border-right: solid black 1.0pt; mso-border-top-alt: #F2F2F2 .25pt; mso-border-left-alt: black .5pt; mso-border-bottom-alt: #F2F2F2 .25pt; mso-border-right-alt: black .5pt; mso-border-style-alt: solid; background: #F2F2F2; padding: 5.5pt 9.55pt 0cm 5.3pt; height: 19.2pt;\" width=\"697\"><p style=\"margin: 0cm; text-indent: 0cm; line-height: 107%;\"><strong style=\"mso-bidi-font-weight: normal;\"><span style=\"mso-ansi-language: HU;\">Adatkezel\u00e9s id\u0151tartama; t\u00f6rl\u00e9se <\/span><\/strong><\/p><\/td><\/tr><tr style=\"mso-yfti-irow: 8; height: 31.8pt;\"><td style=\"width: 522.8pt; border-top: none; border-left: solid black 1.0pt; border-bottom: solid #F2F2F2 1.0pt; border-right: solid black 1.0pt; mso-border-top-alt: #F2F2F2 .25pt; mso-border-left-alt: black .5pt; mso-border-bottom-alt: #F2F2F2 .25pt; mso-border-right-alt: black .5pt; mso-border-style-alt: solid; background: #F2F2F2; padding: 5.5pt 9.55pt 0cm 5.3pt; height: 31.8pt;\" width=\"697\"><p style=\"margin: 0cm; text-indent: 0cm; line-height: 107%;\"><span style=\"mso-ansi-language: HU;\">Costa Rica Caf\u00e9 Kft. a szem\u00e9lyes adatokat az adatkezel\u00e9s elleni tiltakoz\u00e1sig, ill. a hozz\u00e1j\u00e1rul\u00e1s visszavon\u00e1s\u00e1ig kezeli. <\/span><\/p><\/td><\/tr><tr style=\"mso-yfti-irow: 9; height: 19.15pt;\"><td style=\"width: 522.8pt; border-top: none; border-left: solid black 1.0pt; border-bottom: solid #F2F2F2 1.0pt; border-right: solid black 1.0pt; mso-border-top-alt: #F2F2F2 .25pt; mso-border-left-alt: black .5pt; mso-border-bottom-alt: #F2F2F2 .25pt; mso-border-right-alt: black .5pt; mso-border-style-alt: solid; background: #F2F2F2; padding: 5.5pt 9.55pt 0cm 5.3pt; height: 19.15pt;\" width=\"697\"><p style=\"margin: 0cm; text-indent: 0cm; line-height: 107%;\"><strong style=\"mso-bidi-font-weight: normal;\"><span style=\"mso-ansi-language: HU;\">C\u00edmzettek kateg\u00f3ri\u00e1i, adattov\u00e1bb\u00edt\u00e1s <\/span><\/strong><\/p><\/td><\/tr><tr style=\"mso-yfti-irow: 10; height: 31.8pt;\"><td style=\"width: 522.8pt; border-top: none; border-left: solid black 1.0pt; border-bottom: solid #F2F2F2 1.0pt; border-right: solid black 1.0pt; mso-border-top-alt: #F2F2F2 .25pt; mso-border-left-alt: black .5pt; mso-border-bottom-alt: #F2F2F2 .25pt; mso-border-right-alt: black .5pt; mso-border-style-alt: solid; background: #F2F2F2; padding: 5.5pt 9.55pt 0cm 5.3pt; height: 31.8pt;\" width=\"697\"><p style=\"margin: 0cm; text-indent: 0cm; line-height: 107%;\"><span style=\"mso-ansi-language: HU;\">Costa Rica Caf\u00e9 Kft. a szem\u00e9lyes adatokat kiz\u00e1r\u00f3lag t\u00f6rv\u00e9nyben meghat\u00e1rozott hat\u00f3s\u00e1gok, b\u00edr\u00f3s\u00e1gok r\u00e9sz\u00e9re, azok hivatalos megkeres\u00e9s\u00e9re, felh\u00edv\u00e1s\u00e1ra, jogszab\u00e1ly alapj\u00e1n tov\u00e1bb\u00edtja. <\/span><\/p><\/td><\/tr><tr style=\"mso-yfti-irow: 11; height: 19.2pt;\"><td style=\"width: 522.8pt; border-top: none; border-left: solid black 1.0pt; border-bottom: solid #F2F2F2 1.0pt; border-right: solid black 1.0pt; mso-border-top-alt: #F2F2F2 .25pt; mso-border-left-alt: black .5pt; mso-border-bottom-alt: #F2F2F2 .25pt; mso-border-right-alt: black .5pt; mso-border-style-alt: solid; background: #F2F2F2; padding: 5.5pt 9.55pt 0cm 5.3pt; height: 19.2pt;\" width=\"697\"><p style=\"margin: 0cm; text-indent: 0cm; line-height: 107%;\"><strong style=\"mso-bidi-font-weight: normal;\"><span style=\"mso-ansi-language: HU;\">Adatszolg\u00e1ltat\u00e1s elmarad\u00e1s\u00e1nak k\u00f6vetkezm\u00e9nye <\/span><\/strong><\/p><\/td><\/tr><tr style=\"mso-yfti-irow: 12; mso-yfti-lastrow: yes; height: 18.9pt;\"><td style=\"width: 522.8pt; border: solid black 1.0pt; border-top: none; mso-border-top-alt: solid #F2F2F2 .25pt; mso-border-alt: solid black .5pt; background: #F2F2F2; padding: 5.5pt 9.55pt 0cm 5.3pt; height: 18.9pt;\" width=\"697\"><p style=\"margin: 0cm; text-indent: 0cm; line-height: 107%;\"><span style=\"mso-ansi-language: HU;\">Az adatszolg\u00e1ltat\u00e1s elmarad\u00e1sa eset\u00e9n nem ny\u00fajthat\u00f3 h\u00edrlev\u00e9lszolg\u00e1ltat\u00e1s. <\/span><\/p><\/td><\/tr><\/tbody><\/table><p style=\"margin: 0cm; text-align: justify; text-justify: inter-ideograph; text-indent: 0cm; line-height: 107%;\"><strong style=\"mso-bidi-font-weight: normal;\"><span style=\"mso-ansi-language: HU;\"><span style=\"mso-spacerun: yes;\">\u00a0<\/span><\/span><\/strong><\/p><table style=\"width: 100%; margin-left: 0.35pt; border-collapse: collapse;\" width=\"697\"><tbody><tr style=\"mso-yfti-irow: 0; mso-yfti-firstrow: yes; height: 46.15pt;\"><td style=\"width: 522.8pt; border: solid black 1.0pt; border-bottom: solid #F2F2F2 1.0pt; mso-border-alt: solid black .5pt; mso-border-bottom-alt: solid #F2F2F2 .25pt; background: #F2F2F2; padding: 2.3pt 5.75pt 0cm 5.3pt; height: 46.15pt;\" width=\"697\"><p style=\"text-align: center; text-indent: 0cm; line-height: 107%; margin: 0cm 0cm 6.45pt .4pt;\"><strong style=\"mso-bidi-font-weight: normal;\"><span style=\"font-size: 12.0pt; mso-bidi-font-size: 11.0pt; line-height: 107%; mso-ansi-language: HU;\">-F. <\/span><\/strong><\/p><p style=\"text-align: center; text-indent: 0cm; line-height: 107%; margin: 0cm 0cm 0cm .35pt;\"><strong style=\"mso-bidi-font-weight: normal;\"><span style=\"font-size: 12.0pt; mso-bidi-font-size: 11.0pt; line-height: 107%; mso-ansi-language: HU;\">Elektronikai vagyonv\u00e9delmi rendszer m\u0171k\u00f6dtet\u00e9s\u00e9vel kapcsolatos adatkezel\u00e9s<\/span><\/strong><\/p><\/td><\/tr><tr style=\"mso-yfti-irow: 1; height: 19.05pt;\"><td style=\"width: 522.8pt; border-top: none; border-left: solid black 1.0pt; border-bottom: solid #F2F2F2 1.0pt; border-right: solid black 1.0pt; mso-border-top-alt: #F2F2F2 .25pt; mso-border-left-alt: black .5pt; mso-border-bottom-alt: #F2F2F2 .25pt; mso-border-right-alt: black .5pt; mso-border-style-alt: solid; background: #F2F2F2; padding: 2.3pt 5.75pt 0cm 5.3pt; height: 19.05pt;\" width=\"697\"><p style=\"margin: 0cm; text-indent: 0cm; line-height: 107%;\"><strong style=\"mso-bidi-font-weight: normal;\"><span style=\"mso-ansi-language: HU;\">Adatkezel\u00e9s c\u00e9lja <\/span><\/strong><\/p><\/td><\/tr><tr style=\"mso-yfti-irow: 2; height: 38.3pt;\"><td style=\"width: 522.8pt; border: solid black 1.0pt; border-top: none; mso-border-top-alt: solid #F2F2F2 .25pt; mso-border-alt: solid black .5pt; background: #F2F2F2; padding: 2.3pt 5.75pt 0cm 5.3pt; height: 38.3pt;\" width=\"697\"><p style=\"margin: 0cm; text-indent: 0cm; line-height: 107%;\"><span style=\"mso-ansi-language: HU;\">A Costa Rica Caf\u00e9 Kft. vagyonv\u00e9delmi c\u00e9lb\u00f3l a Pom\u00e1z, Vincell\u00e9r<span style=\"mso-spacerun: yes;\">\u00a0 <\/span>u. 21., ter\u00fclet\u00e9n tal\u00e1lhat\u00f3, helyis\u00e9gekben kamerarendszert \u00fczemeltet, m\u0171k\u00f6dtet. <\/span><\/p><\/td><\/tr><tr style=\"mso-yfti-irow: 3; height: 19.15pt;\"><td style=\"width: 522.8pt; border-top: none; border-left: solid black 1.0pt; border-bottom: solid #F2F2F2 1.0pt; border-right: solid black 1.0pt; mso-border-top-alt: solid black .5pt; mso-border-alt: solid black .5pt; mso-border-bottom-alt: solid #F2F2F2 .25pt; background: #F2F2F2; padding: 2.3pt 5.75pt 0cm 5.3pt; height: 19.15pt;\" width=\"697\"><p style=\"margin: 0cm; text-indent: 0cm; line-height: 107%;\"><span style=\"mso-ansi-language: HU;\"><span style=\"mso-spacerun: yes;\">\u00a0<\/span><\/span><\/p><\/td><\/tr><tr style=\"mso-yfti-irow: 4; height: 19.05pt;\"><td style=\"width: 522.8pt; border-top: none; border-left: solid black 1.0pt; border-bottom: solid #F2F2F2 1.0pt; border-right: solid black 1.0pt; mso-border-top-alt: #F2F2F2 .25pt; mso-border-left-alt: black .5pt; mso-border-bottom-alt: #F2F2F2 .25pt; mso-border-right-alt: black .5pt; mso-border-style-alt: solid; background: #F2F2F2; padding: 2.3pt 5.75pt 0cm 5.3pt; height: 19.05pt;\" width=\"697\"><p style=\"margin: 0cm; text-indent: 0cm; line-height: 107%;\"><strong style=\"mso-bidi-font-weight: normal;\"><span style=\"mso-ansi-language: HU;\">Adatkezel\u00e9s jogalapja <\/span><\/strong><\/p><\/td><\/tr><tr style=\"mso-yfti-irow: 5; height: 31.8pt;\"><td style=\"width: 522.8pt; border-top: none; border-left: solid black 1.0pt; border-bottom: solid #F2F2F2 1.0pt; border-right: solid black 1.0pt; mso-border-top-alt: #F2F2F2 .25pt; mso-border-left-alt: black .5pt; mso-border-bottom-alt: #F2F2F2 .25pt; mso-border-right-alt: black .5pt; mso-border-style-alt: solid; background: #F2F2F2; padding: 2.3pt 5.75pt 0cm 5.3pt; height: 31.8pt;\" width=\"697\"><p style=\"margin: 0cm; text-align: justify; text-justify: inter-ideograph; text-indent: 0cm; line-height: 107%;\"><span style=\"mso-ansi-language: HU;\">Az adatkezel\u00e9s jogalapja az \u00e9rintett szem\u00e9ly hozz\u00e1j\u00e1rul\u00e1sa, amelyet a kamer\u00e1val megfigyelt helyis\u00e9gekbe val\u00f3 bel\u00e9p\u00e9ssel ad meg, tov\u00e1bb\u00e1 a Costa Rica Caf\u00e9 Kft. vagyonv\u00e9delemhez f\u0171z\u0151d\u0151 jogos \u00e9rdeke. <\/span><\/p><\/td><\/tr><tr style=\"mso-yfti-irow: 6; height: 19.2pt;\"><td style=\"width: 522.8pt; border-top: none; border-left: solid black 1.0pt; border-bottom: solid #F2F2F2 1.0pt; border-right: solid black 1.0pt; mso-border-top-alt: #F2F2F2 .25pt; mso-border-left-alt: black .5pt; mso-border-bottom-alt: #F2F2F2 .25pt; mso-border-right-alt: black .5pt; mso-border-style-alt: solid; background: #F2F2F2; padding: 2.3pt 5.75pt 0cm 5.3pt; height: 19.2pt;\" width=\"697\"><p style=\"margin: 0cm; text-indent: 0cm; line-height: 107%;\"><strong style=\"mso-bidi-font-weight: normal;\"><span style=\"mso-ansi-language: HU;\">\u00c9rintett szem\u00e9lyes adatok k\u00f6re <\/span><\/strong><\/p><\/td><\/tr><tr style=\"mso-yfti-irow: 7; height: 31.8pt;\"><td style=\"width: 522.8pt; border-top: none; border-left: solid black 1.0pt; border-bottom: solid #F2F2F2 1.0pt; border-right: solid black 1.0pt; mso-border-top-alt: #F2F2F2 .25pt; mso-border-left-alt: black .5pt; mso-border-bottom-alt: #F2F2F2 .25pt; mso-border-right-alt: black .5pt; mso-border-style-alt: solid; background: #F2F2F2; padding: 2.3pt 5.75pt 0cm 5.3pt; height: 31.8pt;\" width=\"697\"><p style=\"margin: 0cm; text-indent: 0cm; line-height: 107%;\"><span style=\"mso-ansi-language: HU;\">E k\u00f6rben a Costa Rica Caf\u00e9 Kft. \u00e1ltal kezelt szem\u00e9lyes adat az \u00e9rintettr\u0151l k\u00e9sz\u00fclt k\u00e9pfelv\u00e9tel, az \u00e9rintett szem\u00e9ly felv\u00e9telen l\u00e1that\u00f3 magatart\u00e1sa, tov\u00e1bb\u00e1 a felv\u00e9tel k\u00e9sz\u00edt\u00e9s\u00e9nek ideje. <\/span><\/p><\/td><\/tr><tr style=\"mso-yfti-irow: 8; height: 19.2pt;\"><td style=\"width: 522.8pt; border-top: none; border-left: solid black 1.0pt; border-bottom: solid #F2F2F2 1.0pt; border-right: solid black 1.0pt; mso-border-top-alt: #F2F2F2 .25pt; mso-border-left-alt: black .5pt; mso-border-bottom-alt: #F2F2F2 .25pt; mso-border-right-alt: black .5pt; mso-border-style-alt: solid; background: #F2F2F2; padding: 2.3pt 5.75pt 0cm 5.3pt; height: 19.2pt;\" width=\"697\"><p style=\"margin: 0cm; text-indent: 0cm; line-height: 107%;\"><strong style=\"mso-bidi-font-weight: normal;\"><span style=\"mso-ansi-language: HU;\">Adatkezel\u00e9s id\u0151tartama; t\u00f6rl\u00e9se <\/span><\/strong><\/p><\/td><\/tr><tr style=\"mso-yfti-irow: 9; height: 44.4pt;\"><td style=\"width: 522.8pt; border-top: none; border-left: solid black 1.0pt; border-bottom: solid #F2F2F2 1.0pt; border-right: solid black 1.0pt; mso-border-top-alt: #F2F2F2 .25pt; mso-border-left-alt: black .5pt; mso-border-bottom-alt: #F2F2F2 .25pt; mso-border-right-alt: black .5pt; mso-border-style-alt: solid; background: #F2F2F2; padding: 2.3pt 5.75pt 0cm 5.3pt; height: 44.4pt;\" width=\"697\"><p style=\"margin: 0cm; text-indent: 0cm; line-height: 107%;\"><span style=\"mso-ansi-language: HU;\">A felv\u00e9teleket Costa Rica Caf\u00e9 Kft. a szem\u00e9ly-\u00e9s vagyonv\u00e9delmi, valamint a mag\u00e1nnyomoz\u00f3i tev\u00e9kenys\u00e9g szab\u00e1lyair\u00f3l sz\u00f3l\u00f3 2005. \u00e9vi CXXXIII. t\u00f6rv\u00e9ny alapj\u00e1n hat\u00f3s\u00e1gi, b\u00edr\u00f3s\u00e1gi felhaszn\u00e1l\u00e1s hi\u00e1ny\u00e1ban a r\u00f6gz\u00edt\u00e9st\u0151l sz\u00e1m\u00edtott h\u00e1rom munkanap eltelt\u00e9vel t\u00f6rli. <\/span><\/p><\/td><\/tr><tr style=\"mso-yfti-irow: 10; height: 19.2pt;\"><td style=\"width: 522.8pt; border-top: none; border-left: solid black 1.0pt; border-bottom: solid #F2F2F2 1.0pt; border-right: solid black 1.0pt; mso-border-top-alt: #F2F2F2 .25pt; mso-border-left-alt: black .5pt; mso-border-bottom-alt: #F2F2F2 .25pt; mso-border-right-alt: black .5pt; mso-border-style-alt: solid; background: #F2F2F2; padding: 2.3pt 5.75pt 0cm 5.3pt; height: 19.2pt;\" width=\"697\"><p style=\"margin: 0cm; text-indent: 0cm; line-height: 107%;\"><strong style=\"mso-bidi-font-weight: normal;\"><span style=\"mso-ansi-language: HU;\">C\u00edmzettek kateg\u00f3ri\u00e1i, adattov\u00e1bb\u00edt\u00e1s <\/span><\/strong><\/p><\/td><\/tr><tr style=\"mso-yfti-irow: 11; height: 31.8pt;\"><td style=\"width: 522.8pt; border-top: none; border-left: solid black 1.0pt; border-bottom: solid #F2F2F2 1.0pt; border-right: solid black 1.0pt; mso-border-top-alt: #F2F2F2 .25pt; mso-border-left-alt: black .5pt; mso-border-bottom-alt: #F2F2F2 .25pt; mso-border-right-alt: black .5pt; mso-border-style-alt: solid; background: #F2F2F2; padding: 2.3pt 5.75pt 0cm 5.3pt; height: 31.8pt;\" width=\"697\"><p style=\"margin: 0cm; text-align: justify; text-justify: inter-ideograph; text-indent: 0cm; line-height: 107%;\"><span style=\"mso-ansi-language: HU;\">A Costa Rica Caf\u00e9 Kft. a kamerafelv\u00e9teleket kiz\u00e1r\u00f3lag t\u00f6rv\u00e9nyben meghat\u00e1rozott hat\u00f3s\u00e1gok, b\u00edr\u00f3s\u00e1gok r\u00e9sz\u00e9re tov\u00e1bb\u00edtja, azok hivatalos megkeres\u00e9s\u00e9re, felh\u00edv\u00e1s\u00e1ra, jogszab\u00e1ly alapj\u00e1n. <\/span><\/p><\/td><\/tr><tr style=\"mso-yfti-irow: 12; height: 19.2pt;\"><td style=\"width: 522.8pt; border-top: none; border-left: solid black 1.0pt; border-bottom: solid #F2F2F2 1.0pt; border-right: solid black 1.0pt; mso-border-top-alt: #F2F2F2 .25pt; mso-border-left-alt: black .5pt; mso-border-bottom-alt: #F2F2F2 .25pt; mso-border-right-alt: black .5pt; mso-border-style-alt: solid; background: #F2F2F2; padding: 2.3pt 5.75pt 0cm 5.3pt; height: 19.2pt;\" width=\"697\"><p style=\"margin: 0cm; text-indent: 0cm; line-height: 107%;\"><strong style=\"mso-bidi-font-weight: normal;\"><span style=\"mso-ansi-language: HU;\">Adatszolg\u00e1ltat\u00e1s elmarad\u00e1s\u00e1nak k\u00f6vetkezm\u00e9nye <\/span><\/strong><\/p><\/td><\/tr><tr style=\"mso-yfti-irow: 13; mso-yfti-lastrow: yes; height: 31.55pt;\"><td style=\"width: 522.8pt; border: solid black 1.0pt; border-top: none; mso-border-top-alt: solid #F2F2F2 .25pt; mso-border-alt: solid black .5pt; background: #F2F2F2; padding: 2.3pt 5.75pt 0cm 5.3pt; height: 31.55pt;\" width=\"697\"><p style=\"margin: 0cm; text-align: justify; text-justify: inter-ideograph; text-indent: 0cm; line-height: 107%;\"><span style=\"mso-ansi-language: HU;\">Az adatszolg\u00e1ltat\u00e1s elmarad\u00e1sa eset\u00e9n nem ny\u00fajthat\u00f3 szolg\u00e1ltat\u00e1s azon szolg\u00e1ltat\u00f3 helyeken, ahol kamer\u00e1k ker\u00fcltek elhelyez\u00e9sre. <\/span><\/p><\/td><\/tr><\/tbody><\/table><p style=\"margin: 0cm 0cm 0.95pt -0.25pt; text-align: justify;\"><span style=\"mso-ansi-language: HU;\">\u00a0<\/span><\/p><p style=\"margin: 0cm 0cm 0.95pt -0.25pt; text-align: justify;\"><span style=\"mso-ansi-language: HU;\">A felv\u00e9teleket Costa Rica Caf\u00e9 Kft. kiz\u00e1r\u00f3lag lez\u00e1rt helyis\u00e9gben l\u00e9v\u0151 saj\u00e1t szerverein t\u00e1rolja, fokozott adatbiztons\u00e1gi int\u00e9zked\u00e9sek mellett. A felv\u00e9telekhez illet\u00e9ktelen szem\u00e9lyek nem f\u00e9rhetnek hozz\u00e1, csak a Costa Rica Caf\u00e9 Kft. arra jogosult alkalmazottai, k\u00f6zrem\u0171k\u00f6d\u0151i, \u00e9s vagyonv\u00e9delmi feladatokat ell\u00e1t\u00f3 adatfeldolgoz\u00f3i (adatfeldolgoz\u00e1si szerz\u0151d\u00e9s alapj\u00e1n), feladataik ell\u00e1t\u00e1s\u00e1hoz sz\u00fcks\u00e9ges m\u00e9rt\u00e9kben. \u00d6n, mint \u00e9rintett szem\u00e9ly k\u00e9rheti, hogy Costa Rica Caf\u00e9 Kft. ne semmis\u00edtse meg a felv\u00e9teleket, b\u00edr\u00f3s\u00e1g, vagy hat\u00f3s\u00e1g megkeres\u00e9s\u00e9ig, de legfeljebb 30 napig, amennyiben az az \u00d6n joga vagy jogos \u00e9rdeke \u00e9rv\u00e9nyes\u00edt\u00e9s\u00e9hez sz\u00fcks\u00e9ges (pl.: esetleges b\u0171ncselekm\u00e9ny k\u00f6r\u00fclm\u00e9nyeinek felt\u00e1r\u00e1sa \u00e9rdek\u00e9ben). \u00d6n, mint \u00e9rintett csak olyan felv\u00e9telr\u0151l k\u00e9rhet m\u00e1solatot, amelyen m\u00e1s szem\u00e9ly nem szerepel, vagy nem felismerhet\u0151. <\/span><\/p><p style=\"margin: 0cm 0cm 0.95pt -0.25pt; text-align: justify;\"><span style=\"mso-ansi-language: HU;\">\u00a0<\/span><\/p><table style=\"width: 100%; margin-left: 0.35pt; border-collapse: collapse;\" width=\"697\"><tbody><tr style=\"mso-yfti-irow: 0; mso-yfti-firstrow: yes; height: 46.15pt;\"><td style=\"width: 522.8pt; border: solid black 1.0pt; border-bottom: solid #F2F2F2 1.0pt; mso-border-alt: solid black .5pt; mso-border-bottom-alt: solid #F2F2F2 .25pt; background: #F2F2F2; padding: 5.2pt 3.25pt 0cm 5.3pt; height: 46.15pt;\" width=\"697\"><p style=\"text-align: center; text-indent: 0cm; line-height: 107%; margin: 0cm 2.3pt 7.35pt 0cm;\"><strong style=\"mso-bidi-font-weight: normal;\"><span style=\"font-size: 12.0pt; mso-bidi-font-size: 11.0pt; line-height: 107%; mso-ansi-language: HU;\">G. <\/span><\/strong><\/p><p style=\"text-align: center; text-indent: 0cm; line-height: 107%; margin: 0cm 2.3pt 0cm 0cm;\"><strong style=\"mso-bidi-font-weight: normal;\"><span style=\"font-size: 12.0pt; mso-bidi-font-size: 11.0pt; line-height: 107%; mso-ansi-language: HU;\">K\u00f6z\u00f6ss\u00e9gi oldalakon l\u00e9trehozott profilokkal kapcsolatos adatkezel\u00e9s <\/span><\/strong><\/p><\/td><\/tr><tr style=\"mso-yfti-irow: 1; height: 19.05pt;\"><td style=\"width: 522.8pt; border-top: none; border-left: solid black 1.0pt; border-bottom: solid #F2F2F2 1.0pt; border-right: solid black 1.0pt; mso-border-top-alt: #F2F2F2 .25pt; mso-border-left-alt: black .5pt; mso-border-bottom-alt: #F2F2F2 .25pt; mso-border-right-alt: black .5pt; mso-border-style-alt: solid; background: #F2F2F2; padding: 5.2pt 3.25pt 0cm 5.3pt; height: 19.05pt;\" width=\"697\"><p style=\"margin: 0cm; text-indent: 0cm; line-height: 107%;\"><strong style=\"mso-bidi-font-weight: normal;\"><span style=\"mso-ansi-language: HU;\">Adatkezel\u00e9s c\u00e9lja <\/span><\/strong><\/p><\/td><\/tr><tr style=\"mso-yfti-irow: 2; height: 44.6pt;\"><td style=\"width: 522.8pt; border-top: none; border-left: solid black 1.0pt; border-bottom: solid #F2F2F2 1.0pt; border-right: solid black 1.0pt; mso-border-top-alt: #F2F2F2 .25pt; mso-border-left-alt: black .5pt; mso-border-bottom-alt: #F2F2F2 .25pt; mso-border-right-alt: black .5pt; mso-border-style-alt: solid; background: #F2F2F2; padding: 5.2pt 3.25pt 0cm 5.3pt; height: 44.6pt;\" width=\"697\"><p style=\"margin: 0cm; text-indent: 0cm; line-height: 107%;\"><span style=\"mso-ansi-language: HU;\">Costa Rica Caf\u00e9 Kft. k\u00f6z\u00f6ss\u00e9gi profiljainak (Facebook, Instagram) m\u0171k\u00f6dtet\u00e9se, moder\u00e1l\u00e1sa, Costa Rica Caf\u00e9 Kft. szolg\u00e1ltat\u00e1sainak, tev\u00e9kenys\u00e9g\u00e9nek ismertet\u00e9se, l\u00e1togatotts\u00e1gi adatok elemz\u00e9s\u00e9n kereszt\u00fcl Costa Rica Caf\u00e9 Kft. szolg\u00e1ltat\u00e1sainak, tev\u00e9kenys\u00e9g\u00e9nek folyamatos fejleszt\u00e9se. <\/span><\/p><\/td><\/tr><tr style=\"mso-yfti-irow: 3; height: 19.0pt;\"><td style=\"width: 522.8pt; border-top: none; border-left: solid black 1.0pt; border-bottom: solid #F2F2F2 1.0pt; border-right: solid black 1.0pt; mso-border-top-alt: #F2F2F2 .25pt; mso-border-left-alt: black .5pt; mso-border-bottom-alt: #F2F2F2 .25pt; mso-border-right-alt: black .5pt; mso-border-style-alt: solid; background: #F2F2F2; padding: 5.2pt 3.25pt 0cm 5.3pt; height: 19.0pt;\" width=\"697\"><p style=\"margin: 0cm; text-indent: 0cm; line-height: 107%;\"><strong style=\"mso-bidi-font-weight: normal;\"><span style=\"mso-ansi-language: HU;\">Adatkezel\u00e9s jogalapja <\/span><\/strong><\/p><\/td><\/tr><tr style=\"mso-yfti-irow: 4; height: 72.8pt;\"><td style=\"width: 522.8pt; border-top: none; border-left: solid black 1.0pt; border-bottom: solid #F2F2F2 1.0pt; border-right: solid black 1.0pt; mso-border-top-alt: #F2F2F2 .25pt; mso-border-left-alt: black .5pt; mso-border-bottom-alt: #F2F2F2 .25pt; mso-border-right-alt: black .5pt; mso-border-style-alt: solid; background: #F2F2F2; padding: 5.2pt 3.25pt 0cm 5.3pt; height: 72.8pt;\" width=\"697\"><p style=\"text-indent: 0cm; line-height: 115%; margin: 0cm 0cm 3.25pt 0cm;\"><span style=\"mso-ansi-language: HU;\">Az adatkezel\u00e9s jogalapja egyr\u00e9szt az \u00d6n, mint \u00e9rintett szem\u00e9ly hozz\u00e1j\u00e1rul\u00e1sa, amelyet pl.: az oldalra val\u00f3 bel\u00e9p\u00e9s\u00e9vel, v\u00e9lem\u00e9ny, vagy a Costa Rica Caf\u00e9 Kft. bejegyz\u00e9seihez f\u0171z\u00f6tt hozz\u00e1sz\u00f3l\u00e1s \u00edr\u00e1s\u00e1val ad meg (GDPR 6. cikk (1) bekezd\u00e9s a) pont) <\/span><\/p><p style=\"margin: 0cm; text-align: justify; text-justify: inter-ideograph; text-indent: 0cm; line-height: 107%;\"><span style=\"mso-ansi-language: HU;\">M\u00e1sr\u00e9szt a Costa Rica Caf\u00e9 Kft. k\u00f6z\u00f6ss\u00e9gi profilj\u00e1nak megfelel\u0151 m\u0171k\u00f6dtet\u00e9s\u00e9hez, moder\u00e1l\u00e1s\u00e1hoz f\u0171z\u0151d\u0151 jogos \u00e9rdeke (pl.: s\u00e9rt\u0151 hozz\u00e1sz\u00f3l\u00e1sok t\u00f6rl\u00e9s\u00e9re vonatkoz\u00f3an; GDPR 6. cikk (1) bekezd\u00e9s f) pont). <\/span><\/p><\/td><\/tr><tr style=\"mso-yfti-irow: 5; height: 19.2pt;\"><td style=\"width: 522.8pt; border-top: none; border-left: solid black 1.0pt; border-bottom: solid #F2F2F2 1.0pt; border-right: solid black 1.0pt; mso-border-top-alt: #F2F2F2 .25pt; mso-border-left-alt: black .5pt; mso-border-bottom-alt: #F2F2F2 .25pt; mso-border-right-alt: black .5pt; mso-border-style-alt: solid; background: #F2F2F2; padding: 5.2pt 3.25pt 0cm 5.3pt; height: 19.2pt;\" width=\"697\"><p style=\"margin: 0cm; text-indent: 0cm; line-height: 107%;\"><strong style=\"mso-bidi-font-weight: normal;\"><span style=\"mso-ansi-language: HU;\">\u00c9rintett szem\u00e9lyes adatok k\u00f6re <\/span><\/strong><\/p><\/td><\/tr><tr style=\"mso-yfti-irow: 6; height: 31.8pt;\"><td style=\"width: 522.8pt; border-top: none; border-left: solid black 1.0pt; border-bottom: solid #F2F2F2 1.0pt; border-right: solid black 1.0pt; mso-border-top-alt: #F2F2F2 .25pt; mso-border-left-alt: black .5pt; mso-border-bottom-alt: #F2F2F2 .25pt; mso-border-right-alt: black .5pt; mso-border-style-alt: solid; background: #F2F2F2; padding: 5.2pt 3.25pt 0cm 5.3pt; height: 31.8pt;\" width=\"697\"><p style=\"margin: 0cm; text-indent: 0cm; line-height: 107%;\"><span style=\"mso-ansi-language: HU;\">N\u00e9v, \u00e9s minden olyan szem\u00e9lyes adat, amelyet az \u00e9rintett szem\u00e9ly a k\u00f6z\u00f6ss\u00e9gi oldalon \u00e9s a Costa Rica Caf\u00e9 Kft. k\u00f6z\u00f6ss\u00e9gi profilj\u00e1val kapcsolatban mag\u00e1r\u00f3l k\u00f6zz\u00e9tesz, hozz\u00e1sz\u00f3l\u00e1s\u00e1ban le\u00edr. <\/span><\/p><\/td><\/tr><tr style=\"mso-yfti-irow: 7; height: 19.2pt;\"><td style=\"width: 522.8pt; border-top: none; border-left: solid black 1.0pt; border-bottom: solid #F2F2F2 1.0pt; border-right: solid black 1.0pt; mso-border-top-alt: #F2F2F2 .25pt; mso-border-left-alt: black .5pt; mso-border-bottom-alt: #F2F2F2 .25pt; mso-border-right-alt: black .5pt; mso-border-style-alt: solid; background: #F2F2F2; padding: 5.2pt 3.25pt 0cm 5.3pt; height: 19.2pt;\" width=\"697\"><p style=\"margin: 0cm; text-indent: 0cm; line-height: 107%;\"><strong style=\"mso-bidi-font-weight: normal;\"><span style=\"mso-ansi-language: HU;\">Adatkezel\u00e9s id\u0151tartama; t\u00f6rl\u00e9se <\/span><\/strong><\/p><\/td><\/tr><tr style=\"mso-yfti-irow: 8; height: 31.85pt;\"><td style=\"width: 522.8pt; border-top: none; border-left: solid black 1.0pt; border-bottom: solid #F2F2F2 1.0pt; border-right: solid black 1.0pt; mso-border-top-alt: #F2F2F2 .25pt; mso-border-left-alt: black .5pt; mso-border-bottom-alt: #F2F2F2 .25pt; mso-border-right-alt: black .5pt; mso-border-style-alt: solid; background: #F2F2F2; padding: 5.2pt 3.25pt 0cm 5.3pt; height: 31.85pt;\" width=\"697\"><p style=\"margin: 0cm; text-indent: 0cm; line-height: 107%;\"><span style=\"mso-ansi-language: HU;\">Az oldalra val\u00f3 bel\u00e9p\u00e9st\u0151l, hozz\u00e1sz\u00f3l\u00e1s \u00edr\u00e1s\u00e1t\u00f3l sz\u00e1m\u00edtott legk\u00e9s\u0151bb 5 \u00e9v (\u00e1ltal\u00e1nos el\u00e9v\u00fcl\u00e9si id\u0151) eltelt\u00e9vel a szem\u00e9lyes adatok (ide\u00e9rtve a hozz\u00e1sz\u00f3l\u00e1sokat is) t\u00f6rl\u00e9sre ker\u00fclnek.<\/span><\/p><\/td><\/tr><tr style=\"mso-yfti-irow: 9; height: 19.0pt;\"><td style=\"width: 522.8pt; border-top: none; border-left: solid black 1.0pt; border-bottom: solid #F2F2F2 1.0pt; border-right: solid black 1.0pt; mso-border-top-alt: #F2F2F2 .25pt; mso-border-left-alt: black .5pt; mso-border-bottom-alt: #F2F2F2 .25pt; mso-border-right-alt: black .5pt; mso-border-style-alt: solid; background: #F2F2F2; padding: 5.2pt 3.25pt 0cm 5.3pt; height: 19.0pt;\" width=\"697\"><p style=\"margin: 0cm; text-indent: 0cm; line-height: 107%;\"><strong style=\"mso-bidi-font-weight: normal;\"><span style=\"mso-ansi-language: HU;\">C\u00edmzettek kateg\u00f3ri\u00e1i, adattov\u00e1bb\u00edt\u00e1s <\/span><\/strong><\/p><\/td><\/tr><tr style=\"mso-yfti-irow: 10; height: 31.65pt;\"><td style=\"width: 522.8pt; border: solid black 1.0pt; border-top: none; mso-border-top-alt: solid #F2F2F2 .25pt; mso-border-alt: solid black .5pt; background: #F2F2F2; padding: 5.2pt 3.25pt 0cm 5.3pt; height: 31.65pt;\" width=\"697\"><p style=\"margin: 0cm; text-indent: 0cm; line-height: 107%;\"><span style=\"mso-ansi-language: HU;\">Costa Rica Caf\u00e9 Kft. a k\u00f6z\u00f6ss\u00e9gi oldalakon l\u00e9trehozott profiloldalainak m\u0171k\u00f6dtet\u00e9s\u00e9vel kapcsolatban tudom\u00e1s\u00e1ra jutott adatokat nem tov\u00e1bb\u00edtja senkinek sem. <\/span><\/p><\/td><\/tr><tr style=\"mso-yfti-irow: 11; height: 19.15pt;\"><td style=\"width: 522.8pt; border-top: none; border-left: solid black 1.0pt; border-bottom: solid #F2F2F2 1.0pt; border-right: solid black 1.0pt; mso-border-top-alt: solid black .5pt; mso-border-alt: solid black .5pt; mso-border-bottom-alt: solid #F2F2F2 .25pt; background: #F2F2F2; padding: 5.2pt 3.25pt 0cm 5.3pt; height: 19.15pt;\" width=\"697\"><p style=\"margin: 0cm; text-indent: 0cm; line-height: 107%;\"><strong style=\"mso-bidi-font-weight: normal;\"><span style=\"mso-ansi-language: HU;\">Adatszolg\u00e1ltat\u00e1s elmarad\u00e1s\u00e1nak k\u00f6vetkezm\u00e9nye <\/span><\/strong><\/p><\/td><\/tr><tr style=\"mso-yfti-irow: 12; mso-yfti-lastrow: yes; height: 18.9pt;\"><td style=\"width: 522.8pt; border: solid black 1.0pt; border-top: none; mso-border-top-alt: solid #F2F2F2 .25pt; mso-border-alt: solid black .5pt; background: #F2F2F2; padding: 5.2pt 3.25pt 0cm 5.3pt; height: 18.9pt;\" width=\"697\"><p style=\"margin: 0cm; text-indent: 0cm; line-height: 107%;\"><span style=\"mso-ansi-language: HU;\">Az adatszolg\u00e1ltat\u00e1s elmarad\u00e1sa nem j\u00e1r k\u00f6vetkezm\u00e9nnyel. <\/span><\/p><\/td><\/tr><\/tbody><\/table><p style=\"text-indent: 0cm; line-height: 107%; margin: 0cm 0cm 10.2pt 0cm;\"><strong style=\"mso-bidi-font-weight: normal;\"><span style=\"mso-ansi-language: HU;\"><span style=\"mso-spacerun: yes;\">\u00a0<\/span><\/span><\/strong><\/p><h3 style=\"margin: 0cm 0cm 9.8pt -.25pt;\"><span style=\"mso-ansi-language: HU;\">Adattov\u00e1bb\u00edt\u00e1s, adatfeldolgoz\u00e1s, az adatokat megismer\u0151k k\u00f6re <\/span><\/h3><p style=\"margin: 0cm 0cm 7.5pt -0.25pt; text-align: justify;\"><span style=\"mso-ansi-language: HU;\">Adattov\u00e1bb\u00edt\u00e1s, a szem\u00e9lyes adatok bizonyos k\u00f6r\u00e9nek tov\u00e1bb\u00edt\u00e1sa belf\u00f6ldi szolg\u00e1ltat\u00f3khoz <\/span><\/p><p style=\"margin-left: -0.25pt; text-align: justify;\"><span style=\"mso-ansi-language: HU;\">A szolg\u00e1ltat\u00f3 jogosult az \u00e1ltala kezelt szem\u00e9lyes adatokat harmadik szem\u00e9ly r\u00e9sz\u00e9re tov\u00e1bb\u00edtani. Az adattov\u00e1bb\u00edt\u00e1s jogalapja: a Felhaszn\u00e1l\u00f3 hozz\u00e1j\u00e1rul\u00e1sa, az Infotv. 5. \u00a7 (1) bekezd\u00e9se, illetve az elektronikus kereskedelmi szolg\u00e1ltat\u00e1sok, valamint az inform\u00e1ci\u00f3s t\u00e1rsadalommal \u00f6sszef\u00fcgg\u0151 szolg\u00e1ltat\u00e1sok egyes k\u00e9rd\u00e9seir\u0151l sz\u00f3l\u00f3 2001. \u00e9vi CVIII. t\u00f6rv\u00e9ny 13\/A. \u00a7 (3) bekezd\u00e9se. <\/span><\/p><p style=\"line-height: 107%; margin: 0cm 0cm 0cm -.25pt;\"><strong style=\"mso-bidi-font-weight: normal;\"><span style=\"mso-ansi-language: HU;\">Az adatok a k\u00f6vetkez\u0151 adatkezel\u0151knek ker\u00fclnek tov\u00e1bb\u00edt\u00e1sra: <\/span><\/strong><\/p><table style=\"width: 100%; margin-left: 0.35pt; border-collapse: collapse;\" width=\"697\"><tbody><tr style=\"mso-yfti-irow: 0; mso-yfti-firstrow: yes; height: 72.4pt;\"><td style=\"border: solid black 1.0pt; mso-border-alt: solid black .5pt; background: #F2F2F2; padding: .65pt 5.75pt 0cm 5.3pt; height: 72.4pt;\" colspan=\"2\"><p style=\"text-indent: 0cm; line-height: 107%; margin: 0cm 0cm .8pt 0cm;\"><strong style=\"mso-bidi-font-weight: normal;\"><span style=\"mso-ansi-language: HU;\">N\u00e9v:<\/span><\/strong><span style=\"mso-ansi-language: HU;\"> Magyar Posta ZRT. <\/span><\/p><p style=\"margin: 0cm; text-indent: 0cm; line-height: 107%;\"><strong style=\"mso-bidi-font-weight: normal;\"><span style=\"mso-ansi-language: HU;\">Sz\u00e9khely:<\/span><\/strong><span style=\"mso-ansi-language: HU;\"> 1138 Budapest, Dunavir\u00e1g u. 2-6. <\/span><\/p><p style=\"text-indent: 0cm; line-height: 99%; margin: 0cm 241.2pt 1.05pt 0cm;\"><strong style=\"mso-bidi-font-weight: normal;\"><span style=\"mso-ansi-language: HU;\">Postac\u00edm:<\/span><\/strong><span style=\"mso-ansi-language: HU;\"> Budapest 1540<\/span><\/p><p style=\"text-indent: 0cm; line-height: 99%; margin: 0cm 241.2pt 1.05pt 0cm;\"><strong style=\"mso-bidi-font-weight: normal;\"><span style=\"mso-ansi-language: HU;\">Telefon: <\/span><\/strong><span style=\"mso-ansi-language: HU;\">+<\/span><span style=\"mso-ansi-language: HU;\">36-1-767-8200 <\/span><\/p><p style=\"margin: 0cm; text-indent: 0cm; line-height: 107%;\"><strong style=\"mso-bidi-font-weight: normal;\"><span style=\"mso-ansi-language: HU;\">Webc\u00edm:<\/span><\/strong> <a href=\"https:\/\/posta.hu\/\"><span style=\"mso-ansi-language: HU;\">https:\/\/posta.hu\/<\/span><\/a><\/p><p style=\"margin: 0cm; text-indent: 0cm; line-height: 107%;\"><strong style=\"mso-bidi-font-weight: normal;\"><span style=\"mso-ansi-language: HU;\">Online el\u00e9rhet\u0151s\u00e9g:<\/span><\/strong> <a href=\"mailto:ugyfelszolgalat@posta.hu\">ugyfelszolgalat@posta.hu<\/a><\/p><\/td><\/tr><tr style=\"mso-yfti-irow: 1; height: 25.15pt;\"><td style=\"width: 122.6pt; border: solid black 1.0pt; border-top: none; mso-border-top-alt: solid black .5pt; mso-border-alt: solid black .5pt; background: #F2F2F2; padding: .65pt 5.75pt 0cm 5.3pt; height: 25.15pt;\" width=\"163\"><p style=\"margin: 0cm; text-indent: 0cm; line-height: 107%;\"><strong style=\"mso-bidi-font-weight: normal;\"><span style=\"mso-ansi-language: HU;\">A kezelt adatok k\u00f6re:<\/span><\/strong><\/p><\/td><td style=\"width: 400.2pt; border-top: none; border-left: none; border-bottom: solid black 1.0pt; border-right: solid black 1.0pt; mso-border-top-alt: solid black .5pt; mso-border-left-alt: solid black .5pt; mso-border-alt: solid black .5pt; background: #F2F2F2; padding: .65pt 5.75pt 0cm 5.3pt; height: 25.15pt;\" width=\"534\"><p style=\"margin: 0cm; text-indent: 0cm; line-height: 107%;\"><span style=\"mso-ansi-language: HU;\">n\u00e9v<\/span><span style=\"color: #385623; mso-ansi-language: HU;\">, <\/span><span style=\"mso-ansi-language: HU;\">c\u00e9gn\u00e9v<\/span><span style=\"color: #385623; mso-ansi-language: HU;\">, <\/span><span style=\"mso-ansi-language: HU;\">postac\u00edm <\/span><\/p><\/td><\/tr><tr style=\"mso-yfti-irow: 2; height: 25.25pt;\"><td style=\"width: 122.6pt; border: solid black 1.0pt; border-top: none; mso-border-top-alt: solid black .5pt; mso-border-alt: solid black .5pt; background: #F2F2F2; padding: .65pt 5.75pt 0cm 5.3pt; height: 25.25pt;\" width=\"163\"><p style=\"margin: 0cm; text-indent: 0cm; line-height: 107%;\"><strong style=\"mso-bidi-font-weight: normal;\"><span style=\"mso-ansi-language: HU;\">Adattov\u00e1bb\u00edt\u00e1s c\u00e9lja <\/span><\/strong><\/p><\/td><td style=\"width: 400.2pt; border-top: none; border-left: none; border-bottom: solid black 1.0pt; border-right: solid black 1.0pt; mso-border-top-alt: solid black .5pt; mso-border-left-alt: solid black .5pt; mso-border-alt: solid black .5pt; background: #F2F2F2; padding: .65pt 5.75pt 0cm 5.3pt; height: 25.25pt;\" width=\"534\"><p style=\"margin: 0cm; text-indent: 0cm; line-height: 107%;\"><span style=\"mso-ansi-language: HU;\">A post\u00e1z\u00e1si szolg\u00e1ltat\u00e1st v\u00e9gz\u0151 v\u00e1llalkoz\u00e1s inform\u00e1l\u00e1sa. <\/span><\/p><\/td><\/tr><tr style=\"mso-yfti-irow: 3; mso-yfti-lastrow: yes; height: 24.95pt;\"><td style=\"width: 122.6pt; border: solid black 1.0pt; border-top: none; mso-border-top-alt: solid black .5pt; mso-border-alt: solid black .5pt; background: #F2F2F2; padding: .65pt 5.75pt 0cm 5.3pt; height: 24.95pt;\" width=\"163\"><p style=\"margin: 0cm; text-indent: 0cm; line-height: 107%;\"><strong style=\"mso-bidi-font-weight: normal;\"><span style=\"mso-ansi-language: HU;\">Jogalap <\/span><\/strong><\/p><\/td><td style=\"width: 400.2pt; border-top: none; border-left: none; border-bottom: solid black 1.0pt; border-right: solid black 1.0pt; mso-border-top-alt: solid black .5pt; mso-border-left-alt: solid black .5pt; mso-border-alt: solid black .5pt; background: #F2F2F2; padding: .65pt 5.75pt 0cm 5.3pt; height: 24.95pt;\" width=\"534\"><p style=\"margin: 0cm; text-indent: 0cm; line-height: 107%;\"><span style=\"mso-ansi-language: HU;\">Postai levelek, inform\u00e1ci\u00f3k, prospektusok, csomagok h\u00e1zhoz sz\u00e1ll\u00edt\u00e1sa. <\/span><\/p><\/td><\/tr><\/tbody><\/table><p style=\"text-indent: 0cm; line-height: 107%; margin: 0cm 0cm 10.1pt 0cm;\"><strong style=\"mso-bidi-font-weight: normal;\"><span style=\"mso-ansi-language: HU;\">\u00a0<\/span><\/strong><\/p><table style=\"width: 100%; margin-left: 0.35pt; border-collapse: collapse;\" width=\"697\"><tbody><tr style=\"mso-yfti-irow: 0; mso-yfti-firstrow: yes; height: 73.45pt;\"><td style=\"width: 522.8pt; border: solid black 1.0pt; mso-border-alt: solid black .5pt; background: #F2F2F2; padding: .65pt 5.75pt 0cm 5.3pt; height: 73.45pt;\" colspan=\"2\" width=\"697\"><p style=\"text-indent: 0cm; line-height: 107%; margin: 0cm 0cm .8pt 0cm;\"><strong style=\"mso-bidi-font-weight: normal;\"><span style=\"mso-ansi-language: HU;\">N\u00e9v:<\/span><\/strong><span style=\"mso-ansi-language: HU;\"> GLS General Logistics Systems Hungary Csomag-Logisztikai Kft.<\/span><\/p><p style=\"margin: 0cm; text-indent: 0cm; line-height: 107%;\"><strong style=\"mso-bidi-font-weight: normal;\"><span style=\"mso-ansi-language: HU;\">Sz\u00e9khely:<\/span><\/strong><span style=\"mso-ansi-language: HU;\"> 2351 Als\u00f3n\u00e9medi, GLS Eur\u00f3pa u. 2.<\/span><\/p><p style=\"text-indent: 0cm; line-height: 99%; margin: 0cm 163.25pt 1.05pt 0cm;\"><strong style=\"mso-bidi-font-weight: normal;\"><span style=\"mso-ansi-language: HU;\">Postac\u00edm:<\/span><\/strong><span style=\"mso-ansi-language: HU;\"> 2351 Als\u00f3n\u00e9medi, GLS Eur\u00f3pa u. 2.<\/span><\/p><p style=\"text-indent: 0cm; line-height: 99%; margin: 0cm 163.25pt 1.05pt 0cm;\"><strong style=\"mso-bidi-font-weight: normal;\"><span style=\"mso-ansi-language: HU;\">Telefon:<\/span><\/strong> +<span style=\"mso-ansi-language: HU;\">36 1 802 0265<\/span><\/p><p style=\"margin: 0cm; text-indent: 0cm; line-height: 107%;\"><strong style=\"mso-bidi-font-weight: normal;\"><span style=\"mso-ansi-language: HU;\">Webc\u00edm:<\/span><\/strong> <a href=\"https:\/\/gls-group.eu\/HU\/hu\/home\"><span style=\"mso-ansi-language: HU;\">https:\/\/gls-group.eu\/HU\/hu\/home<\/span><\/a><\/p><p style=\"margin: 0cm; text-indent: 0cm; line-height: 107%;\"><strong style=\"mso-bidi-font-weight: normal;\"><span style=\"mso-ansi-language: HU;\">Online el\u00e9rhet\u0151s\u00e9g:<\/span><\/strong><a href=\"mailto:info@gls-hungary.com\"> <span style=\"mso-ansi-language: HU;\">info@gls-hungary.com<\/span><\/a><\/p><\/td><\/tr><tr style=\"mso-yfti-irow: 1; height: 25.15pt;\"><td style=\"width: 122.6pt; border: solid black 1.0pt; border-top: none; mso-border-top-alt: solid black .5pt; mso-border-alt: solid black .5pt; background: #F2F2F2; padding: .65pt 5.75pt 0cm 5.3pt; height: 25.15pt;\" width=\"163\"><p style=\"margin: 0cm; text-indent: 0cm; line-height: 107%;\"><strong style=\"mso-bidi-font-weight: normal;\"><span style=\"mso-ansi-language: HU;\">A kezelt adatok k\u00f6re:<\/span><\/strong><\/p><\/td><td style=\"width: 400.2pt; border-top: none; border-left: none; border-bottom: solid black 1.0pt; border-right: solid black 1.0pt; mso-border-top-alt: solid black .5pt; mso-border-left-alt: solid black .5pt; mso-border-alt: solid black .5pt; background: #F2F2F2; padding: .65pt 5.75pt 0cm 5.3pt; height: 25.15pt;\" width=\"534\"><p style=\"margin: 0cm; text-indent: 0cm; line-height: 107%;\"><span style=\"mso-ansi-language: HU;\">n\u00e9v<\/span><span style=\"color: #385623; mso-ansi-language: HU;\">, <\/span><span style=\"mso-ansi-language: HU;\">c\u00e9gn\u00e9v<\/span><span style=\"color: #385623; mso-ansi-language: HU;\">, <\/span><span style=\"mso-ansi-language: HU;\">postac\u00edm <\/span><\/p><\/td><\/tr><tr style=\"mso-yfti-irow: 2; height: 25.25pt;\"><td style=\"width: 122.6pt; border: solid black 1.0pt; border-top: none; mso-border-top-alt: solid black .5pt; mso-border-alt: solid black .5pt; background: #F2F2F2; padding: .65pt 5.75pt 0cm 5.3pt; height: 25.25pt;\" width=\"163\"><p style=\"margin: 0cm; text-indent: 0cm; line-height: 107%;\"><strong style=\"mso-bidi-font-weight: normal;\"><span style=\"mso-ansi-language: HU;\">Adattov\u00e1bb\u00edt\u00e1s c\u00e9lja <\/span><\/strong><\/p><\/td><td style=\"width: 400.2pt; border-top: none; border-left: none; border-bottom: solid black 1.0pt; border-right: solid black 1.0pt; mso-border-top-alt: solid black .5pt; mso-border-left-alt: solid black .5pt; mso-border-alt: solid black .5pt; background: #F2F2F2; padding: .65pt 5.75pt 0cm 5.3pt; height: 25.25pt;\" width=\"534\"><p style=\"margin: 0cm; text-indent: 0cm; line-height: 107%;\"><span style=\"mso-ansi-language: HU;\">A post\u00e1z\u00e1si szolg\u00e1ltat\u00e1st v\u00e9gz\u0151 v\u00e1llalkoz\u00e1s inform\u00e1l\u00e1sa. <\/span><\/p><\/td><\/tr><tr style=\"mso-yfti-irow: 3; mso-yfti-lastrow: yes; height: 24.95pt;\"><td style=\"width: 122.6pt; border: solid black 1.0pt; border-top: none; mso-border-top-alt: solid black .5pt; mso-border-alt: solid black .5pt; background: #F2F2F2; padding: .65pt 5.75pt 0cm 5.3pt; height: 24.95pt;\" width=\"163\"><p style=\"margin: 0cm; text-indent: 0cm; line-height: 107%;\"><strong style=\"mso-bidi-font-weight: normal;\"><span style=\"mso-ansi-language: HU;\">Jogalap <\/span><\/strong><\/p><\/td><td style=\"width: 400.2pt; border-top: none; border-left: none; border-bottom: solid black 1.0pt; border-right: solid black 1.0pt; mso-border-top-alt: solid black .5pt; mso-border-left-alt: solid black .5pt; mso-border-alt: solid black .5pt; background: #F2F2F2; padding: .65pt 5.75pt 0cm 5.3pt; height: 24.95pt;\" width=\"534\"><p style=\"margin: 0cm; text-indent: 0cm; line-height: 107%;\"><span style=\"mso-ansi-language: HU;\">Inform\u00e1ci\u00f3k, prospektusok, csomagok h\u00e1zhoz sz\u00e1ll\u00edt\u00e1sa.<\/span><\/p><\/td><\/tr><\/tbody><\/table><p style=\"text-indent: 0cm; line-height: 107%; margin: 0cm 0cm 10.1pt 0cm;\"><span style=\"mso-ansi-language: HU;\">\u00a0<\/span><\/p><table style=\"width: 100%; margin-left: 0.35pt; border-collapse: collapse;\" width=\"697\"><tbody><tr style=\"mso-yfti-irow: 0; mso-yfti-firstrow: yes; height: 73.45pt;\"><td style=\"width: 522.8pt; border: solid black 1.0pt; mso-border-alt: solid black .5pt; background: #F2F2F2; padding: .65pt 5.75pt 0cm 5.3pt; height: 73.45pt;\" colspan=\"2\" width=\"697\"><p style=\"text-indent: 0cm; line-height: 107%; margin: 0cm 0cm .8pt 0cm;\"><strong style=\"mso-bidi-font-weight: normal;\"><span style=\"mso-ansi-language: HU;\">N\u00e9v:<\/span><\/strong><span style=\"mso-ansi-language: HU;\"> SPRINTER Fut\u00e1rszolg\u00e1lat Kft.<\/span><\/p><p style=\"margin: 0cm; text-indent: 0cm; line-height: 107%;\"><strong style=\"mso-bidi-font-weight: normal;\"><span style=\"mso-ansi-language: HU;\">Sz\u00e9khely:<\/span><\/strong><span style=\"mso-ansi-language: HU;\"> 1097 Budapest, T\u00e1bl\u00e1s utca 39.<\/span><\/p><p style=\"text-indent: 0cm; line-height: 99%; margin: 0cm 163.25pt 1.05pt 0cm;\"><strong style=\"mso-bidi-font-weight: normal;\"><span style=\"mso-ansi-language: HU;\">Postac\u00edm:<\/span><\/strong><span style=\"mso-ansi-language: HU;\"> 1097 Budapest, T\u00e1bl\u00e1s utca 39.<\/span><\/p><p style=\"text-indent: 0cm; line-height: 99%; margin: 0cm 163.25pt 1.05pt 0cm;\"><strong style=\"mso-bidi-font-weight: normal;\"><span style=\"mso-ansi-language: HU;\">Telefon:<\/span><\/strong> +<span style=\"mso-ansi-language: HU;\">36 1 881 2615<\/span><\/p><p style=\"margin: 0cm; text-indent: 0cm; line-height: 107%;\"><strong style=\"mso-bidi-font-weight: normal;\"><span style=\"mso-ansi-language: HU;\">Webc\u00edm:<\/span><\/strong> <a href=\"https:\/\/www.pickpackpont.hu\"><span style=\"mso-ansi-language: HU;\">https:\/\/www.pickpackpont.hu<\/span><\/a><\/p><p style=\"margin: 0cm; text-indent: 0cm; line-height: 107%;\"><strong style=\"mso-bidi-font-weight: normal;\"><span style=\"mso-ansi-language: HU;\">Online el\u00e9rhet\u0151s\u00e9g:<\/span><\/strong> <a href=\"mailto:pickpackpont@sprinter.hu\"><span style=\"mso-ansi-language: HU; mso-bidi-font-weight: bold;\">pickpackpont@sprinter.hu<\/span><\/a><\/p><\/td><\/tr><tr style=\"mso-yfti-irow: 1; height: 25.15pt;\"><td style=\"width: 122.6pt; border: solid black 1.0pt; border-top: none; mso-border-top-alt: solid black .5pt; mso-border-alt: solid black .5pt; background: #F2F2F2; padding: .65pt 5.75pt 0cm 5.3pt; height: 25.15pt;\" width=\"163\"><p style=\"margin: 0cm; text-indent: 0cm; line-height: 107%;\"><strong style=\"mso-bidi-font-weight: normal;\"><span style=\"mso-ansi-language: HU;\">A kezelt adatok k\u00f6re:<\/span><\/strong><\/p><\/td><td style=\"width: 400.2pt; border-top: none; border-left: none; border-bottom: solid black 1.0pt; border-right: solid black 1.0pt; mso-border-top-alt: solid black .5pt; mso-border-left-alt: solid black .5pt; mso-border-alt: solid black .5pt; background: #F2F2F2; padding: .65pt 5.75pt 0cm 5.3pt; height: 25.15pt;\" width=\"534\"><p style=\"margin: 0cm; text-indent: 0cm; line-height: 107%;\"><span style=\"mso-ansi-language: HU;\">n\u00e9v<\/span><span style=\"color: #385623; mso-ansi-language: HU;\">, <\/span><span style=\"mso-ansi-language: HU;\">c\u00e9gn\u00e9v<\/span><span style=\"color: #385623; mso-ansi-language: HU;\">, <\/span><span style=\"mso-ansi-language: HU;\">postac\u00edm <\/span><\/p><\/td><\/tr><tr style=\"mso-yfti-irow: 2; height: 25.25pt;\"><td style=\"width: 122.6pt; border: solid black 1.0pt; border-top: none; mso-border-top-alt: solid black .5pt; mso-border-alt: solid black .5pt; background: #F2F2F2; padding: .65pt 5.75pt 0cm 5.3pt; height: 25.25pt;\" width=\"163\"><p style=\"margin: 0cm; text-indent: 0cm; line-height: 107%;\"><strong style=\"mso-bidi-font-weight: normal;\"><span style=\"mso-ansi-language: HU;\">Adattov\u00e1bb\u00edt\u00e1s c\u00e9lja <\/span><\/strong><\/p><\/td><td style=\"width: 400.2pt; border-top: none; border-left: none; border-bottom: solid black 1.0pt; border-right: solid black 1.0pt; mso-border-top-alt: solid black .5pt; mso-border-left-alt: solid black .5pt; mso-border-alt: solid black .5pt; background: #F2F2F2; padding: .65pt 5.75pt 0cm 5.3pt; height: 25.25pt;\" width=\"534\"><p style=\"margin: 0cm; text-indent: 0cm; line-height: 107%;\"><span style=\"mso-ansi-language: HU;\">A post\u00e1z\u00e1si szolg\u00e1ltat\u00e1st v\u00e9gz\u0151 v\u00e1llalkoz\u00e1s inform\u00e1l\u00e1sa. <\/span><\/p><\/td><\/tr><tr style=\"mso-yfti-irow: 3; mso-yfti-lastrow: yes; height: 24.95pt;\"><td style=\"width: 122.6pt; border: solid black 1.0pt; border-top: none; mso-border-top-alt: solid black .5pt; mso-border-alt: solid black .5pt; background: #F2F2F2; padding: .65pt 5.75pt 0cm 5.3pt; height: 24.95pt;\" width=\"163\"><p style=\"margin: 0cm; text-indent: 0cm; line-height: 107%;\"><strong style=\"mso-bidi-font-weight: normal;\"><span style=\"mso-ansi-language: HU;\">Jogalap <\/span><\/strong><\/p><\/td><td style=\"width: 400.2pt; border-top: none; border-left: none; border-bottom: solid black 1.0pt; border-right: solid black 1.0pt; mso-border-top-alt: solid black .5pt; mso-border-left-alt: solid black .5pt; mso-border-alt: solid black .5pt; background: #F2F2F2; padding: .65pt 5.75pt 0cm 5.3pt; height: 24.95pt;\" width=\"534\"><p style=\"margin: 0cm; text-indent: 0cm; line-height: 107%;\"><span style=\"mso-ansi-language: HU;\">Inform\u00e1ci\u00f3k, prospektusok, csomagok h\u00e1zhoz sz\u00e1ll\u00edt\u00e1sa.<\/span><\/p><\/td><\/tr><\/tbody><\/table><p style=\"text-indent: 0cm; line-height: 107%; margin: 0cm 0cm 10.1pt 0cm;\"><span style=\"mso-ansi-language: HU;\">\u00a0<\/span><\/p><table style=\"width: 100%; margin-left: 0.35pt; border-collapse: collapse;\" width=\"697\"><tbody><tr style=\"mso-yfti-irow: 0; mso-yfti-firstrow: yes; height: 20.3pt;\"><td style=\"width: 522.8pt; border: solid black 1.0pt; mso-border-alt: solid black .5pt; background: #F2F2F2; padding: .65pt 5.75pt 0cm 5.3pt; height: 20.3pt;\" colspan=\"2\" width=\"697\"><p style=\"text-indent: 0cm; line-height: 107%; margin: 0cm 0cm .8pt 0cm;\"><strong style=\"mso-bidi-font-weight: normal;\"><span style=\"mso-ansi-language: HU;\">N\u00e9v:<\/span><\/strong><span style=\"mso-ansi-language: HU;\"> DHL Express Magyarorsz\u00e1g Kft.<\/span><\/p><p style=\"margin: 0cm; text-indent: 0cm; line-height: 107%;\"><strong style=\"mso-bidi-font-weight: normal;\"><span style=\"mso-ansi-language: HU;\">Sz\u00e9khely:<\/span><\/strong><span style=\"mso-ansi-language: HU;\"> BUD Nemzetk\u00f6zi Rep\u00fcl\u0151t\u00e9r, Terminal 1, DHL \u00e9p\u00fclet 302, 1185 Budapest<\/span><\/p><p style=\"text-indent: 0cm; line-height: 99%; margin: 0cm 0cm 1.05pt 0cm;\"><strong style=\"mso-bidi-font-weight: normal;\"><span style=\"mso-ansi-language: HU;\">Postac\u00edm:<\/span><\/strong><span style=\"mso-ansi-language: HU;\"> BUD Nemzetk\u00f6zi Rep\u00fcl\u0151t\u00e9r, Terminal 1, DHL \u00e9p\u00fclet 302, 1185 Budapest<\/span><\/p><p style=\"text-indent: 0cm; line-height: 99%; margin: 0cm 163.25pt 1.05pt 0cm;\"><strong style=\"mso-bidi-font-weight: normal;\"><span style=\"mso-ansi-language: HU;\">Telefon:<\/span><\/strong> +3<span style=\"mso-ansi-language: HU;\">6 1 2 45 45 45<\/span><\/p><p style=\"margin: 0cm; text-indent: 0cm; line-height: 107%;\"><strong style=\"mso-bidi-font-weight: normal;\"><span style=\"mso-ansi-language: HU;\">Webc\u00edm:<\/span><\/strong><span style=\"mso-ansi-language: HU;\"> <a href=\"https:\/\/www.dhl.hu\">https:\/\/www.dhl.hu<\/a><br \/><\/span><\/p><p style=\"margin: 0cm; text-indent: 0cm; line-height: 107%;\"><strong style=\"mso-bidi-font-weight: normal;\"><span style=\"mso-ansi-language: HU;\">Online el\u00e9rhet\u0151s\u00e9g:<\/span><\/strong><span style=\"mso-ansi-language: HU;\"> <a href=\"mailto:ugyfelszolgalat.hu@dhl.com\">ugyfelszolgalat.hu@dhl.com<\/a><br \/><\/span><\/p><\/td><\/tr><tr style=\"mso-yfti-irow: 1; height: 25.15pt;\"><td style=\"width: 122.6pt; border: solid black 1.0pt; border-top: none; mso-border-top-alt: solid black .5pt; mso-border-alt: solid black .5pt; background: #F2F2F2; padding: .65pt 5.75pt 0cm 5.3pt; height: 25.15pt;\" width=\"163\"><p style=\"margin: 0cm; text-indent: 0cm; line-height: 107%;\"><strong style=\"mso-bidi-font-weight: normal;\"><span style=\"mso-ansi-language: HU;\">A kezelt adatok k\u00f6re:<\/span><\/strong><\/p><\/td><td style=\"width: 400.2pt; border-top: none; border-left: none; border-bottom: solid black 1.0pt; border-right: solid black 1.0pt; mso-border-top-alt: solid black .5pt; mso-border-left-alt: solid black .5pt; mso-border-alt: solid black .5pt; background: #F2F2F2; padding: .65pt 5.75pt 0cm 5.3pt; height: 25.15pt;\" width=\"534\"><p style=\"margin: 0cm; text-indent: 0cm; line-height: 107%;\"><span style=\"mso-ansi-language: HU;\">n\u00e9v<\/span><span style=\"color: #385623; mso-ansi-language: HU;\">, <\/span><span style=\"mso-ansi-language: HU;\">c\u00e9gn\u00e9v<\/span><span style=\"color: #385623; mso-ansi-language: HU;\">, <\/span><span style=\"mso-ansi-language: HU;\">postac\u00edm <\/span><\/p><\/td><\/tr><tr style=\"mso-yfti-irow: 2; height: 25.25pt;\"><td style=\"width: 122.6pt; border: solid black 1.0pt; border-top: none; mso-border-top-alt: solid black .5pt; mso-border-alt: solid black .5pt; background: #F2F2F2; padding: .65pt 5.75pt 0cm 5.3pt; height: 25.25pt;\" width=\"163\"><p style=\"margin: 0cm; text-indent: 0cm; line-height: 107%;\"><strong style=\"mso-bidi-font-weight: normal;\"><span style=\"mso-ansi-language: HU;\">Adattov\u00e1bb\u00edt\u00e1s c\u00e9lja <\/span><\/strong><\/p><\/td><td style=\"width: 400.2pt; border-top: none; border-left: none; border-bottom: solid black 1.0pt; border-right: solid black 1.0pt; mso-border-top-alt: solid black .5pt; mso-border-left-alt: solid black .5pt; mso-border-alt: solid black .5pt; background: #F2F2F2; padding: .65pt 5.75pt 0cm 5.3pt; height: 25.25pt;\" width=\"534\"><p style=\"margin: 0cm; text-indent: 0cm; line-height: 107%;\"><span style=\"mso-ansi-language: HU;\">A post\u00e1z\u00e1si szolg\u00e1ltat\u00e1st v\u00e9gz\u0151 v\u00e1llalkoz\u00e1s inform\u00e1l\u00e1sa. <\/span><\/p><\/td><\/tr><tr style=\"mso-yfti-irow: 3; mso-yfti-lastrow: yes; height: 24.95pt;\"><td style=\"width: 122.6pt; border: solid black 1.0pt; border-top: none; mso-border-top-alt: solid black .5pt; mso-border-alt: solid black .5pt; background: #F2F2F2; padding: .65pt 5.75pt 0cm 5.3pt; height: 24.95pt;\" width=\"163\"><p style=\"margin: 0cm; text-indent: 0cm; line-height: 107%;\"><strong style=\"mso-bidi-font-weight: normal;\"><span style=\"mso-ansi-language: HU;\">Jogalap <\/span><\/strong><\/p><\/td><td style=\"width: 400.2pt; border-top: none; border-left: none; border-bottom: solid black 1.0pt; border-right: solid black 1.0pt; mso-border-top-alt: solid black .5pt; mso-border-left-alt: solid black .5pt; mso-border-alt: solid black .5pt; background: #F2F2F2; padding: .65pt 5.75pt 0cm 5.3pt; height: 24.95pt;\" width=\"534\"><p style=\"margin: 0cm; text-indent: 0cm; line-height: 107%;\"><span style=\"mso-ansi-language: HU;\">Inform\u00e1ci\u00f3k, prospektusok, csomagok h\u00e1zhoz sz\u00e1ll\u00edt\u00e1sa.<\/span><\/p><\/td><\/tr><\/tbody><\/table><p style=\"text-indent: 0cm; line-height: 107%; margin: 0cm 0cm 10.1pt 0cm;\"><span style=\"mso-ansi-language: HU;\">\u00a0<\/span><\/p><table style=\"width: 100%; margin-left: 0.35pt; border-collapse: collapse;\" width=\"697\"><tbody><tr style=\"mso-yfti-irow: 0; mso-yfti-firstrow: yes; height: 72.4pt;\"><td style=\"border: solid black 1.0pt; mso-border-alt: solid black .5pt; background: #F2F2F2; padding: .65pt 5.75pt 0cm 5.3pt; height: 72.4pt;\" colspan=\"2\"><p style=\"text-indent: 0cm; line-height: 107%; margin: 0cm 0cm .8pt 0cm;\"><strong style=\"mso-bidi-font-weight: normal;\"><span style=\"mso-ansi-language: HU;\">N\u00e9v:<\/span><\/strong><span style=\"mso-ansi-language: HU;\"> FOXPOST ZRT. <\/span><\/p><p style=\"margin: 0cm; text-indent: 0cm; line-height: 107%;\"><strong style=\"mso-bidi-font-weight: normal;\"><span style=\"mso-ansi-language: HU;\">Sz\u00e9khely:<\/span><\/strong> 3300 Eger, Makl\u00e1ri \u00fat 119.<\/p><p style=\"text-indent: 0cm; line-height: 99%; margin: 0cm 241.2pt 1.05pt 0cm;\"><strong style=\"mso-bidi-font-weight: normal;\"><span style=\"mso-ansi-language: HU;\">Postac\u00edm:<\/span><\/strong> 3300 Eger, Makl\u00e1ri \u00fat 119.<\/p><p style=\"text-indent: 0cm; line-height: 99%; margin: 0cm 241.2pt 1.05pt 0cm;\"><strong style=\"mso-bidi-font-weight: normal;\"><span style=\"mso-ansi-language: HU;\">Telefon: <\/span><\/strong><span style=\"mso-ansi-language: HU;\">+<\/span><span style=\"mso-ansi-language: HU;\">36-1-999-0369 <\/span><\/p><p style=\"margin: 0cm; text-indent: 0cm; line-height: 107%;\"><strong style=\"mso-bidi-font-weight: normal;\"><span style=\"mso-ansi-language: HU;\">Webc\u00edm:<\/span><\/strong> <a href=\"https:\/\/foxpost.hu\/\"><span style=\"mso-ansi-language: HU;\">https:\/\/foxpost.hu\/<\/span><\/a><\/p><p style=\"margin: 0cm; text-indent: 0cm; line-height: 107%;\"><strong style=\"mso-bidi-font-weight: normal;\"><span style=\"mso-ansi-language: HU;\">Online el\u00e9rhet\u0151s\u00e9g:<\/span><\/strong><span style=\"mso-ansi-language: HU;\">\u00a0<\/span><a href=\"mailto:info@foxpost.hu\">info@foxpost.hu<\/a><\/p><\/td><\/tr><tr style=\"mso-yfti-irow: 1; height: 25.15pt;\"><td style=\"width: 122.6pt; border: solid black 1.0pt; border-top: none; mso-border-top-alt: solid black .5pt; mso-border-alt: solid black .5pt; background: #F2F2F2; padding: .65pt 5.75pt 0cm 5.3pt; height: 25.15pt;\" width=\"163\"><p style=\"margin: 0cm; text-indent: 0cm; line-height: 107%;\"><strong style=\"mso-bidi-font-weight: normal;\"><span style=\"mso-ansi-language: HU;\">A kezelt adatok k\u00f6re:<\/span><\/strong><\/p><\/td><td style=\"width: 400.2pt; border-top: none; border-left: none; border-bottom: solid black 1.0pt; border-right: solid black 1.0pt; mso-border-top-alt: solid black .5pt; mso-border-left-alt: solid black .5pt; mso-border-alt: solid black .5pt; background: #F2F2F2; padding: .65pt 5.75pt 0cm 5.3pt; height: 25.15pt;\" width=\"534\"><p style=\"margin: 0cm; text-indent: 0cm; line-height: 107%;\"><span style=\"mso-ansi-language: HU;\">n\u00e9v<\/span><span style=\"color: #385623; mso-ansi-language: HU;\">, <\/span><span style=\"mso-ansi-language: HU;\">c\u00e9gn\u00e9v<\/span><span style=\"color: #385623; mso-ansi-language: HU;\">, <\/span><span style=\"mso-ansi-language: HU;\">postac\u00edm <\/span><\/p><\/td><\/tr><tr style=\"mso-yfti-irow: 2; height: 25.25pt;\"><td style=\"width: 122.6pt; border: solid black 1.0pt; border-top: none; mso-border-top-alt: solid black .5pt; mso-border-alt: solid black .5pt; background: #F2F2F2; padding: .65pt 5.75pt 0cm 5.3pt; height: 25.25pt;\" width=\"163\"><p style=\"margin: 0cm; text-indent: 0cm; line-height: 107%;\"><strong style=\"mso-bidi-font-weight: normal;\"><span style=\"mso-ansi-language: HU;\">Adattov\u00e1bb\u00edt\u00e1s c\u00e9lja <\/span><\/strong><\/p><\/td><td style=\"width: 400.2pt; border-top: none; border-left: none; border-bottom: solid black 1.0pt; border-right: solid black 1.0pt; mso-border-top-alt: solid black .5pt; mso-border-left-alt: solid black .5pt; mso-border-alt: solid black .5pt; background: #F2F2F2; padding: .65pt 5.75pt 0cm 5.3pt; height: 25.25pt;\" width=\"534\"><p style=\"margin: 0cm; text-indent: 0cm; line-height: 107%;\"><span style=\"mso-ansi-language: HU;\">A post\u00e1z\u00e1si szolg\u00e1ltat\u00e1st v\u00e9gz\u0151 v\u00e1llalkoz\u00e1s inform\u00e1l\u00e1sa. <\/span><\/p><\/td><\/tr><tr style=\"mso-yfti-irow: 3; mso-yfti-lastrow: yes; height: 24.95pt;\"><td style=\"width: 122.6pt; border: solid black 1.0pt; border-top: none; mso-border-top-alt: solid black .5pt; mso-border-alt: solid black .5pt; background: #F2F2F2; padding: .65pt 5.75pt 0cm 5.3pt; height: 24.95pt;\" width=\"163\"><p style=\"margin: 0cm; text-indent: 0cm; line-height: 107%;\"><strong style=\"mso-bidi-font-weight: normal;\"><span style=\"mso-ansi-language: HU;\">Jogalap <\/span><\/strong><\/p><\/td><td style=\"width: 400.2pt; border-top: none; border-left: none; border-bottom: solid black 1.0pt; border-right: solid black 1.0pt; mso-border-top-alt: solid black .5pt; mso-border-left-alt: solid black .5pt; mso-border-alt: solid black .5pt; background: #F2F2F2; padding: .65pt 5.75pt 0cm 5.3pt; height: 24.95pt;\" width=\"534\"><p style=\"margin: 0cm; text-indent: 0cm; line-height: 107%;\"><span style=\"mso-ansi-language: HU;\">Postai levelek, inform\u00e1ci\u00f3k, prospektusok, csomagok h\u00e1zhoz sz\u00e1ll\u00edt\u00e1sa. <\/span><\/p><\/td><\/tr><\/tbody><\/table><p style=\"text-indent: 0cm; line-height: 107%; margin: 0cm 0cm 10.1pt 0cm;\"><strong><span style=\"mso-ansi-language: HU;\">K\u00e1rty\u00e1s fizet\u00e9si opci\u00f3 v\u00e1laszt\u00e1sa eset\u00e9n<\/span><\/strong><\/p><p style=\"text-indent: 0cm; line-height: 107%; margin: 0cm 0cm 10.1pt 0cm;\"><span style=\"mso-ansi-language: HU;\">Tudom\u00e1sul veszem, hogy a Costa Rica Caf\u00e9 Kft. (2013 Pom\u00e1z, Vincell\u00e9r u. 21.) adatkezel\u0151 \u00e1ltal a https:\/\/cafetiko.com felhaszn\u00e1l\u00f3i adatb\u00e1zis\u00e1ban t\u00e1rolt al\u00e1bbi szem\u00e9lyes adataim \u00e1tad\u00e1sra ker\u00fclnek a <strong>SimplePay Zrt.<\/strong> (Sz\u00e9khely: 1138 Budapest, V\u00e1ci \u00fat 135-139. B. \u00e9p. 5. em., Ad\u00f3sz\u00e1m: 32835155-2-41), mint adatfeldolgoz\u00f3 r\u00e9sz\u00e9re.<\/span><\/p><p style=\"text-indent: 0cm; line-height: 107%; margin: 0cm 0cm 10.1pt 0cm;\"><span style=\"mso-ansi-language: HU;\">Az adatkezel\u0151 \u00e1ltal tov\u00e1bb\u00edtott adatok k\u00f6re az al\u00e1bbi: n\u00e9v, email-c\u00edm, sz\u00e1ml\u00e1z\u00e1si c\u00edm, megrendel\u00e9s egyedi azonos\u00edt\u00f3ja, megrendel\u00e9s \u00f6sszege, k\u00e1rty\u00e1s fizet\u00e9s egyedi tranzakci\u00f3 azonos\u00edt\u00f3ja.<\/span><\/p><p style=\"text-indent: 0cm; line-height: 107%; margin: 0cm 0cm 10.1pt 0cm;\"><span style=\"mso-ansi-language: HU;\">Az adatfeldolgoz\u00f3 \u00e1ltal v\u00e9gzett adatfeldolgoz\u00e1si tev\u00e9kenys\u00e9g jellege \u00e9s c\u00e9lja a SimplePay Adatkezel\u00e9si t\u00e1j\u00e9koztat\u00f3ban, az al\u00e1bbi linken tekinthet\u0151 meg: <\/span><a href=\"https:\/\/u3753975.ct.sendgrid.net\/ls\/click?upn=u001.bNaADI9G4gZjQfCxOj27woBpt9frrR6-2FNbHDLukUU7sUnpDGRluwjNM0UbV-2B6uTDdjBZjteM0-2FTDE5BypHipsQ-3D-3DR3up_pv3vnEzpp5WKbRz-2BjlsVnkfnGJXz1Fo1kTHCwfvow2JgnV7mlh1M1w2lIQnKRSkZ2dX5o0BxhKLmc9TFoGXRgr9I48aBBWuV43FTHv-2F7TnDuuLQYcO-2BZAtwrZPs66I97qbI76tWa6umNcn1H-2BFniktit5zHvDysWQ7X1DYDcUWudXqK1KH5x-2BoUkGK0J1mkq12oCWAQOXUu69mFOHOsZhPYaZ8TECWZQHCeIQOAhIYTFLRMQytyQfk6rlIbCzWIgMrkhqOcCwKPsTM3Aq9rfRMFjGhE0BPj2FRNVOjgkIgPQFiWkt2kYgAL-2FW8ZQ9fu6o6KP-2B468qyLPuUrSMfjwYzXCHB1mVN3rq-2FcEZY-2F6KsDNUqfwjFJHTHt2qTNykTWO4xVakVBHnG7mddpDOgAeidvksg9VpNiccU7YmpHKoagnVN0BZFcKrY6-2B3Jl5WU-2FaVcctf12YqzdiYFEJW6Yt-2FQ-3D-3D\" aria-label=\"Hivatkoz\u00e1s: https:\/\/simplepay.hu\/adatkezelesi-tajekoztatok\/\"><span style=\"font-size: inherit;\"><em>https:\/\/simplepay.hu\/adatkezelesi-tajekoztatok\/<\/em><\/span><\/a><\/p><ol start=\"3\"><li style=\"line-height: 107%; margin: 0cm 0cm 7.85pt -.25pt;\"><strong style=\"mso-bidi-font-weight: normal;\"><span style=\"mso-ansi-language: HU;\"> Mit \u00e9rdemes tudni a cookie-kr\u00f3l, s\u00fctikr\u0151l? <\/span><\/strong><\/li><li style=\"text-align: center; line-height: 107%; margin: 0cm 0cm 8.55pt 1.35pt;\">\u00a0<\/li><\/ol><p style=\"text-align: center; line-height: 107%; margin: 0cm .5pt 7.65pt 1.35pt;\"><strong style=\"mso-bidi-font-weight: normal;\"><span style=\"mso-ansi-language: HU;\">Mik azok a cookie-k, s\u00fctik?<\/span><\/strong><\/p><p style=\"margin: 0cm 0cm 7.2pt -0.25pt; text-align: justify;\"><span style=\"mso-ansi-language: HU;\">A cookie (s\u00fcti) egy kism\u00e9ret\u0171 adatf\u00e1jl, adategy\u00fcttes, amely egy weboldal megl\u00e1togat\u00e1sa, b\u00f6ng\u00e9sz\u00e9se sor\u00e1n ker\u00fcl az \u00d6n eszk\u00f6z\u00e9re (sz\u00e1m\u00edt\u00f3g\u00e9p\u00e9re, telefonj\u00e1ra, t\u00e1blag\u00e9p\u00e9re). <\/span><\/p><p style=\"margin: 0cm 17.3pt 4.6pt -0.25pt; line-height: 135%; text-align: justify;\"><span style=\"mso-ansi-language: HU;\">A s\u00fctik sokf\u00e9le c\u00e9lt szolg\u00e1lhatnak. Leggyakrabban a felhaszn\u00e1l\u00f3i \u00e9lm\u00e9ny n\u00f6vel\u00e9se, tov\u00e1bb\u00e1 c\u00e9lzott rekl\u00e1mok elhelyez\u00e9se \u00e9rdek\u00e9ben gy\u0171jtenek adatokat a megl\u00e1togatott weboldal haszn\u00e1lat\u00e1r\u00f3l, l\u00e1togatotts\u00e1g\u00e1r\u00f3l. A cookie-k nem alkalmasak egy weboldal l\u00e1togat\u00f3j\u00e1nak szem\u00e9ly szerinti azonos\u00edt\u00e1s\u00e1ra, kiz\u00e1r\u00f3lag a l\u00e1togat\u00f3 eszk\u00f6z\u00e9nek (sz\u00e1m\u00edt\u00f3g\u00e9p\u00e9nek, telefonj\u00e1nak, t\u00e1blag\u00e9p\u00e9nek) felismer\u00e9s\u00e9re. Nem alkalmasak programok vagy v\u00edrusok futtat\u00e1s\u00e1ra sem. <\/span><\/p><ol><li style=\"text-align: center; line-height: 107%; margin: 0cm .2pt 9.95pt 1.35pt;\">\u00a0<\/li><\/ol><p style=\"text-align: center; line-height: 107%; margin: 0cm .25pt 9.95pt 1.35pt;\"><strong style=\"mso-bidi-font-weight: normal;\"><span style=\"mso-ansi-language: HU;\">Milyen c\u00e9lb\u00f3l \u00e9s milyen s\u00fctiket haszn\u00e1lnak a Costa Rica Caf\u00e9 Kft. \u00e1ltal m\u0171k\u00f6dtetett honlapok?<\/span><\/strong><\/p><p style=\"margin: 0cm 0cm 7.5pt -0.25pt; text-align: justify;\"><span style=\"mso-ansi-language: HU;\">A Costa Rica Caf\u00e9 Kft. az al\u00e1bbi, \u00e1ltala m\u0171k\u00f6dtetett honlapokon alkalmaz s\u00fctiket: <\/span><\/p><ul><li style=\"text-indent: -6.4pt; mso-list: l0 level1 lfo1; margin: 0cm 0cm 7.3pt 6.4pt;\"><a href=\"https:\/\/cafetiko.com\">\u00a0 cafetiko.com<\/a><\/li><\/ul><p style=\"margin: 0cm 0cm 0cm -0.25pt; text-align: justify;\"><span style=\"mso-ansi-language: HU;\">A Costa Rica Caf\u00e9 Kft. a fenti weblapok vonatkoz\u00e1s\u00e1ban az al\u00e1bbi, harmadik f\u00e9lt\u0151l sz\u00e1rmaz\u00f3 k\u00fcls\u0151 s\u00fctiket alkalmazza, azaz olyan cookie-kat, amelyeket nem a Costa Rica Caf\u00e9 Kft., hanem egy k\u00fcls\u0151 szolg\u00e1ltat\u00f3 hozott l\u00e9tre. <\/span><\/p><table style=\"width: 100%; margin-left: 0.35pt; border-collapse: collapse;\" width=\"697\"><tbody><tr style=\"mso-yfti-irow: 0; mso-yfti-firstrow: yes; height: 19.0pt;\"><td style=\"width: 134.4pt; border: solid black 1.0pt; mso-border-alt: solid black .5pt; background: #F2F2F2; padding: 2.6pt 3.8pt 0cm 5.3pt; height: 19.0pt;\" width=\"179\"><p style=\"text-align: center; text-indent: 0cm; line-height: 107%; margin: 0cm 0cm 0cm .65pt;\"><strong style=\"mso-bidi-font-weight: normal;\"><span style=\"mso-ansi-language: HU;\">Cookie <\/span><\/strong><\/p><\/td><td style=\"width: 388.4pt; border: solid black 1.0pt; border-left: none; mso-border-left-alt: solid black .5pt; mso-border-alt: solid black .5pt; background: #F2F2F2; padding: 2.6pt 3.8pt 0cm 5.3pt; height: 19.0pt;\" width=\"518\"><p style=\"text-align: center; text-indent: 0cm; line-height: 107%; margin: 0cm 0cm 0cm .6pt;\"><strong style=\"mso-bidi-font-weight: normal;\"><span style=\"mso-ansi-language: HU;\">S\u00fcti funkci\u00f3ja \u00e9s a s\u00fcti \u00e1ltal gy\u0171jt\u00f6tt adatok <\/span><\/strong><\/p><\/td><\/tr><tr style=\"mso-yfti-irow: 1; height: 60.35pt;\"><td style=\"width: 134.4pt; border-top: none; border-left: solid black 1.0pt; border-bottom: none; border-right: solid black 1.0pt; mso-border-top-alt: solid black .5pt; mso-border-left-alt: solid black .5pt; mso-border-right-alt: solid black .5pt; background: #F2F2F2; padding: 2.6pt 3.8pt 0cm 5.3pt; height: 60.35pt;\" width=\"179\"><p style=\"text-indent: 0cm; line-height: 107%; margin: 0cm 0cm 0cm 3.4pt;\"><span style=\"mso-ansi-language: HU;\">Google Adwords cookie-k <\/span><\/p><\/td><td style=\"width: 388.4pt; border: none; border-right: solid black 1.0pt; mso-border-top-alt: solid black .5pt; mso-border-left-alt: solid black .5pt; mso-border-right-alt: solid black .5pt; background: #F2F2F2; padding: 2.6pt 3.8pt 0cm 5.3pt; height: 60.35pt;\" width=\"518\"><p style=\"margin: 0cm; text-align: justify; text-justify: inter-ideograph; line-height: 107%;\"><span style=\"mso-ansi-language: HU;\">Ezek a s\u00fctik a Costa Rica Caf\u00e9 Kft. weblapjain val\u00f3 l\u00e1togat\u00e1sokr\u00f3l gy\u0171jtenek adatokat (pl.: megl\u00e1togatott aloldalak). Remarketing c\u00e9l\u00faak, azaz lehet\u0151v\u00e9 teszik, hogy az \u00d6n sz\u00e1m\u00e1ra, a Costa Rica Caf\u00e9 Kft. honlapjain val\u00f3 l\u00e1togat\u00e1sai alapj\u00e1n, m\u00e1s weblapokon c\u00e9lzott Costa Rica Caf\u00e9 Kft. hirdet\u00e9sek jelenjenek meg. <\/span><\/p><\/td><\/tr><tr style=\"mso-yfti-irow: 2; height: 82.4pt;\"><td style=\"width: 134.4pt; border: solid black 1.0pt; mso-border-alt: solid black .5pt; background: #F2F2F2; padding: 2.6pt 3.8pt 0cm 5.3pt; height: 82.4pt;\" width=\"179\"><p style=\"text-indent: 0cm; line-height: 107%; margin: 0cm 0cm 0cm 2.4pt;\"><span style=\"mso-ansi-language: HU;\">Google Analytics cookie-k <\/span><\/p><\/td><td style=\"width: 388.4pt; border: solid black 1.0pt; border-left: none; mso-border-left-alt: solid black .5pt; mso-border-alt: solid black .5pt; background: #F2F2F2; padding: 2.6pt 3.8pt 0cm 5.3pt; height: 82.4pt;\" width=\"518\"><p style=\"margin: 0cm; text-indent: 0cm; line-height: 107%;\"><span style=\"mso-ansi-language: HU;\">Ezek a s\u00fctik a honlapok haszn\u00e1lat\u00e1r\u00f3l, l\u00e1togatotts\u00e1g\u00e1r\u00f3l val\u00f3 elemz\u00e9sek k\u00e9sz\u00edt\u00e9se \u00e9rdek\u00e9ben, a Costa Rica Caf\u00e9 Kft. honlapjain val\u00f3 l\u00e1togat\u00e1sokr\u00f3l statisztikai adatokat gy\u0171jtenek (pl.: megtekintett aloldalak, l\u00e1togat\u00f3k sz\u00e1ma, hozz\u00e1vet\u0151leges f\u00f6ldrajzi helyzet\u00fck stb.). A Costa Rica Caf\u00e9 Kft. a Google Analytics szolg\u00e1ltat\u00e1son kereszt\u00fcl, a weboldalai forgalm\u00e1r\u00f3l \u00e9s haszn\u00e1lat\u00e1r\u00f3l kapott statisztikai adatokat a honlapjai fejleszt\u00e9s\u00e9re haszn\u00e1lja fel. <\/span><\/p><\/td><\/tr><tr style=\"mso-yfti-irow: 3; mso-yfti-lastrow: yes; height: 44.3pt;\"><td style=\"width: 134.4pt; border: solid black 1.0pt; border-top: none; mso-border-top-alt: solid black .5pt; mso-border-alt: solid black .5pt; background: #F2F2F2; padding: 2.6pt 3.8pt 0cm 5.3pt; height: 44.3pt;\" width=\"179\"><p style=\"text-indent: 0cm; line-height: 107%; margin: 0cm 1.8pt 0cm 0cm; text-align: left;\"><span style=\"mso-ansi-language: HU;\">Facebook cookie-k <\/span><\/p><\/td><td style=\"width: 388.4pt; border-top: none; border-left: none; border-bottom: solid black 1.0pt; border-right: solid black 1.0pt; mso-border-top-alt: solid black .5pt; mso-border-left-alt: solid black .5pt; mso-border-alt: solid black .5pt; background: #F2F2F2; padding: 2.6pt 3.8pt 0cm 5.3pt; height: 44.3pt;\" width=\"518\"><p style=\"margin: 0cm; text-indent: 0cm; line-height: 107%;\"><span style=\"mso-ansi-language: HU;\">Ezek a s\u00fctik szint\u00e9n a Costa Rica Caf\u00e9 Kft. honlapok haszn\u00e1lat\u00e1r\u00f3l gy\u0171jtenek adatokat (pl.: megtekintett aloldalak), annak \u00e9rdek\u00e9ben, hogy a Facebook fel\u00fclet\u00e9n az \u00d6n sz\u00e1m\u00e1ra c\u00e9lzott Costa Rica Caf\u00e9 Kft. hirdet\u00e9sek jelenjenek meg. <\/span><\/p><\/td><\/tr><\/tbody><\/table><p style=\"text-indent: 0cm; line-height: 107%; margin: 0cm 0cm 10.3pt 0cm;\"><span style=\"mso-ansi-language: HU;\"><span style=\"mso-spacerun: yes;\">\u00a0<\/span><\/span><\/p><p style=\"line-height: 107%; margin: 0cm 0cm 7.85pt -.25pt;\"><strong style=\"mso-bidi-font-weight: normal;\"><span style=\"mso-ansi-language: HU;\">A fenti s\u00fctikr\u0151l tov\u00e1bbi inform\u00e1ci\u00f3kat az al\u00e1bbi weboldalakon tal\u00e1l: <\/span><\/strong><\/p><p style=\"line-height: 107%; margin: 0cm 0cm 7.85pt -.25pt;\"><a href=\"https:\/\/policies.google.com\/technologies\/types\"><span style=\"color: #0563c1; mso-ansi-language: HU;\">https:\/\/policies.google.com\/technologies\/types<\/span><\/a><\/p><p style=\"line-height: 171%; margin: 0cm 0cm .95pt -.25pt;\"><a href=\"https:\/\/developers.google.com\/analytics\/devguides\/collection\/analyticsjs\/cookie-usage\"><span style=\"color: #0563c1; mso-ansi-language: HU;\">https:\/\/developers.google.com\/analytics\/devguides\/collection\/analyticsjs\/cookie<\/span><\/a><a href=\"https:\/\/developers.google.com\/analytics\/devguides\/collection\/analyticsjs\/cookie-usage\"><span style=\"color: #0563c1; mso-ansi-language: HU;\">&#8211;<\/span><\/a><a href=\"https:\/\/developers.google.com\/analytics\/devguides\/collection\/analyticsjs\/cookie-usage\"><span style=\"color: #0563c1; mso-ansi-language: HU;\">usage<\/span><\/a> <a href=\"https:\/\/www.facebook.com\/help\/cookies\/\"><span style=\"color: #0563c1; mso-ansi-language: HU;\">https:\/\/www.facebook.com\/help\/cookies\/<\/span><\/a><\/p><p style=\"text-align: center; text-indent: 0cm; line-height: 107%; margin: 0cm 0cm 7.8pt 3.5pt;\"><strong style=\"mso-bidi-font-weight: normal;\"><span style=\"font-size: 12.0pt; mso-bidi-font-size: 11.0pt; line-height: 107%; mso-ansi-language: HU;\"><span style=\"mso-spacerun: yes;\">\u00a0<\/span><\/span><\/strong><\/p><p style=\"text-indent: 0cm; line-height: 107%; margin: 0cm 0cm 8.0pt 0cm;\"><strong style=\"mso-bidi-font-weight: normal;\"><span style=\"font-size: 12.0pt; mso-bidi-font-size: 11.0pt; line-height: 107%; mso-ansi-language: HU;\"><span style=\"mso-spacerun: yes;\">\u00a0<\/span><\/span><\/strong><\/p><p style=\"text-indent: 0cm; line-height: 107%; margin: 0cm 0cm 7.8pt 0cm;\"><strong style=\"mso-bidi-font-weight: normal;\"><span style=\"font-size: 12.0pt; mso-bidi-font-size: 11.0pt; line-height: 107%; mso-ansi-language: HU;\"><span style=\"mso-spacerun: yes;\">\u00a0<\/span><\/span><\/strong><\/p><ol><li style=\"text-align: center; line-height: 107%; margin: 0cm 0cm 10.55pt 1.0pt;\">\u00a0<\/li><\/ol><p style=\"text-align: center; line-height: 107%; margin: 0cm .25pt 8.75pt 1.0pt;\"><strong style=\"mso-bidi-font-weight: normal;\"><span style=\"font-size: 12.0pt; mso-bidi-font-size: 11.0pt; line-height: 107%; mso-ansi-language: HU;\">Mennyi ideig t\u00e1rol\u00f3dnak a s\u00fctik \u00e9s hogyan t\u00f6r\u00f6lhet\u0151k? <\/span><\/strong><\/p><p style=\"margin: 0cm 0cm 7.15pt -0.25pt; text-align: justify;\"><span style=\"mso-ansi-language: HU;\">A fenti s\u00fctik a Costa Rica Caf\u00e9 Kft.<span style=\"mso-spacerun: yes;\">\u00a0 <\/span>weblapjainak l\u00e1togat\u00e1sa sor\u00e1n adott enged\u00e9ly\u00e9vel, azaz az \u00d6n hozz\u00e1j\u00e1rul\u00e1s\u00e1val ker\u00fclnek elhelyez\u00e9sre a b\u00f6ng\u00e9sz\u00e9sre haszn\u00e1lt eszk\u00f6z\u00e9n. \u00c9lettartamuk v\u00e1ltoz\u00f3, de legk\u00e9s\u0151bb az elhelyez\u00e9s\u00fcket k\u00f6vet\u0151 2 \u00e9v eltelt\u00e9vel automatikusan t\u00f6rl\u00e9sre ker\u00fclnek. Ugyanakkor \u00d6n a s\u00fctiket b\u00e1rmikor t\u00f6r\u00f6lheti, illetve be\u00e1ll\u00edthatja b\u00f6ng\u00e9sz\u0151j\u00e9t \u00fagy, hogy a s\u00fctik alkalmaz\u00e1s\u00e1t tiltsa. Az al\u00e1bbi linkeken t\u00e1j\u00e9koz\u00f3dhat a cookie-k t\u00f6rl\u00e9s\u00e9r\u0151l, illetve tilt\u00e1s\u00e1r\u00f3l a leggyakrabban haszn\u00e1lt b\u00f6ng\u00e9sz\u0151k eset\u00e9ben: <\/span><\/p><p style=\"margin: 0cm 0cm 7.5pt -.25pt;\"><span style=\"mso-ansi-language: HU;\">Google Chrome <\/span><\/p><p style=\"margin: 0cm 0cm 7.3pt -.25pt;\"><span style=\"mso-ansi-language: HU;\">Firefox <\/span><\/p><p style=\"margin-left: -.25pt;\"><span style=\"mso-ansi-language: HU;\">Microsoft Internet Explorer <\/span><\/p><p style=\"margin-left: -.25pt;\"><span style=\"mso-ansi-language: HU;\">Microsoft Edge<\/span><\/p><p style=\"margin-left: -.25pt;\"><span style=\"mso-ansi-language: HU;\">Safari<\/span><\/p><p style=\"margin-left: -0.25pt; text-align: justify;\"><span style=\"mso-ansi-language: HU;\">A cookie-k alkalmaz\u00e1s\u00e1nak tilt\u00e1sa eset\u00e9n azonban el\u0151fordulhat, hogy a Costa Rica Caf\u00e9 Kft. weboldalak a tervezett\u0151l elt\u00e9r\u0151en, nem optim\u00e1lisan fognak m\u0171k\u00f6dni az \u00d6n b\u00f6ng\u00e9sz\u0151j\u00e9ben. <\/span><\/p><ol start=\"4\"><li style=\"line-height: 107%; margin: 0cm 0cm 9.75pt -.25pt;\"><strong style=\"mso-bidi-font-weight: normal;\"><span style=\"mso-ansi-language: HU;\"> Milyen jogok gyakorolhat\u00f3ak a szem\u00e9lyes adatok kezel\u00e9s\u00e9vel kapcsolatban? <\/span><\/strong><\/li><\/ol><p style=\"margin-left: -.25pt;\"><span style=\"mso-ansi-language: HU;\">\u00d6nnek joga van: <\/span><\/p><ul><li style=\"margin-left: 6.4pt; text-indent: -6.4pt; mso-list: l6 level1 lfo2;\"><span style=\"mso-ansi-language: HU;\">a t\u00e1j\u00e9koztat\u00e1shoz, szem\u00e9lyes adataihoz val\u00f3 hozz\u00e1f\u00e9r\u00e9shez, m\u00e1solat ig\u00e9nyl\u00e9s\u00e9hez <\/span><\/li><li style=\"margin-left: 6.4pt; text-indent: -6.4pt; mso-list: l6 level1 lfo2;\"><span style=\"mso-ansi-language: HU;\">szem\u00e9lyes adatai helyesb\u00edt\u00e9s\u00e9hez, <\/span><\/li><li style=\"margin-left: 6.4pt; text-indent: -6.4pt; mso-list: l6 level1 lfo2;\"><span style=\"mso-ansi-language: HU;\">adatkezel\u00e9shez adott hozz\u00e1j\u00e1rul\u00e1s\u00e1nak visszavon\u00e1s\u00e1hoz, szem\u00e9lyes adatai t\u00f6rl\u00e9s\u00e9hez, azaz az \u2019elfeledtet\u00e9shez\u2019, <\/span><\/li><li style=\"margin-left: 6.4pt; text-indent: -6.4pt; mso-list: l6 level1 lfo2;\"><span style=\"mso-ansi-language: HU;\">az adatkezel\u00e9s elleni tiltakoz\u00e1shoz, <\/span><\/li><li style=\"margin-left: 6.4pt; text-indent: -6.4pt; mso-list: l6 level1 lfo2;\"><span style=\"mso-ansi-language: HU;\">az adatkezel\u00e9s korl\u00e1toz\u00e1s\u00e1hoz, <\/span><\/li><li style=\"text-indent: -6.4pt; line-height: 169%; mso-list: l6 level1 lfo2; margin: 0cm 0cm 2.5pt 6.4pt;\"><span style=\"mso-ansi-language: HU;\">az adathordozhat\u00f3s\u00e1ghoz, \u00e9s &#8211; jogorvoslathoz. <\/span><\/li><\/ul><h3 style=\"margin-left: -.25pt;\"><span style=\"mso-ansi-language: HU;\">A. T\u00e1j\u00e9koztat\u00e1shoz val\u00f3 jog <\/span><\/h3><p style=\"margin-left: -0.25pt; text-align: justify;\"><span style=\"mso-ansi-language: HU;\">A 2. pontban r\u00e9szletezett inform\u00e1ci\u00f3kon t\u00falmen\u0151en az 1. pontban megadott el\u00e9rhet\u0151s\u00e9geken \u00d6nre vonatkoz\u00f3 konkr\u00e9t t\u00e1j\u00e9koztat\u00e1st k\u00e9rhet a Costa Rica Caf\u00e9 Kft. t\u0151l arr\u00f3l, hogy kezeli-e szem\u00e9lyes adat\u00e1t, ha igen, akkor milyen adat\u00e1t, milyen c\u00e9lb\u00f3l \u00e9s jogalapon, mennyi ideig, tov\u00e1bb\u00e1 felvil\u00e1gos\u00edt\u00e1st k\u00e9rhet arr\u00f3l, hogy hogyan jutott el a Costa Rica Caf\u00e9 Kft. hez a szem\u00e9lyes adata, azt <\/span><\/p><p style=\"margin: 0cm 0cm 7.35pt -0.25pt; text-align: justify;\"><span style=\"mso-ansi-language: HU;\">tov\u00e1bb\u00edtotta-e, vagy ahhoz hozz\u00e1f\u00e9r\u00e9st biztos\u00edtott-e harmadik szem\u00e9lynek, ha igen kinek, mikor, milyen c\u00e9lb\u00f3l, valamint az adatkezel\u00e9ssel kapcsolatos konkr\u00e9t jogair\u00f3l is felvil\u00e1gos\u00edt\u00e1st k\u00e9rhet. A t\u00e1j\u00e9koztat\u00e1st a Costa Rica Caf\u00e9 Kft.<span style=\"mso-spacerun: yes;\">\u00a0 <\/span>d\u00edjmentesen ny\u00fajtja, de egy\u00e9rtelm\u0171en megalapozatlan vagy \u2013 k\u00fcl\u00f6n\u00f6sen ism\u00e9tl\u0151d\u0151 jellege miatt \u2013 t\u00falz\u00f3 k\u00e9relem eset\u00e9n a vonatkoz\u00f3 jogszab\u00e1lyban biztos\u00edtott lehet\u0151s\u00e9ggel \u00e9lve &#8211; a Costa Rica Caf\u00e9 Kft.<span style=\"mso-spacerun: yes;\">\u00a0 <\/span>(az adminisztrat\u00edv k\u00f6lts\u00e9gekre figyelemmel, ar\u00e1nyos) \u00e9sszer\u0171 m\u00e9rt\u00e9k\u0171 d\u00edjat sz\u00e1m\u00edthat fel, vagy nem teljes\u00edti a t\u00e1j\u00e9koztat\u00e1sra vonatkoz\u00f3 k\u00e9relm\u00e9t. <\/span><\/p><p style=\"margin-left: -0.25pt; text-align: justify;\"><span style=\"mso-ansi-language: HU;\">K\u00e9rheti a kezelt szem\u00e9lyes adatair\u00f3l k\u00e9sz\u00fclt m\u00e1solat kiad\u00e1s\u00e1t, elektronikus vagy m\u00e1s (k\u00fcl\u00f6n\u00f6sen pap\u00edr) form\u00e1tumban, melynek ellen\u00e9rt\u00e9kek\u00e9nt &#8211; a vonatkoz\u00f3 jogszab\u00e1lyban biztos\u00edtott lehet\u0151s\u00e9ggel \u00e9lve \u2013 a Costa Rica Caf\u00e9 Kft. (az adminisztrat\u00edv k\u00f6lts\u00e9gekre figyelemmel, ar\u00e1nyos) \u00e9sszer\u0171 m\u00e9rt\u00e9k\u0171 d\u00edjat sz\u00e1m\u00edthat fel. <\/span><\/p><p style=\"margin-left: -0.25pt; text-align: justify;\"><span style=\"mso-ansi-language: HU;\">A t\u00e1j\u00e9koztat\u00e1sra vonatkoz\u00f3 k\u00e9relm\u00e9t a Costa Rica Caf\u00e9 Kft. m\u00e1sok jogainak (k\u00fcl\u00f6n\u00f6sen az \u00fczleti titok \u00e9s a szellemi alkot\u00e1sok v\u00e9delm\u00e9hez val\u00f3 jog) tiszteletben tart\u00e1s\u00e1val teljes\u00edti. <\/span><\/p><h3 style=\"margin-left: -.25pt;\"><span style=\"mso-ansi-language: HU;\">B. Helyesb\u00edt\u00e9shez val\u00f3 jog <\/span><\/h3><p style=\"margin-left: -0.25pt; text-align: justify;\"><span style=\"mso-ansi-language: HU;\">Amennyiben tudom\u00e1s\u00e1ra jut, hogy a Costa Rica Caf\u00e9 Kft. \u00e1ltal kezelt, rendszereiben t\u00e1rolt valamely szem\u00e9lyes adata (\u00edgy k\u00fcl\u00f6n\u00f6sen pl.: kapcsolattart\u00e1sra szolg\u00e1l\u00f3 adata, e-mail c\u00edme, telefonsz\u00e1ma) helytelen (pl.: el\u00edr\u00e1s folyt\u00e1n), vagy hi\u00e1nyos, akkor az 1. pontban megadott el\u00e9rhet\u0151s\u00e9gekre k\u00fcld\u00f6tt k\u00e9relm\u00e9re a Costa Rica Caf\u00e9 Kft. rendszereiben a hi\u00e1nyos szem\u00e9lyes adatait kieg\u00e9sz\u00edti, a helytelen szem\u00e9lyes adatait helyesb\u00edti. Tov\u00e1bb\u00e1, a Costa Rica Caf\u00e9 Kft. a helyesb\u00edt\u00e9sr\u0151l t\u00e1j\u00e9koztatja azokat a harmadik szem\u00e9lyeket is, akiknek r\u00e9sz\u00e9re az \u00d6n szem\u00e9lyes adatait tov\u00e1bb\u00edtotta, kiv\u00e9ve, ha ez lehetetlen, vagy ar\u00e1nytalanul nagy er\u0151fesz\u00edt\u00e9st ig\u00e9nyel. <\/span><\/p><h3 style=\"margin: 0cm 0cm 9.8pt -.25pt;\"><span style=\"mso-ansi-language: HU;\">C. Adatkezel\u00e9shez adott hozz\u00e1j\u00e1rul\u00e1s visszavon\u00e1sa; t\u00f6rl\u00e9shez, \u2019elfeledtet\u00e9shez\u2019 val\u00f3 jog <\/span><\/h3><p style=\"margin-left: -0.25pt; text-align: justify;\"><span style=\"mso-ansi-language: HU;\">Az adatkezel\u00e9shez adott hozz\u00e1j\u00e1rul\u00e1s\u00e1t b\u00e1rmikor jogosult visszavonni, amely ugyanakkor nem \u00e9rinti a visszavon\u00e1st megel\u0151z\u0151 adatkezel\u00e9s jogszer\u0171s\u00e9g\u00e9t. <\/span><\/p><p style=\"margin-left: -.25pt;\"><span style=\"mso-ansi-language: HU;\">Ha \u00d6n az adatkezel\u00e9shez adott hozz\u00e1j\u00e1rul\u00e1s\u00e1t visszavonja \u00e9s <\/span><\/p><ul><li style=\"margin-left: 6.4pt; text-indent: -6.4pt; mso-list: l3 level1 lfo3;\"><span style=\"mso-ansi-language: HU;\">az adatkezel\u00e9snek m\u00e1s jogalapja nincs, vagy <\/span><\/li><li style=\"margin-left: 6.4pt; text-indent: -6.4pt; mso-list: l3 level1 lfo3;\"><span style=\"mso-ansi-language: HU;\">ha az adatkezel\u00e9s c\u00e9lja megsz\u0171nt, vagy <\/span><\/li><li style=\"margin-left: 6.4pt; text-indent: -6.4pt; mso-list: l3 level1 lfo3;\"><span style=\"mso-ansi-language: HU;\">az adatkezel\u00e9s jogellenes, vagy <\/span><\/li><li style=\"text-indent: -6.4pt; mso-list: l3 level1 lfo3; margin: 0cm 0cm 7.5pt 6.4pt;\"><span style=\"mso-ansi-language: HU;\">az adatokat jogszab\u00e1ly alapj\u00e1n t\u00f6r\u00f6lni sz\u00fcks\u00e9ges, <\/span><\/li><\/ul><p style=\"margin-left: -0.25pt; text-align: justify;\"><span style=\"mso-ansi-language: HU;\">akkor az 1. pontban megadott el\u00e9rhet\u0151s\u00e9gekre k\u00fcld\u00f6tt k\u00e9relm\u00e9re a Costa Rica Caf\u00e9 Kft. a szem\u00e9lyes adatait \u00e9s azok m\u00e1solatait rendszereib\u0151l v\u00e9glegesen t\u00f6rli, ill. megsemmis\u00edti azokat. Tov\u00e1bb\u00e1, a Costa Rica Caf\u00e9 Kft. a t\u00f6rl\u00e9sr\u0151l t\u00e1j\u00e9koztatja azokat a harmadik szem\u00e9lyeket is, akiknek r\u00e9sz\u00e9re az \u00d6n szem\u00e9lyes adatait tov\u00e1bb\u00edtotta, kiv\u00e9ve, ha ez lehetetlen, vagy ar\u00e1nytalanul nagy er\u0151fesz\u00edt\u00e9st ig\u00e9nyel. <\/span><\/p><h3 style=\"margin: 0cm 0cm 9.45pt -.25pt;\"><span style=\"mso-ansi-language: HU;\">D. Tiltakoz\u00e1shoz val\u00f3 jog <\/span><\/h3><p style=\"margin-left: -0.25pt; text-align: justify;\"><span style=\"mso-ansi-language: HU;\">Amennyiben az adatkezel\u00e9s a Costa Rica Caf\u00e9 Kft.<span style=\"mso-spacerun: yes;\">\u00a0 <\/span>vagy egy harmadik f\u00e9l jogos \u00e9rdek\u00e9n alapul, \u00d6nnek joga van tiltakozni az adatkezel\u00e9s ellen az 1. pontban megadott el\u00e9rhet\u0151s\u00e9geken, mely esetben <\/span><\/p><p style=\"margin-left: -0.25pt; text-align: justify;\"><span style=\"mso-ansi-language: HU;\">az \u00d6n szem\u00e9lyes adatait a tov\u00e1bbiakban a Costa Rica Caf\u00e9 Kft.<span style=\"mso-spacerun: yes;\">\u00a0 <\/span>nem kezeli, kiv\u00e9ve, ha az adatkezel\u00e9st k\u00e9nyszer\u00edt\u0151 erej\u0171, jogos ok indokolja. <\/span><\/p><h3 style=\"margin-left: -.25pt;\"><span style=\"mso-ansi-language: HU;\">E. Adatkezel\u00e9s korl\u00e1toz\u00e1sa <\/span><\/h3><p style=\"margin-left: -0.25pt; text-align: justify;\"><span style=\"mso-ansi-language: HU;\">Az 1. pontban megadott el\u00e9rhet\u0151s\u00e9geken k\u00e9rheti az \u00d6n szem\u00e9lyes adataira vonatkoz\u00f3 adatkezel\u00e9s korl\u00e1toz\u00e1s\u00e1t, amely esetben a Costa Rica Caf\u00e9 Kft.<span style=\"mso-spacerun: yes;\">\u00a0 <\/span>a szem\u00e9lyes adatait csup\u00e1n t\u00e1rolhatja, an\u00e9lk\u00fcl, hogy azokat felhaszn\u00e1ln\u00e1, vagy azokon tov\u00e1bbi adatkezel\u00e9si m\u0171veletet (pl.: tov\u00e1bb\u00edt\u00e1st, t\u00f6rl\u00e9st) v\u00e9gezne; ut\u00f3bbiakra a korl\u00e1toz\u00e1s alatt csak akkor ker\u00fclhet sor, ha \u00d6n azokhoz hozz\u00e1j\u00e1rul, vagy azok jogi ig\u00e9ny el\u0151terjeszt\u00e9s\u00e9hez, \u00e9rv\u00e9nyes\u00edt\u00e9s\u00e9hez, v\u00e9delm\u00e9hez, illetve harmadik szem\u00e9ly jogainak, az Uni\u00f3, vagy valamely uni\u00f3s tag\u00e1llam fontos k\u00f6z\u00e9rdek\u00e9nek v\u00e9delm\u00e9hez sz\u00fcks\u00e9gesek. <\/span><\/p><p style=\"margin-left: -0.25pt; text-align: justify;\"><span style=\"mso-ansi-language: HU;\">Tov\u00e1bb\u00e1, a korl\u00e1toz\u00e1sr\u00f3l a Costa Rica Caf\u00e9 Kft.<span style=\"mso-spacerun: yes;\">\u00a0 <\/span>t\u00e1j\u00e9koztatja azokat a harmadik szem\u00e9lyeket is, akiknek r\u00e9sz\u00e9re az \u00d6n szem\u00e9lyes adatait tov\u00e1bb\u00edtotta, kiv\u00e9ve, ha ez lehetetlen, vagy ar\u00e1nytalanul nagy er\u0151fesz\u00edt\u00e9st ig\u00e9nyel. <\/span><\/p><p style=\"margin-left: -.25pt;\"><span style=\"mso-ansi-language: HU;\">Az adatkezel\u00e9s korl\u00e1toz\u00e1s\u00e1t akkor k\u00e9rheti, <\/span><\/p><ul><li style=\"margin-left: 6.4pt; text-indent: -6.4pt; mso-list: l1 level1 lfo4;\"><span style=\"mso-ansi-language: HU;\">ha \u00fagy v\u00e9li, hogy az adatai pontatlanok \u00e9s nem szeretn\u00e9, ha azokat a Costa Rica Caf\u00e9 Kft. felhaszn\u00e1ln\u00e1 mindaddig, am\u00edg helyesb\u00edt\u00e9sre nem ker\u00fclnek, illetve <\/span><\/li><li style=\"margin-left: 6.4pt; text-indent: -6.4pt; mso-list: l1 level1 lfo4;\"><span style=\"mso-ansi-language: HU;\">ha v\u00e9lem\u00e9nye szerint az adatkezel\u00e9s jogellenes, vagy <\/span><\/li><li style=\"margin-left: 6.4pt; text-indent: -6.4pt; mso-list: l1 level1 lfo4;\"><span style=\"mso-ansi-language: HU;\">a Costa Rica Caf\u00e9 Kft. \u00e1ltali adatkezel\u00e9s c\u00e9lja megsz\u0171nt, de nem szeretn\u00e9, hogy az adatai t\u00f6rl\u00e9sre ker\u00fcljenek, mert azokra pl.: jogi ig\u00e9ny\u00e9nek el\u0151terjeszt\u00e9s\u00e9hez, v\u00e9delm\u00e9hez, \u00e9rv\u00e9nyes\u00edt\u00e9s\u00e9hez sz\u00fcks\u00e9ge van. <\/span><\/li><\/ul><p style=\"margin-left: -0.25pt; text-align: justify;\"><span style=\"mso-ansi-language: HU;\">K\u00e9rheti a korl\u00e1toz\u00e1st a Costa Rica Caf\u00e9 Kft.<span style=\"mso-spacerun: yes;\">\u00a0 <\/span>vagy harmadik szem\u00e9ly jogos \u00e9rdek\u00e9n alapul\u00f3 adatkezel\u00e9s elleni tiltakoz\u00e1ssal egyidej\u0171leg is, mely esetben a korl\u00e1toz\u00e1s legfeljebb a tiltakoz\u00e1s ir\u00e1nti k\u00e9relem elb\u00edr\u00e1l\u00e1s\u00e1ig tart. <\/span><\/p><h3 style=\"margin-left: -.25pt;\"><span style=\"mso-ansi-language: HU;\">F. Adathordozhat\u00f3s\u00e1g <\/span><\/h3><p style=\"margin-left: -0.25pt; text-align: justify;\"><span style=\"mso-ansi-language: HU;\">Ha az adatkezel\u00e9s az \u00d6n hozz\u00e1j\u00e1rul\u00e1s\u00e1n alapul, vagy az \u00d6nnel k\u00f6t\u00f6tt szerz\u0151d\u00e9s teljes\u00edt\u00e9s\u00e9hez sz\u00fcks\u00e9ges, vagy automatiz\u00e1lt m\u00f3don t\u00f6rt\u00e9nik, akkor az 1. pontban megadott el\u00e9rhet\u0151s\u00e9geken k\u00e9rheti kiz\u00e1r\u00f3lag az \u00d6n \u00e1ltal a Costa Rica Caf\u00e9 Kft. rendelkez\u00e9s\u00e9re bocs\u00e1tott, \u00d6nre vonatkoz\u00f3 szem\u00e9lyes adatok tagolt, sz\u00e9les k\u00f6rben haszn\u00e1lt, g\u00e9ppel olvashat\u00f3 form\u00e1tumban val\u00f3 tov\u00e1bb\u00edt\u00e1s\u00e1t a saj\u00e1t, vagy \u00d6n \u00e1ltal megjel\u00f6lt m\u00e1s adatkezel\u0151 sz\u00e1m\u00e1ra. A k\u00e9relm\u00e9t a Costa Rica Caf\u00e9 Kft. m\u00e1sok jogainak (k\u00fcl\u00f6n\u00f6sen az \u00fczleti titok \u00e9s a szellemi alkot\u00e1sok v\u00e9delm\u00e9hez val\u00f3 jog) tiszteletben tart\u00e1s\u00e1val teljes\u00edti.<\/span><\/p><ol start=\"5\"><li style=\"line-height: 107%; margin: 0cm 0cm 7.85pt -.25pt;\"><strong style=\"mso-bidi-font-weight: normal;\"><span style=\"mso-ansi-language: HU;\"> Az adatkezel\u00e9ssel kapcsolatos jogok hogyan \u00e9rv\u00e9nyes\u00edthet\u0151ek?<\/span><\/strong><\/li><\/ol><p style=\"margin-left: -0.25pt; text-align: justify;\"><span style=\"mso-ansi-language: HU;\">A fentiekben r\u00e9szletezett adatkezel\u00e9ssel kapcsolatos jogainak gyakorl\u00e1s\u00e1ra ir\u00e1nyul\u00f3 k\u00e9relm\u00e9t, megkeres\u00e9s\u00e9t az 1. pontban meghat\u00e1rozott el\u00e9rhet\u0151s\u00e9geken ny\u00fajthatja be. K\u00e9rj\u00fck, hogy a k\u00e9relm\u00e9ben adja meg legal\u00e1bb k\u00e9t szem\u00e9lyes adat\u00e1t, amellyel a Costa Rica Caf\u00e9 Kft.<span style=\"mso-spacerun: yes;\">\u00a0 <\/span>be tudja azonos\u00edtani \u00d6nt (pl.: n\u00e9v \u00e9s telefonsz\u00e1m, n\u00e9v \u00e9s e-mail c\u00edm). K\u00e9relm\u00e9t, \u00e9szrev\u00e9tel\u00e9t sz\u00f3ban is megteheti az 1. pontban megjel\u00f6lt telefonsz\u00e1mon, azonban a Costa Rica Caf\u00e9 Kft.<span style=\"mso-spacerun: yes;\">\u00a0 <\/span>minden esetben \u00edr\u00e1sban (els\u0151sorban az \u00d6n \u00e1ltal v\u00e1lasztott form\u00e1ban, ennek hi\u00e1ny\u00e1ban a Costa Rica Caf\u00e9 Kft.<span style=\"mso-spacerun: yes;\">\u00a0 <\/span>saj\u00e1t d\u00f6nt\u00e9se szerint elektronikusan e-mail-en kereszt\u00fcl, vagy pap\u00edr alapon, postai \u00faton) ad v\u00e1laszt, felvil\u00e1gos\u00edt\u00e1st. K\u00e9rj\u00fck, hogy az \u00edr\u00e1sban (e-mail-en vagy pap\u00edr alapon beny\u00fajtott) k\u00e9relm\u00e9ben jel\u00f6lje meg, hogy milyen form\u00e1ban szeretne v\u00e1laszt kapni (pl.: elektronikusan e-mail-en kereszt\u00fcl, vagy pap\u00edr alapon, postai \u00faton), ellenkez\u0151 esetben a v\u00e1laszt a Costa Rica Caf\u00e9 Kft.<span style=\"mso-spacerun: yes;\">\u00a0 <\/span>a k\u00e9relm\u00e9nek megfelel\u0151 form\u00e1ban tov\u00e1bb\u00edtja \u00d6nnek. A Costa Rica Caf\u00e9 Kft.<span style=\"mso-spacerun: yes;\">\u00a0 <\/span>az adatkezel\u00e9ssel kapcsolatos k\u00e9relm\u00e9re, megkeres\u00e9s\u00e9re \u00e9rdemi v\u00e1laszt a be\u00e9rkez\u00e9st\u0151l sz\u00e1m\u00edtott 30 napon bel\u00fcl, kiv\u00e9telesen (pl.: a k\u00e9relem \u00f6sszetetts\u00e9g\u00e9re tekintettel) 60 napon bel\u00fcl ad. Ut\u00f3bbi esetben k\u00fcl\u00f6n t\u00e1j\u00e9koztatja a v\u00e1laszad\u00e1si hat\u00e1rid\u0151 meghosszabb\u00edt\u00e1s\u00e1r\u00f3l \u00e9s annak okair\u00f3l, a k\u00e9relem be\u00e9rkez\u00e9s\u00e9t\u0151l sz\u00e1m\u00edtott 1 h\u00f3napon bel\u00fcl.<\/span><\/p><ol><li style=\"margin-left: -.25pt;\"><strong style=\"mso-bidi-font-weight: normal;\"><span style=\"mso-ansi-language: HU;\"> M\u00e9g nem vagyok nagykor\u00fa; hogyan j\u00e1rjak el? <\/span><\/strong><\/li><\/ol><p style=\"margin-left: -0.25pt; text-align: justify;\"><span style=\"mso-ansi-language: HU;\">Ha m\u00e9g nem t\u00f6lt\u00f6tted be a 16. \u00e9let\u00e9vedet, akkor a t\u00f6rv\u00e9nyes k\u00e9pvisel\u0151d, azaz leggyakrabban a sz\u00fcl\u0151i fel\u00fcgyeletet gyakorl\u00f3 sz\u00fcl\u0151d hozz\u00e1j\u00e1rul\u00e1s\u00e1val \u00e9rv\u00e9nyes\u00edtheted a fentiekben r\u00e9szletezett jogokat. Ha a 16. \u00e9let\u00e9vedet bet\u00f6lt\u00f6tted, de a 18-at m\u00e9g nem, akkor \u00f6n\u00e1ll\u00f3an adhatsz adatkezel\u00e9shez val\u00f3 hozz\u00e1j\u00e1rul\u00e1st, viszont a fentiekben r\u00e9szletezett jogokat csak a t\u00f6rv\u00e9nyes k\u00e9pvisel\u0151d, azaz leggyakrabban a sz\u00fcl\u0151i fel\u00fcgyeletet gyakorl\u00f3 sz\u00fcl\u0151d hozz\u00e1j\u00e1rul\u00e1s\u00e1val gyakorolhatod. <\/span><\/p><ol><li style=\"line-height: 107%; margin: 0cm 0cm 7.85pt -.25pt;\"><strong style=\"mso-bidi-font-weight: normal;\"><span style=\"mso-ansi-language: HU;\"> Elhunyt hozz\u00e1tartoz\u00f3 szem\u00e9lyes adataival kapcsolatban milyen jogok gyakorolhat\u00f3ak? <\/span><\/strong><\/li><\/ol><p style=\"margin-left: -0.25pt; text-align: justify;\"><span style=\"mso-ansi-language: HU;\">Az \u00e9rintett szem\u00e9ly hal\u00e1l\u00e1t k\u00f6vet\u0151 5 \u00e9vig az \u00e1ltala m\u00e9g \u00e9let\u00e9ben k\u00f6zokiratban vagy teljes bizony\u00edt\u00f3 erej\u0171 mag\u00e1nokiratban erre meghatalmazott szem\u00e9ly jogosult gyakorolni az \u00e9rintett szem\u00e9ly szem\u00e9lyes adataival kapcsolatban a t\u00e1j\u00e9koztat\u00e1shoz, helyesb\u00edt\u00e9shez, t\u00f6rl\u00e9shez, tiltakoz\u00e1shoz \u00e9s az adatkezel\u00e9s korl\u00e1toz\u00e1s\u00e1hoz val\u00f3 jogot. Amennyiben az \u00e9rintett szem\u00e9ly \u00e9let\u00e9ben senkit nem hatalmazott meg, akkor a hal\u00e1l\u00e1t k\u00f6vet\u0151 5 \u00e9vig a k\u00f6zeli hozz\u00e1tartoz\u00f3ja (a h\u00e1zast\u00e1rs, az egyenes\u00e1gbeli rokon, az \u00f6r\u00f6kbefogadott, a mostoha- \u00e9s a nevelt gyermek, az \u00f6r\u00f6kbefogad\u00f3-, a mostoha- \u00e9s a nevel\u0151sz\u00fcl\u0151 \u00e9s a testv\u00e9r, mint k\u00f6zeli hozz\u00e1tartoz\u00f3k k\u00f6z\u00fcl az, aki els\u0151k\u00e9nt l\u00e9p fel) jogosult a helyesb\u00edt\u00e9shez \u00e9s a tiltakoz\u00e1shoz val\u00f3 jogot gyakorolni, tov\u00e1bb\u00e1 abban az esetben, ha az adatkezel\u00e9s m\u00e1r az \u00e9rintett szem\u00e9ly \u00e9let\u00e9ben is jogellenes volt, vagy az adatkezel\u00e9s c\u00e9lja az \u00e9rintett hal\u00e1l\u00e1val megsz\u0171nt, akkor a t\u00f6rl\u00e9shez val\u00f3 \u00e9s az adatkezel\u00e9s korl\u00e1toz\u00e1s\u00e1hoz val\u00f3 jogot is gyakorolhatja. A Costa Rica Caf\u00e9 Kft.<span style=\"mso-spacerun: yes;\">\u00a0 <\/span>az elhunyt szem\u00e9ly szem\u00e9lyes adataival kapcsolatban az arra jogosultt\u00f3l \u00e9rkez\u0151 megkeres\u00e9sre, k\u00e9relemre a be\u00e9rkez\u00e9st\u0151l sz\u00e1m\u00edtott 25 napon bel\u00fcl ad v\u00e1laszt. <\/span><\/p><h3 style=\"margin: 0cm 0cm 9.75pt -.25pt;\"><span style=\"mso-ansi-language: HU;\">6. Milyen jogorvoslati lehet\u0151s\u00e9gek vannak? \u2013 Adatv\u00e9delmi tisztvisel\u0151, fel\u00fcgyeleti szerv, b\u00edr\u00f3s\u00e1g <\/span><\/h3><p style=\"margin: 0cm 0cm 0cm -0.25pt; text-align: justify;\"><span style=\"mso-ansi-language: HU;\">Az adatkezel\u00e9shez \u00e9s a fentiekben r\u00e9szletezett jogok gyakorl\u00e1s\u00e1hoz kapcsol\u00f3d\u00f3 valamennyi k\u00e9rd\u00e9sben, tov\u00e1bb\u00e1 a Costa Rica Caf\u00e9 Kft. adatkezel\u00e9si k\u00e9relmekre, megkeres\u00e9sekre adott v\u00e1lasz\u00e1ra vonatkoz\u00f3an a Costa Rica Caf\u00e9 Kft.<span style=\"mso-spacerun: yes;\">\u00a0 <\/span>adatv\u00e9delmi tisztvisel\u0151j\u00e9hez fordulhat, az al\u00e1bbi el\u00e9rhet\u0151s\u00e9geken: <\/span><\/p><table style=\"width: 100%; margin-left: 0.35pt; border-collapse: collapse;\" width=\"697\"><tbody><tr style=\"mso-yfti-irow: 0; mso-yfti-firstrow: yes; height: 18.95pt;\"><td style=\"width: 113.1pt; border: solid black 1.0pt; border-right: none; mso-border-top-alt: solid black .5pt; mso-border-left-alt: solid black .5pt; mso-border-bottom-alt: solid black .5pt; background: #F2F2F2; padding: 3.55pt 5.75pt 0cm 0cm; height: 18.95pt;\" width=\"151\"><p style=\"text-indent: 0cm; line-height: 107%; margin: 0cm 0cm 8.0pt 0cm;\"><span style=\"mso-ansi-language: HU;\">\u00a0<\/span><\/p><\/td><td style=\"width: 35.0pt; border-top: solid black 1.0pt; border-left: none; border-bottom: solid black 1.0pt; border-right: none; mso-border-top-alt: solid black .5pt; mso-border-bottom-alt: solid black .5pt; background: #F2F2F2; padding: 3.55pt 5.75pt 0cm 0cm; height: 18.95pt;\" width=\"47\"><p style=\"text-indent: 0cm; line-height: 107%; margin: 0cm 0cm 8.0pt 0cm;\"><span style=\"mso-ansi-language: HU;\">\u00a0<\/span><\/p><\/td><td style=\"width: 374.7pt; border: solid black 1.0pt; border-left: none; mso-border-top-alt: solid black .5pt; mso-border-bottom-alt: solid black .5pt; mso-border-right-alt: solid black .5pt; background: #F2F2F2; padding: 3.55pt 5.75pt 0cm 0cm; height: 18.95pt;\" colspan=\"2\" width=\"500\"><p style=\"margin: 0cm; text-indent: 0cm; line-height: 107%;\"><strong style=\"mso-bidi-font-weight: normal;\"><span style=\"mso-ansi-language: HU;\">Costa Rica Caf\u00e9 Kft. adatv\u00e9delmi tisztvisel\u0151je <\/span><\/strong><\/p><\/td><\/tr><tr style=\"mso-yfti-irow: 1; height: 19.15pt;\"><td style=\"width: 113.1pt; border-top: none; border-left: solid black 1.0pt; border-bottom: solid black 1.0pt; border-right: none; mso-border-top-alt: solid black .5pt; mso-border-left-alt: solid black .5pt; mso-border-bottom-alt: solid black .5pt; background: #F2F2F2; padding: 3.55pt 5.75pt 0cm 0cm; height: 19.15pt;\" width=\"151\"><p style=\"text-indent: 0cm; line-height: 107%; margin: 0cm 0cm 0cm 5.3pt;\"><span style=\"mso-ansi-language: HU;\">N\u00e9v: <\/span><\/p><\/td><td style=\"width: 35.0pt; border: none; border-bottom: solid black 1.0pt; mso-border-top-alt: solid black .5pt; mso-border-bottom-alt: solid black .5pt; background: #F2F2F2; padding: 3.55pt 5.75pt 0cm 0cm; height: 19.15pt;\" width=\"47\"><p style=\"text-indent: 0cm; line-height: 107%; margin: 0cm 0cm 8.0pt 0cm;\"><span style=\"mso-ansi-language: HU;\">\u00a0<\/span><\/p><\/td><td style=\"width: 128.75pt; border-top: none; border-left: none; border-bottom: solid black 1.0pt; border-right: solid black 1.0pt; mso-border-top-alt: solid black .5pt; mso-border-bottom-alt: solid black .5pt; mso-border-right-alt: solid black .5pt; background: #F2F2F2; padding: 3.55pt 5.75pt 0cm 0cm; height: 19.15pt;\" width=\"172\"><p style=\"text-indent: 0cm; line-height: 107%; margin: 0cm 0cm 8.0pt 0cm;\"><span style=\"mso-ansi-language: HU;\">\u00a0<\/span><\/p><\/td><td style=\"width: 245.95pt; border-top: none; border-left: none; border-bottom: solid black 1.0pt; border-right: solid black 1.0pt; mso-border-top-alt: solid black .5pt; mso-border-left-alt: solid black .5pt; mso-border-alt: solid black .5pt; background: #F2F2F2; padding: 3.55pt 5.75pt 0cm 0cm; height: 19.15pt;\" width=\"328\"><p style=\"text-indent: 0cm; line-height: 107%; margin: 0cm 0cm 0cm 5.5pt;\"><span style=\"mso-ansi-language: HU;\">Ozvald Rich\u00e1rd<\/span><\/p><\/td><\/tr><tr style=\"mso-yfti-irow: 2; height: 19.25pt;\"><td style=\"width: 113.1pt; border-top: none; border-left: solid black 1.0pt; border-bottom: solid black 1.0pt; border-right: none; mso-border-top-alt: solid black .5pt; mso-border-left-alt: solid black .5pt; mso-border-bottom-alt: solid black .5pt; background: #F2F2F2; padding: 3.55pt 5.75pt 0cm 0cm; height: 19.25pt;\" width=\"151\"><p style=\"text-indent: 0cm; line-height: 107%; margin: 0cm 0cm 0cm 5.3pt;\"><span style=\"mso-ansi-language: HU;\">E-mail c\u00edm: <\/span><\/p><\/td><td style=\"width: 35.0pt; border: none; border-bottom: solid black 1.0pt; mso-border-top-alt: solid black .5pt; mso-border-bottom-alt: solid black .5pt; background: #F2F2F2; padding: 3.55pt 5.75pt 0cm 0cm; height: 19.25pt;\" width=\"47\"><p style=\"text-indent: 0cm; line-height: 107%; margin: 0cm 0cm 8.0pt 0cm;\"><span style=\"mso-ansi-language: HU;\">\u00a0<\/span><\/p><\/td><td style=\"width: 128.75pt; border-top: none; border-left: none; border-bottom: solid black 1.0pt; border-right: solid black 1.0pt; mso-border-top-alt: solid black .5pt; mso-border-bottom-alt: solid black .5pt; mso-border-right-alt: solid black .5pt; background: #F2F2F2; padding: 3.55pt 5.75pt 0cm 0cm; height: 19.25pt;\" width=\"172\"><p style=\"text-indent: 0cm; line-height: 107%; margin: 0cm 0cm 8.0pt 0cm;\"><span style=\"mso-ansi-language: HU;\">\u00a0<\/span><\/p><\/td><td style=\"width: 245.95pt; border-top: none; border-left: none; border-bottom: solid black 1.0pt; border-right: solid black 1.0pt; mso-border-top-alt: solid black .5pt; mso-border-left-alt: solid black .5pt; mso-border-alt: solid black .5pt; background: #F2F2F2; padding: 3.55pt 5.75pt 0cm 0cm; height: 19.25pt;\" width=\"328\"><p style=\"text-indent: 0cm; line-height: 107%; margin: 0cm 0cm 0cm 5.5pt;\"><a href=\"mailto:crcafe@crcafe.eu\"><span style=\"mso-ansi-language: HU;\">r<\/span>ichard.ozvald<span style=\"mso-ansi-language: HU;\">@crcafe.eu<\/span><\/a><\/p><\/td><\/tr><tr style=\"mso-yfti-irow: 3; mso-yfti-lastrow: yes; height: 18.85pt;\"><td style=\"width: 113.1pt; border-top: none; border-left: solid black 1.0pt; border-bottom: solid black 1.0pt; border-right: none; mso-border-top-alt: solid black .5pt; mso-border-left-alt: solid black .5pt; mso-border-bottom-alt: solid black .5pt; background: #F2F2F2; padding: 3.55pt 5.75pt 0cm 0cm; height: 18.85pt;\" width=\"151\"><p style=\"text-indent: 0cm; line-height: 107%; margin: 0cm 0cm 0cm 5.3pt;\"><span style=\"mso-ansi-language: HU;\">Levelez\u00e9si c\u00edm: <\/span><\/p><\/td><td style=\"width: 35.0pt; border: none; border-bottom: solid black 1.0pt; mso-border-top-alt: solid black .5pt; mso-border-bottom-alt: solid black .5pt; background: #F2F2F2; padding: 3.55pt 5.75pt 0cm 0cm; height: 18.85pt;\" width=\"47\"><p style=\"text-indent: 0cm; line-height: 107%; margin: 0cm 0cm 8.0pt 0cm;\"><span style=\"mso-ansi-language: HU;\">\u00a0<\/span><\/p><\/td><td style=\"width: 128.75pt; border-top: none; border-left: none; border-bottom: solid black 1.0pt; border-right: solid black 1.0pt; mso-border-top-alt: solid black .5pt; mso-border-bottom-alt: solid black .5pt; mso-border-right-alt: solid black .5pt; background: #F2F2F2; padding: 3.55pt 5.75pt 0cm 0cm; height: 18.85pt;\" width=\"172\"><p style=\"text-indent: 0cm; line-height: 107%; margin: 0cm 0cm 8.0pt 0cm;\"><span style=\"mso-ansi-language: HU;\">\u00a0<\/span><\/p><\/td><td style=\"width: 245.95pt; border-top: none; border-left: none; border-bottom: solid black 1.0pt; border-right: solid black 1.0pt; mso-border-top-alt: solid black .5pt; mso-border-left-alt: solid black .5pt; mso-border-alt: solid black .5pt; background: #F2F2F2; padding: 3.55pt 5.75pt 0cm 0cm; height: 18.85pt;\" width=\"328\"><p style=\"text-indent: 0cm; line-height: 107%; margin: 0cm 0cm 0cm 5.5pt;\"><span style=\"mso-ansi-language: HU;\">2013 Pom\u00e1z, Vincell\u00e9r u. 21.<br \/><\/span><\/p><\/td><\/tr><\/tbody><\/table><p style=\"text-indent: 0cm; line-height: 107%; margin: 0cm 0cm 10.0pt 0cm;\"><span style=\"mso-ansi-language: HU;\"><span style=\"mso-spacerun: yes;\">\u00a0<\/span><\/span><\/p><p style=\"margin: 0cm 0cm 0cm -0.25pt; text-align: justify;\"><span style=\"mso-ansi-language: HU;\">A Costa Rica Caf\u00e9 Kft. \u00c1ltali adatkezel\u00e9ssel kapcsolatban panasszal fordulhat az adatv\u00e9delmi fel\u00fcgyeleti hat\u00f3s\u00e1ghoz, azaz a Nemzeti Adatv\u00e9delmi \u00e9s Inform\u00e1ci\u00f3szabads\u00e1g Hat\u00f3s\u00e1ghoz, az al\u00e1bbi el\u00e9rhet\u0151s\u00e9geken: <\/span><\/p><table style=\"width: 100%; margin-left: 0.35pt; border-collapse: collapse;\" width=\"697\"><tbody><tr style=\"mso-yfti-irow: 0; mso-yfti-firstrow: yes; height: 19.0pt;\"><td style=\"width: 106.1pt; border: solid black 1.0pt; border-right: none; mso-border-top-alt: solid black .5pt; mso-border-left-alt: solid black .5pt; mso-border-bottom-alt: solid black .5pt; background: #F2F2F2; padding: 3.3pt 4.85pt 0cm 5.3pt; height: 19.0pt;\" width=\"141\"><p style=\"text-indent: 0cm; line-height: 107%; margin: 0cm 0cm 8.0pt 0cm;\"><span style=\"mso-ansi-language: HU;\">\u00a0<\/span><\/p><\/td><td style=\"width: 416.7pt; border: solid black 1.0pt; border-left: none; mso-border-top-alt: solid black .5pt; mso-border-bottom-alt: solid black .5pt; mso-border-right-alt: solid black .5pt; background: #F2F2F2; padding: 3.3pt 4.85pt 0cm 5.3pt; height: 19.0pt;\" width=\"556\"><p style=\"text-indent: 0cm; line-height: 107%; margin: 0cm 0cm 0cm 21.15pt;\"><strong style=\"mso-bidi-font-weight: normal;\"><span style=\"mso-ansi-language: HU;\">Nemzeti Adatv\u00e9delmi \u00e9s Inform\u00e1ci\u00f3szabads\u00e1g Hat\u00f3s\u00e1g <\/span><\/strong><span style=\"font-size: 12.0pt; mso-bidi-font-size: 11.0pt; line-height: 107%; mso-ansi-language: HU;\"><span style=\"mso-spacerun: yes;\">\u00a0<\/span><\/span><\/p><\/td><\/tr><tr style=\"mso-yfti-irow: 1; height: 19.15pt;\"><td style=\"width: 106.1pt; border: solid black 1.0pt; border-top: none; mso-border-top-alt: solid black .5pt; mso-border-alt: solid black .5pt; background: #F2F2F2; padding: 3.3pt 4.85pt 0cm 5.3pt; height: 19.15pt;\" width=\"141\"><p style=\"margin: 0cm; text-indent: 0cm; line-height: 107%;\"><span style=\"mso-ansi-language: HU;\">Sz\u00e9khely: <\/span><\/p><\/td><td style=\"width: 416.7pt; border-top: none; border-left: none; border-bottom: solid black 1.0pt; border-right: solid black 1.0pt; mso-border-top-alt: solid black .5pt; mso-border-left-alt: solid black .5pt; mso-border-alt: solid black .5pt; background: #F2F2F2; padding: 3.3pt 4.85pt 0cm 5.3pt; height: 19.15pt;\" width=\"556\"><p style=\"text-indent: 0cm; line-height: 107%; margin: 0cm 0cm 0cm .15pt;\"><span style=\"mso-ansi-language: HU;\">1125 Budapest, Szil\u00e1gyi Erzs\u00e9bet fasor 22\/c <\/span><\/p><\/td><\/tr><tr style=\"mso-yfti-irow: 2; height: 19.25pt;\"><td style=\"width: 106.1pt; border: solid black 1.0pt; border-top: none; mso-border-top-alt: solid black .5pt; mso-border-alt: solid black .5pt; background: #F2F2F2; padding: 3.3pt 4.85pt 0cm 5.3pt; height: 19.25pt;\" width=\"141\"><p style=\"margin: 0cm; text-indent: 0cm; line-height: 107%;\"><span style=\"mso-ansi-language: HU;\">Levelez\u00e9si c\u00edm: <\/span><\/p><\/td><td style=\"width: 416.7pt; border-top: none; border-left: none; border-bottom: solid black 1.0pt; border-right: solid black 1.0pt; mso-border-top-alt: solid black .5pt; mso-border-left-alt: solid black .5pt; mso-border-alt: solid black .5pt; background: #F2F2F2; padding: 3.3pt 4.85pt 0cm 5.3pt; height: 19.25pt;\" width=\"556\"><p style=\"text-indent: 0cm; line-height: 107%; margin: 0cm 0cm 0cm .15pt;\"><span style=\"mso-ansi-language: HU;\">1530 Budapest, Pf.: 5. <\/span><\/p><\/td><\/tr><tr style=\"mso-yfti-irow: 3; height: 19.2pt;\"><td style=\"width: 106.1pt; border: solid black 1.0pt; border-top: none; mso-border-top-alt: solid black .5pt; mso-border-alt: solid black .5pt; background: #F2F2F2; padding: 3.3pt 4.85pt 0cm 5.3pt; height: 19.2pt;\" width=\"141\"><p style=\"margin: 0cm; text-indent: 0cm; line-height: 107%;\"><span style=\"mso-ansi-language: HU;\">E-mail c\u00edm: <\/span><\/p><\/td><td style=\"width: 416.7pt; border-top: none; border-left: none; border-bottom: solid black 1.0pt; border-right: solid black 1.0pt; mso-border-top-alt: solid black .5pt; mso-border-left-alt: solid black .5pt; mso-border-alt: solid black .5pt; background: #F2F2F2; padding: 3.3pt 4.85pt 0cm 5.3pt; height: 19.2pt;\" width=\"556\"><p style=\"text-indent: 0cm; line-height: 107%; margin: 0cm 0cm 0cm .15pt;\"><a href=\"mailto:ugyfelszolgalat@naih.hu\"><span style=\"mso-ansi-language: HU;\">ugyfelszolgalat@naih.hu<\/span><\/a><\/p><\/td><\/tr><tr style=\"mso-yfti-irow: 4; height: 19.0pt;\"><td style=\"width: 106.1pt; border: solid black 1.0pt; border-top: none; mso-border-top-alt: solid black .5pt; mso-border-alt: solid black .5pt; background: #F2F2F2; padding: 3.3pt 4.85pt 0cm 5.3pt; height: 19.0pt;\" width=\"141\"><p style=\"margin: 0cm; text-indent: 0cm; line-height: 107%;\"><span style=\"mso-ansi-language: HU;\">Telefonsz\u00e1m:<span style=\"mso-spacerun: yes;\">\u00a0 <\/span><\/span><\/p><\/td><td style=\"width: 416.7pt; border-top: none; border-left: none; border-bottom: solid black 1.0pt; border-right: solid black 1.0pt; mso-border-top-alt: solid black .5pt; mso-border-left-alt: solid black .5pt; mso-border-alt: solid black .5pt; background: #F2F2F2; padding: 3.3pt 4.85pt 0cm 5.3pt; height: 19.0pt;\" width=\"556\"><p style=\"text-indent: 0cm; line-height: 107%; margin: 0cm 0cm 0cm .15pt;\"><span style=\"mso-ansi-language: HU;\">+36 (1) 391-1400<span style=\"mso-spacerun: yes;\">\u00a0 <\/span><\/span><\/p><\/td><\/tr><tr style=\"mso-yfti-irow: 5; mso-yfti-lastrow: yes; height: 19.05pt;\"><td style=\"width: 106.1pt; border: solid black 1.0pt; border-top: none; mso-border-top-alt: solid black .5pt; mso-border-alt: solid black .5pt; background: #F2F2F2; padding: 3.3pt 4.85pt 0cm 5.3pt; height: 19.05pt;\" width=\"141\"><p style=\"margin: 0cm; text-indent: 0cm; line-height: 107%;\"><span style=\"mso-ansi-language: HU;\">Honlap el\u00e9rhet\u0151s\u00e9ge: <\/span><\/p><\/td><td style=\"width: 416.7pt; border-top: none; border-left: none; border-bottom: solid black 1.0pt; border-right: solid black 1.0pt; mso-border-top-alt: solid black .5pt; mso-border-left-alt: solid black .5pt; mso-border-alt: solid black .5pt; background: #F2F2F2; padding: 3.3pt 4.85pt 0cm 5.3pt; height: 19.05pt;\" width=\"556\"><p style=\"text-indent: 0cm; line-height: 107%; margin: 0cm 0cm 0cm .15pt;\"><a href=\"http:\/\/naih.hu\"><span style=\"mso-ansi-language: HU;\">http:\/\/naih.hu<\/span><\/a><\/p><\/td><\/tr><\/tbody><\/table><p style=\"text-indent: 0cm; line-height: 107%; margin: 0cm 0cm 7.85pt 0cm;\"><span style=\"mso-ansi-language: HU;\"><span style=\"mso-spacerun: yes;\">\u00a0<\/span><\/span><\/p><p style=\"margin-left: -0.25pt; text-align: justify;\"><span style=\"mso-ansi-language: HU;\">Fentieken t\u00falmen\u0151en adatkezel\u00e9ssel kapcsolatos jogainak, ig\u00e9nyeinek \u00e9rv\u00e9nyes\u00edt\u00e9se \u00e9rdek\u00e9ben b\u00edr\u00f3s\u00e1ghoz is fordulhat. A peres elj\u00e1r\u00e1st a lak\u00f3helye vagy tart\u00f3zkod\u00e1si helye szerint illet\u00e9kes t\u00f6rv\u00e9nysz\u00e9k el\u0151tt is megind\u00edthatja. <\/span><\/p><p style=\"margin-left: -.25pt;\">Pom<span style=\"mso-ansi-language: HU;\">\u00e1z, <\/span><span style=\"mso-ansi-language: HU;\">2024. febru\u00e1r 03.<\/span><\/p><p style=\"margin: 0cm 0cm 7.3pt -.25pt;\"><span style=\"mso-ansi-language: HU;\">Costa Rica Caf\u00e9 Kft. <\/span><\/p>\t\t\t\t\t\t\t\t<\/div>\n\t\t\t\t<\/div>\n\t\t\t\t\t<\/div>\n\t\t<\/div>\n\t\t\t\t\t<\/div>\n\t\t<\/section>\n\t\t\t\t<\/div>\n\t\t","protected":false},"excerpt":{"rendered":"<p>Adatv\u00e9delem Hat\u00e1lyos: 2024. febru\u00e1r 03. Jelen t\u00e1j\u00e9koztat\u00f3 a Costa Rica Caf\u00e9 Kft. (tov\u00e1bbiakban: Costa Rica Caf\u00e9 Kft.) szem\u00e9lyes adatokkezel\u00e9s\u00e9re vonatkoz\u00f3 tev\u00e9kenys\u00e9g\u00e9nek ism\u00e9rveit tartalmazza. A k\u00f6vetkez\u0151kben \u00d6n t\u00e1j\u00e9koztat\u00e1st kaphat arr\u00f3l, hogy a Costa Rica Caf\u00e9 Kft. milyen szem\u00e9lyes adatokat kezel, milyen c\u00e9lb\u00f3l \u00e9s jogalapon, mennyi ideig, tov\u00e1bb\u00e1 arr\u00f3l, hogy a Costa Rica Caf\u00e9 Kft. \u00e1ltal kezelt [&hellip;]<\/p>\n","protected":false},"author":1,"featured_media":0,"parent":0,"menu_order":0,"comment_status":"closed","ping_status":"closed","template":"","meta":{"_seopress_robots_primary_cat":"","_seopress_titles_title":"Caf\u00e9 Tiko | Adatv\u00e9delemi nyilatkozat, adatv\u00e9delem","_seopress_titles_desc":"Caf\u00e9 Tiko | Adatv\u00e9delmi nyilatkozat, adatv\u00e9delem, adatkezel\u00e9ssel kapcsolatos tudnival\u00f3k | Costa Rica Caf\u00e9 Kft","_seopress_robots_index":"","footnotes":""},"class_list":["post-3","page","type-page","status-publish","hentry"],"lang":"hu","translations":{"hu":3,"en":183},"jetpack_sharing_enabled":true,"pll_sync_post":[],"_links":{"self":[{"href":"https:\/\/cafetiko.com\/index.php\/wp-json\/wp\/v2\/pages\/3","targetHints":{"allow":["GET"]}}],"collection":[{"href":"https:\/\/cafetiko.com\/index.php\/wp-json\/wp\/v2\/pages"}],"about":[{"href":"https:\/\/cafetiko.com\/index.php\/wp-json\/wp\/v2\/types\/page"}],"author":[{"embeddable":true,"href":"https:\/\/cafetiko.com\/index.php\/wp-json\/wp\/v2\/users\/1"}],"replies":[{"embeddable":true,"href":"https:\/\/cafetiko.com\/index.php\/wp-json\/wp\/v2\/comments?post=3"}],"version-history":[{"count":58,"href":"https:\/\/cafetiko.com\/index.php\/wp-json\/wp\/v2\/pages\/3\/revisions"}],"predecessor-version":[{"id":2132,"href":"https:\/\/cafetiko.com\/index.php\/wp-json\/wp\/v2\/pages\/3\/revisions\/2132"}],"wp:attachment":[{"href":"https:\/\/cafetiko.com\/index.php\/wp-json\/wp\/v2\/media?parent=3"}],"curies":[{"name":"wp","href":"https:\/\/api.w.org\/{rel}","templated":true}]}}